{"id":3804,"date":"2020-10-12T13:11:47","date_gmt":"2020-10-12T11:11:47","guid":{"rendered":"http:\/\/gjefsjo.no\/oss-gjefsjoen\/"},"modified":"2024-04-14T15:47:23","modified_gmt":"2024-04-14T13:47:23","slug":"oss-gjefsjoen-en","status":"publish","type":"page","link":"https:\/\/gjefsjo.no\/en\/oss-gjefsjoen-en\/","title":{"rendered":"OSS Gjefsj\u00f8en"},"content":{"rendered":"\n\n\t<p>Operasjon Rype 1945<\/p>\n<h2>\n\t\tRestoration of the headquarter\n\t<\/h2>\n<h2>\n\t\tThe building which was headquarter for Operation Rype was in bad shape after standing empty for years. OSS Gjefsj\u00f8en has restored the building.\n\t<\/h2>\n\t<p>The association OSS Gjefsj\u00f8en will convey the story of Operasjon Rype which in the final phase of World War II operated from its base on Gjefsj\u00f8en mountain farm. The building will be restored in the original appearance from when Operasjon Rype\u00a0was carried out.<\/p>\n<p>The building that was used as the headquarters for Operasjon Rype was eventually in very poor condition after being empty for many years. Former commander of Tr\u00f8ndelag Home Guard HV-12 Ebbe Deraas therefore took the initiative to save the historic building. In the spring of 2018 the ambitious project of restoring the building began. Not only was the building in very poor condition, but Gjefsj\u00f8en mountain farm also lacks a road connection with the civilization.<\/p>\n<p>During several work days in the spring and summer of 2018, the building and the timber box were dismantled before the timber was driven to the village by snowmobile. At the carpentry company \u00d8verbygg in Sn\u00e5sa, the timber box was set up indoor and the parts that could not be saved were replaced. In the winter of 2020, the timber was transported back to Gjefsj\u00f8en on a snowmobile before the time-consuming work of setting up the building again could begin. The building has now come up again on a new foundation wall and the original materials are reused to the extent possible so that the building can be preserved in the original appearance from when Operasjon Rype was carried out. Among those who have done a good piece of work in the project is the Youth Group from the Home Guard in Tr\u00f8ndelag. The restoration started in 2018 and was completed in September of 2021.<\/p>\n<h3>Financial support<\/h3>\n<p>There has been considerable interest in supporting the project financially. <a href=\"https:\/\/www.gjensidigestiftelsen.no\/\" target=\"_blank\" rel=\"noopener\">Gjensidigestiftelsen<\/a>,\u00a0<a href=\"https:\/\/www.bykreditt.no\/\" target=\"_blank\" rel=\"noopener\">Nordenfjeldske Bykreditts Stiftelse<\/a>,\u00a0<a href=\"http:\/\/www.stiftelsen-uni.no\/P6243.html\" target=\"_blank\" rel=\"noopener\">Stiftelsen UNI,<\/a> <a href=\"https:\/\/www.no24.no\/\" target=\"_blank\" rel=\"noopener\">Gunnar S\u00f8nsteby Minnefond<\/a> and <a href=\"https:\/\/www.osssociety.org\/\" target=\"_blank\" rel=\"noopener\">The OSS Society<\/a> have all made solid contributions to the work. The Colby family has also contributed a larger amount of money.<\/p>\n<h3>Do you want to make a financial contribution to the project?<\/h3>\n<p>Norwegian bank account for OSS Gjefsjoen 15062095986 in DnB Bank<\/p>\n<p>When paying from outside Norway<\/p>\nBank: DNB<br \/>\nBIC\/SWIFT: DNBANOKKXXX<br \/>\nIBAN: NO4515062095986\n<h3>Contact information<\/h3>\nBoard chairman: Kristian Nastad<br \/>\nE-mail: kristian@vffsk.no\n<p>Board member: Harald Sunde<\/p>\n<p>Follow <a href=\"https:\/\/www.facebook.com\/ossgjefsjoen\">OSS Gjefsj\u00f8en in Facebook<\/a><\/p>\n<p>Follow <a href=\"https:\/\/www.instagram.com\/OSSgjefsjoen\/\">OSS Gjefsj\u00f8en in Instagram<\/a><\/p>\n<p><a href=\"https:\/\/www.nrk.no\/video\/krigshistorie-ved-gjefsjoen_0f9ddca2-e4d2-472d-bd2c-9c8fed224ee3\" target=\"_blank\" rel=\"noopener\">Watch NRK Midtnytt program from OSS Gjefsj\u00f8en 26. august 2020 (in Norwegian)<\/a><\/p>\n\t<p>OSS Gjefsj\u00f8en<\/p>\n<h2>\n\t\tPictures from the restoration project and the opening\n\t<\/h2>\n\t\t\t\t<a\n\t\t\thref=\"https:\/\/gjefsjo.no\/wp-content\/uploads\/2021\/08\/dugnad-hvu-august-2021-foto-oss-gjefsjoen-14-1024x767.jpg\"\n\t\t\t\t\t\tdata-fancybox=\"images\" \n\t\t\ttitle=\"Dugnad HVU august 2021 foto OSS Gjefsj\u00f8en (14)\" \n\t\t\t\t\t\tdata-caption=\"\"\n\t\t\t\t\t\tdata-description=\"\" \n\t\t\titemprop=\"contentUrl\">\n\t\t\t<img loading=\"lazy\" decoding=\"async\" src=\"https:\/\/gjefsjo.no\/wp-content\/uploads\/2021\/08\/dugnad-hvu-august-2021-foto-oss-gjefsjoen-14-300x300.jpg\" alt=\"\" data-no-lazy=\"1\" itemprop=\"thumbnail\" width=\"300\" height=\"300\" \/>\n\t\t\t<!-- Overlay Wrapper -->\n\t\t\t <!-- Overlay Wrapper Closed -->\n\t\t\t\t<\/a>\n\t\t\t\t\t\t\t<meta itemprop=\"width\" content=\"300\" \/>\n\t\t\t<meta itemprop=\"height\" content=\"300\" \/>\n\t\t\t\t<a\n\t\t\thref=\"https:\/\/gjefsjo.no\/wp-content\/uploads\/2021\/08\/dugnad-hvu-august-2021-foto-oss-gjefsjoen-13-1024x767.jpg\"\n\t\t\t\t\t\tdata-fancybox=\"images\" \n\t\t\ttitle=\"Dugnad HVU august 2021 foto OSS Gjefsj\u00f8en (13)\" \n\t\t\t\t\t\tdata-caption=\"\"\n\t\t\t\t\t\tdata-description=\"\" \n\t\t\titemprop=\"contentUrl\">\n\t\t\t<img loading=\"lazy\" decoding=\"async\" src=\"https:\/\/gjefsjo.no\/wp-content\/uploads\/2021\/08\/dugnad-hvu-august-2021-foto-oss-gjefsjoen-13-300x300.jpg\" alt=\"\" data-no-lazy=\"1\" itemprop=\"thumbnail\" width=\"300\" height=\"300\" \/>\n\t\t\t<!-- Overlay Wrapper -->\n\t\t\t <!-- Overlay Wrapper Closed -->\n\t\t\t\t<\/a>\n\t\t\t\t\t\t\t<meta itemprop=\"width\" content=\"300\" \/>\n\t\t\t<meta itemprop=\"height\" content=\"300\" \/>\n\t\t\t\t<a\n\t\t\thref=\"https:\/\/gjefsjo.no\/wp-content\/uploads\/2021\/08\/dugnad-hvu-august-2021-foto-oss-gjefsjoen-12-1024x1365.jpg\"\n\t\t\t\t\t\tdata-fancybox=\"images\" \n\t\t\ttitle=\"Dugnad HVU august 2021 foto OSS Gjefsj\u00f8en (12)\" \n\t\t\t\t\t\tdata-caption=\"\"\n\t\t\t\t\t\tdata-description=\"\" \n\t\t\titemprop=\"contentUrl\">\n\t\t\t<img loading=\"lazy\" decoding=\"async\" src=\"https:\/\/gjefsjo.no\/wp-content\/uploads\/2021\/08\/dugnad-hvu-august-2021-foto-oss-gjefsjoen-12-300x300.jpg\" alt=\"\" data-no-lazy=\"1\" itemprop=\"thumbnail\" width=\"300\" height=\"300\" \/>\n\t\t\t<!-- Overlay Wrapper -->\n\t\t\t <!-- Overlay Wrapper Closed -->\n\t\t\t\t<\/a>\n\t\t\t\t\t\t\t<meta itemprop=\"width\" content=\"300\" \/>\n\t\t\t<meta itemprop=\"height\" content=\"300\" \/>\n\t\t\t\t<a\n\t\t\thref=\"https:\/\/gjefsjo.no\/wp-content\/uploads\/2021\/08\/dugnad-hvu-august-2021-foto-oss-gjefsjoen-11.jpg\"\n\t\t\t\t\t\tdata-fancybox=\"images\" \n\t\t\ttitle=\"Dugnad HVU august 2021 foto OSS Gjefsj\u00f8en (11)\" \n\t\t\t\t\t\tdata-caption=\"\"\n\t\t\t\t\t\tdata-description=\"\" \n\t\t\titemprop=\"contentUrl\">\n\t\t\t<img loading=\"lazy\" decoding=\"async\" src=\"https:\/\/gjefsjo.no\/wp-content\/uploads\/2021\/08\/dugnad-hvu-august-2021-foto-oss-gjefsjoen-11-300x300.jpg\" alt=\"\" data-no-lazy=\"1\" itemprop=\"thumbnail\" width=\"300\" height=\"300\" \/>\n\t\t\t<!-- Overlay Wrapper -->\n\t\t\t <!-- Overlay Wrapper Closed -->\n\t\t\t\t<\/a>\n\t\t\t\t\t\t\t<meta itemprop=\"width\" content=\"300\" \/>\n\t\t\t<meta itemprop=\"height\" content=\"300\" \/>\n\t\t\t\t<a\n\t\t\thref=\"https:\/\/gjefsjo.no\/wp-content\/uploads\/2021\/08\/dugnad-hvu-august-2021-foto-oss-gjefsjoen-10-1024x1365.jpg\"\n\t\t\t\t\t\tdata-fancybox=\"images\" \n\t\t\ttitle=\"Dugnad HVU august 2021 foto OSS Gjefsj\u00f8en (10)\" \n\t\t\t\t\t\tdata-caption=\"\"\n\t\t\t\t\t\tdata-description=\"\" \n\t\t\titemprop=\"contentUrl\">\n\t\t\t<img loading=\"lazy\" decoding=\"async\" src=\"https:\/\/gjefsjo.no\/wp-content\/uploads\/2021\/08\/dugnad-hvu-august-2021-foto-oss-gjefsjoen-10-300x300.jpg\" alt=\"\" data-no-lazy=\"1\" itemprop=\"thumbnail\" width=\"300\" height=\"300\" \/>\n\t\t\t<!-- Overlay Wrapper -->\n\t\t\t <!-- Overlay Wrapper Closed -->\n\t\t\t\t<\/a>\n\t\t\t\t\t\t\t<meta itemprop=\"width\" content=\"300\" \/>\n\t\t\t<meta itemprop=\"height\" content=\"300\" \/>\n\t\t\t\t<a\n\t\t\thref=\"https:\/\/gjefsjo.no\/wp-content\/uploads\/2021\/08\/dugnad-hvu-august-2021-foto-oss-gjefsjoen-9-1024x1365.jpg\"\n\t\t\t\t\t\tdata-fancybox=\"images\" \n\t\t\ttitle=\"Dugnad HVU august 2021 foto OSS Gjefsj\u00f8en (9)\" \n\t\t\t\t\t\tdata-caption=\"\"\n\t\t\t\t\t\tdata-description=\"\" \n\t\t\titemprop=\"contentUrl\">\n\t\t\t<img loading=\"lazy\" decoding=\"async\" src=\"https:\/\/gjefsjo.no\/wp-content\/uploads\/2021\/08\/dugnad-hvu-august-2021-foto-oss-gjefsjoen-9-300x300.jpg\" alt=\"\" data-no-lazy=\"1\" itemprop=\"thumbnail\" width=\"300\" height=\"300\" \/>\n\t\t\t<!-- Overlay Wrapper -->\n\t\t\t <!-- Overlay Wrapper Closed -->\n\t\t\t\t<\/a>\n\t\t\t\t\t\t\t<meta itemprop=\"width\" content=\"300\" \/>\n\t\t\t<meta itemprop=\"height\" content=\"300\" \/>\n\t\t\t\t<a\n\t\t\thref=\"https:\/\/gjefsjo.no\/wp-content\/uploads\/2021\/08\/dugnad-hvu-august-2021-foto-oss-gjefsjoen-8-1024x1365.jpg\"\n\t\t\t\t\t\tdata-fancybox=\"images\" \n\t\t\ttitle=\"Dugnad HVU august 2021 foto OSS Gjefsj\u00f8en (8)\" \n\t\t\t\t\t\tdata-caption=\"\"\n\t\t\t\t\t\tdata-description=\"\" \n\t\t\titemprop=\"contentUrl\">\n\t\t\t<img loading=\"lazy\" decoding=\"async\" src=\"https:\/\/gjefsjo.no\/wp-content\/uploads\/2021\/08\/dugnad-hvu-august-2021-foto-oss-gjefsjoen-8-300x300.jpg\" alt=\"\" data-no-lazy=\"1\" itemprop=\"thumbnail\" width=\"300\" height=\"300\" \/>\n\t\t\t<!-- Overlay Wrapper -->\n\t\t\t <!-- Overlay Wrapper Closed -->\n\t\t\t\t<\/a>\n\t\t\t\t\t\t\t<meta itemprop=\"width\" content=\"300\" \/>\n\t\t\t<meta itemprop=\"height\" content=\"300\" \/>\n\t\t\t\t<a\n\t\t\thref=\"https:\/\/gjefsjo.no\/wp-content\/uploads\/2021\/08\/dugnad-hvu-august-2021-foto-oss-gjefsjoen-7-1024x1365.jpg\"\n\t\t\t\t\t\tdata-fancybox=\"images\" \n\t\t\ttitle=\"Dugnad HVU august 2021 foto OSS Gjefsj\u00f8en (7)\" \n\t\t\t\t\t\tdata-caption=\"\"\n\t\t\t\t\t\tdata-description=\"\" \n\t\t\titemprop=\"contentUrl\">\n\t\t\t<img loading=\"lazy\" decoding=\"async\" src=\"https:\/\/gjefsjo.no\/wp-content\/uploads\/2021\/08\/dugnad-hvu-august-2021-foto-oss-gjefsjoen-7-300x300.jpg\" alt=\"\" data-no-lazy=\"1\" itemprop=\"thumbnail\" width=\"300\" height=\"300\" \/>\n\t\t\t<!-- Overlay Wrapper -->\n\t\t\t <!-- Overlay Wrapper Closed -->\n\t\t\t\t<\/a>\n\t\t\t\t\t\t\t<meta itemprop=\"width\" content=\"300\" \/>\n\t\t\t<meta itemprop=\"height\" content=\"300\" \/>\n\t\t\t\t<a\n\t\t\thref=\"https:\/\/gjefsjo.no\/wp-content\/uploads\/2021\/08\/dugnad-hvu-august-2021-foto-oss-gjefsjoen-6-1024x1365.jpg\"\n\t\t\t\t\t\tdata-fancybox=\"images\" \n\t\t\ttitle=\"Dugnad HVU august 2021 foto OSS Gjefsj\u00f8en (6)\" \n\t\t\t\t\t\tdata-caption=\"\"\n\t\t\t\t\t\tdata-description=\"\" \n\t\t\titemprop=\"contentUrl\">\n\t\t\t<img loading=\"lazy\" decoding=\"async\" src=\"https:\/\/gjefsjo.no\/wp-content\/uploads\/2021\/08\/dugnad-hvu-august-2021-foto-oss-gjefsjoen-6-300x300.jpg\" alt=\"\" data-no-lazy=\"1\" itemprop=\"thumbnail\" width=\"300\" height=\"300\" \/>\n\t\t\t<!-- Overlay Wrapper -->\n\t\t\t <!-- Overlay Wrapper Closed -->\n\t\t\t\t<\/a>\n\t\t\t\t\t\t\t<meta itemprop=\"width\" content=\"300\" \/>\n\t\t\t<meta itemprop=\"height\" content=\"300\" \/>\n\t\t\t\t<a\n\t\t\thref=\"https:\/\/gjefsjo.no\/wp-content\/uploads\/2021\/08\/dugnad-hvu-august-2021-foto-oss-gjefsjoen-5-1024x1365.jpg\"\n\t\t\t\t\t\tdata-fancybox=\"images\" \n\t\t\ttitle=\"Dugnad HVU august 2021 foto OSS Gjefsj\u00f8en (5)\" \n\t\t\t\t\t\tdata-caption=\"\"\n\t\t\t\t\t\tdata-description=\"\" \n\t\t\titemprop=\"contentUrl\">\n\t\t\t<img loading=\"lazy\" decoding=\"async\" src=\"https:\/\/gjefsjo.no\/wp-content\/uploads\/2021\/08\/dugnad-hvu-august-2021-foto-oss-gjefsjoen-5-300x300.jpg\" alt=\"\" data-no-lazy=\"1\" itemprop=\"thumbnail\" width=\"300\" height=\"300\" \/>\n\t\t\t<!-- Overlay Wrapper -->\n\t\t\t <!-- Overlay Wrapper Closed -->\n\t\t\t\t<\/a>\n\t\t\t\t\t\t\t<meta itemprop=\"width\" content=\"300\" \/>\n\t\t\t<meta itemprop=\"height\" content=\"300\" \/>\n\t\t\t\t<a\n\t\t\thref=\"https:\/\/gjefsjo.no\/wp-content\/uploads\/2021\/08\/dugnad-hvu-august-2021-foto-oss-gjefsjoen-4-1024x1365.jpg\"\n\t\t\t\t\t\tdata-fancybox=\"images\" \n\t\t\ttitle=\"Dugnad HVU august 2021 foto OSS Gjefsj\u00f8en (4)\" \n\t\t\t\t\t\tdata-caption=\"\"\n\t\t\t\t\t\tdata-description=\"\" \n\t\t\titemprop=\"contentUrl\">\n\t\t\t<img loading=\"lazy\" decoding=\"async\" src=\"https:\/\/gjefsjo.no\/wp-content\/uploads\/2021\/08\/dugnad-hvu-august-2021-foto-oss-gjefsjoen-4-300x300.jpg\" alt=\"\" data-no-lazy=\"1\" itemprop=\"thumbnail\" width=\"300\" height=\"300\" \/>\n\t\t\t<!-- Overlay Wrapper -->\n\t\t\t <!-- Overlay Wrapper Closed -->\n\t\t\t\t<\/a>\n\t\t\t\t\t\t\t<meta itemprop=\"width\" content=\"300\" \/>\n\t\t\t<meta itemprop=\"height\" content=\"300\" \/>\n\t\t\t\t<a\n\t\t\thref=\"https:\/\/gjefsjo.no\/wp-content\/uploads\/2021\/08\/dugnad-hvu-august-2021-foto-oss-gjefsjoen-3-1024x1365.jpg\"\n\t\t\t\t\t\tdata-fancybox=\"images\" \n\t\t\ttitle=\"Dugnad HVU august 2021 foto OSS Gjefsj\u00f8en (3)\" \n\t\t\t\t\t\tdata-caption=\"\"\n\t\t\t\t\t\tdata-description=\"\" \n\t\t\titemprop=\"contentUrl\">\n\t\t\t<img loading=\"lazy\" decoding=\"async\" src=\"https:\/\/gjefsjo.no\/wp-content\/uploads\/2021\/08\/dugnad-hvu-august-2021-foto-oss-gjefsjoen-3-300x300.jpg\" alt=\"\" data-no-lazy=\"1\" itemprop=\"thumbnail\" width=\"300\" height=\"300\" \/>\n\t\t\t<!-- Overlay Wrapper -->\n\t\t\t <!-- Overlay Wrapper Closed -->\n\t\t\t\t<\/a>\n\t\t\t\t\t\t\t<meta itemprop=\"width\" content=\"300\" \/>\n\t\t\t<meta itemprop=\"height\" content=\"300\" \/>\n\t\t\t\t<a\n\t\t\thref=\"https:\/\/gjefsjo.no\/wp-content\/uploads\/2021\/08\/dugnad-hvu-august-2021-foto-oss-gjefsjoen-2-1024x1365.jpg\"\n\t\t\t\t\t\tdata-fancybox=\"images\" \n\t\t\ttitle=\"Dugnad HVU august 2021 foto OSS Gjefsj\u00f8en (2)\" \n\t\t\t\t\t\tdata-caption=\"\"\n\t\t\t\t\t\tdata-description=\"\" \n\t\t\titemprop=\"contentUrl\">\n\t\t\t<img loading=\"lazy\" decoding=\"async\" src=\"https:\/\/gjefsjo.no\/wp-content\/uploads\/2021\/08\/dugnad-hvu-august-2021-foto-oss-gjefsjoen-2-300x300.jpg\" alt=\"\" data-no-lazy=\"1\" itemprop=\"thumbnail\" width=\"300\" height=\"300\" \/>\n\t\t\t<!-- Overlay Wrapper -->\n\t\t\t <!-- Overlay Wrapper Closed -->\n\t\t\t\t<\/a>\n\t\t\t\t\t\t\t<meta itemprop=\"width\" content=\"300\" \/>\n\t\t\t<meta itemprop=\"height\" content=\"300\" \/>\n\t\t\t\t<a\n\t\t\thref=\"https:\/\/gjefsjo.no\/wp-content\/uploads\/2021\/08\/dugnad-hvu-august-2021-foto-oss-gjefsjoen-1.jpg\"\n\t\t\t\t\t\tdata-fancybox=\"images\" \n\t\t\ttitle=\"Dugnad HVU august 2021 foto OSS Gjefsj\u00f8en (1)\" \n\t\t\t\t\t\tdata-caption=\"\"\n\t\t\t\t\t\tdata-description=\"Dugnad p\u00e5 OSS Gjefsj\u00f8en med HVU august 2021\" \n\t\t\titemprop=\"contentUrl\">\n\t\t\t<img loading=\"lazy\" decoding=\"async\" src=\"https:\/\/gjefsjo.no\/wp-content\/uploads\/2021\/08\/dugnad-hvu-august-2021-foto-oss-gjefsjoen-1-300x300.jpg\" alt=\"Dugnad p\u00e5 OSS Gjefsj\u00f8en med HVU august 2021\" data-no-lazy=\"1\" itemprop=\"thumbnail\" width=\"300\" height=\"300\" \/>\n\t\t\t<!-- Overlay Wrapper -->\n\t\t\t <!-- Overlay Wrapper Closed -->\n\t\t\t\t<\/a>\n\t\t\t\t\t\t\t<meta itemprop=\"width\" content=\"300\" \/>\n\t\t\t<meta itemprop=\"height\" content=\"300\" \/>\n\t\t\t\t<a\n\t\t\thref=\"https:\/\/gjefsjo.no\/wp-content\/uploads\/2021\/08\/dugnad-med-hv-ungdommen-pa-oss-gjefsjoen-august-2021-5-1024x768.jpg\"\n\t\t\t\t\t\tdata-fancybox=\"images\" \n\t\t\ttitle=\"dugnad-med-hv-ungdommen-pa-oss-gjefsjoen-august-2021-5\" \n\t\t\t\t\t\tdata-caption=\"\"\n\t\t\t\t\t\tdata-description=\"Dugnad p\u00e5 OSS Gjefsj\u00f8en med HVU august 2021\" \n\t\t\titemprop=\"contentUrl\">\n\t\t\t<img loading=\"lazy\" decoding=\"async\" src=\"https:\/\/gjefsjo.no\/wp-content\/uploads\/2021\/08\/dugnad-med-hv-ungdommen-pa-oss-gjefsjoen-august-2021-5-300x300.jpg\" alt=\"Dugnad p\u00e5 OSS Gjefsj\u00f8en med HVU august 2021\" data-no-lazy=\"1\" itemprop=\"thumbnail\" width=\"300\" height=\"300\" \/>\n\t\t\t<!-- Overlay Wrapper -->\n\t\t\t <!-- Overlay Wrapper Closed -->\n\t\t\t\t<\/a>\n\t\t\t\t\t\t\t<meta itemprop=\"width\" content=\"300\" \/>\n\t\t\t<meta itemprop=\"height\" content=\"300\" \/>\n\t\t\t\t<a\n\t\t\thref=\"https:\/\/gjefsjo.no\/wp-content\/uploads\/2021\/08\/dugnad-med-hv-ungdommen-pa-oss-gjefsjoen-august-2021-7-1024x768.jpg\"\n\t\t\t\t\t\tdata-fancybox=\"images\" \n\t\t\ttitle=\"dugnad-med-hv-ungdommen-pa-oss-gjefsjoen-august-2021-7\" \n\t\t\t\t\t\tdata-caption=\"\"\n\t\t\t\t\t\tdata-description=\"\" \n\t\t\titemprop=\"contentUrl\">\n\t\t\t<img loading=\"lazy\" decoding=\"async\" src=\"https:\/\/gjefsjo.no\/wp-content\/uploads\/2021\/08\/dugnad-med-hv-ungdommen-pa-oss-gjefsjoen-august-2021-7-300x300.jpg\" alt=\"\" data-no-lazy=\"1\" itemprop=\"thumbnail\" width=\"300\" height=\"300\" \/>\n\t\t\t<!-- Overlay Wrapper -->\n\t\t\t <!-- Overlay Wrapper Closed -->\n\t\t\t\t<\/a>\n\t\t\t\t\t\t\t<meta itemprop=\"width\" content=\"300\" \/>\n\t\t\t<meta itemprop=\"height\" content=\"300\" \/>\n\t\t\t\t<a\n\t\t\thref=\"https:\/\/gjefsjo.no\/wp-content\/uploads\/2021\/08\/dugnad-med-hv-ungdommen-pa-oss-gjefsjoen-august-2021-11-1024x682.jpg\"\n\t\t\t\t\t\tdata-fancybox=\"images\" \n\t\t\ttitle=\"dugnad-med-hv-ungdommen-pa-oss-gjefsjoen-august-2021-11\" \n\t\t\t\t\t\tdata-caption=\"\"\n\t\t\t\t\t\tdata-description=\"\" \n\t\t\titemprop=\"contentUrl\">\n\t\t\t<img loading=\"lazy\" decoding=\"async\" src=\"https:\/\/gjefsjo.no\/wp-content\/uploads\/2021\/08\/dugnad-med-hv-ungdommen-pa-oss-gjefsjoen-august-2021-11-300x300.jpg\" alt=\"\" data-no-lazy=\"1\" itemprop=\"thumbnail\" width=\"300\" height=\"300\" \/>\n\t\t\t<!-- Overlay Wrapper -->\n\t\t\t <!-- Overlay Wrapper Closed -->\n\t\t\t\t<\/a>\n\t\t\t\t\t\t\t<meta itemprop=\"width\" content=\"300\" \/>\n\t\t\t<meta itemprop=\"height\" content=\"300\" \/>\n\t\t\t\t<a\n\t\t\thref=\"https:\/\/gjefsjo.no\/wp-content\/uploads\/2021\/08\/dugnad-med-hv-ungdommen-pa-oss-gjefsjoen-august-2021-12-1024x682.jpg\"\n\t\t\t\t\t\tdata-fancybox=\"images\" \n\t\t\ttitle=\"dugnad-med-hv-ungdommen-pa-oss-gjefsjoen-august-2021-12\" \n\t\t\t\t\t\tdata-caption=\"\"\n\t\t\t\t\t\tdata-description=\"\" \n\t\t\titemprop=\"contentUrl\">\n\t\t\t<img loading=\"lazy\" decoding=\"async\" src=\"https:\/\/gjefsjo.no\/wp-content\/uploads\/2021\/08\/dugnad-med-hv-ungdommen-pa-oss-gjefsjoen-august-2021-12-300x300.jpg\" alt=\"\" data-no-lazy=\"1\" itemprop=\"thumbnail\" width=\"300\" height=\"300\" \/>\n\t\t\t<!-- Overlay Wrapper -->\n\t\t\t <!-- Overlay Wrapper Closed -->\n\t\t\t\t<\/a>\n\t\t\t\t\t\t\t<meta itemprop=\"width\" content=\"300\" \/>\n\t\t\t<meta itemprop=\"height\" content=\"300\" \/>\n\t\t\t\t<a\n\t\t\thref=\"https:\/\/gjefsjo.no\/wp-content\/uploads\/2021\/08\/dugnad-med-hv-ungdommen-pa-oss-gjefsjoen-august-2021-13-1024x1536.jpg\"\n\t\t\t\t\t\tdata-fancybox=\"images\" \n\t\t\ttitle=\"dugnad-med-hv-ungdommen-pa-oss-gjefsjoen-august-2021-13\" \n\t\t\t\t\t\tdata-caption=\"\"\n\t\t\t\t\t\tdata-description=\"\" \n\t\t\titemprop=\"contentUrl\">\n\t\t\t<img loading=\"lazy\" decoding=\"async\" src=\"https:\/\/gjefsjo.no\/wp-content\/uploads\/2021\/08\/dugnad-med-hv-ungdommen-pa-oss-gjefsjoen-august-2021-13-300x300.jpg\" alt=\"\" data-no-lazy=\"1\" itemprop=\"thumbnail\" width=\"300\" height=\"300\" \/>\n\t\t\t<!-- Overlay Wrapper -->\n\t\t\t <!-- Overlay Wrapper Closed -->\n\t\t\t\t<\/a>\n\t\t\t\t\t\t\t<meta itemprop=\"width\" content=\"300\" \/>\n\t\t\t<meta itemprop=\"height\" content=\"300\" \/>\n\t\t\t\t<a\n\t\t\thref=\"https:\/\/gjefsjo.no\/wp-content\/uploads\/2021\/08\/dugnad-med-hv-ungdommen-pa-oss-gjefsjoen-august-2021-14-1024x682.jpg\"\n\t\t\t\t\t\tdata-fancybox=\"images\" \n\t\t\ttitle=\"dugnad-med-hv-ungdommen-pa-oss-gjefsjoen-august-2021-14\" \n\t\t\t\t\t\tdata-caption=\"\"\n\t\t\t\t\t\tdata-description=\"\" \n\t\t\titemprop=\"contentUrl\">\n\t\t\t<img loading=\"lazy\" decoding=\"async\" src=\"https:\/\/gjefsjo.no\/wp-content\/uploads\/2021\/08\/dugnad-med-hv-ungdommen-pa-oss-gjefsjoen-august-2021-14-300x300.jpg\" alt=\"\" data-no-lazy=\"1\" itemprop=\"thumbnail\" width=\"300\" height=\"300\" \/>\n\t\t\t<!-- Overlay Wrapper -->\n\t\t\t <!-- Overlay Wrapper Closed -->\n\t\t\t\t<\/a>\n\t\t\t\t\t\t\t<meta itemprop=\"width\" content=\"300\" \/>\n\t\t\t<meta itemprop=\"height\" content=\"300\" \/>\n\t\t\t\t<a\n\t\t\thref=\"https:\/\/gjefsjo.no\/wp-content\/uploads\/2021\/08\/dugnad-med-hv-ungdommen-pa-oss-gjefsjoen-august-2021-15-1024x1536.jpg\"\n\t\t\t\t\t\tdata-fancybox=\"images\" \n\t\t\ttitle=\"dugnad-med-hv-ungdommen-pa-oss-gjefsjoen-august-2021-15\" \n\t\t\t\t\t\tdata-caption=\"\"\n\t\t\t\t\t\tdata-description=\"\" \n\t\t\titemprop=\"contentUrl\">\n\t\t\t<img loading=\"lazy\" decoding=\"async\" src=\"https:\/\/gjefsjo.no\/wp-content\/uploads\/2021\/08\/dugnad-med-hv-ungdommen-pa-oss-gjefsjoen-august-2021-15-300x300.jpg\" alt=\"\" data-no-lazy=\"1\" itemprop=\"thumbnail\" width=\"300\" height=\"300\" \/>\n\t\t\t<!-- Overlay Wrapper -->\n\t\t\t <!-- Overlay Wrapper Closed -->\n\t\t\t\t<\/a>\n\t\t\t\t\t\t\t<meta itemprop=\"width\" content=\"300\" \/>\n\t\t\t<meta itemprop=\"height\" content=\"300\" \/>\n\t\t\t\t<a\n\t\t\thref=\"https:\/\/gjefsjo.no\/wp-content\/uploads\/2021\/08\/dugnad-med-hv-ungdommen-pa-oss-gjefsjoen-august-2021-16-1024x682.jpg\"\n\t\t\t\t\t\tdata-fancybox=\"images\" \n\t\t\ttitle=\"dugnad-med-hv-ungdommen-pa-oss-gjefsjoen-august-2021-16\" \n\t\t\t\t\t\tdata-caption=\"\"\n\t\t\t\t\t\tdata-description=\"\" \n\t\t\titemprop=\"contentUrl\">\n\t\t\t<img loading=\"lazy\" decoding=\"async\" src=\"https:\/\/gjefsjo.no\/wp-content\/uploads\/2021\/08\/dugnad-med-hv-ungdommen-pa-oss-gjefsjoen-august-2021-16-300x300.jpg\" alt=\"\" data-no-lazy=\"1\" itemprop=\"thumbnail\" width=\"300\" height=\"300\" \/>\n\t\t\t<!-- Overlay Wrapper -->\n\t\t\t <!-- Overlay Wrapper Closed -->\n\t\t\t\t<\/a>\n\t\t\t\t\t\t\t<meta itemprop=\"width\" content=\"300\" \/>\n\t\t\t<meta itemprop=\"height\" content=\"300\" \/>\n\t\t\t\t<a\n\t\t\thref=\"https:\/\/gjefsjo.no\/wp-content\/uploads\/2021\/08\/dugnad-med-hv-ungdommen-pa-oss-gjefsjoen-august-2021-17-1024x682.jpg\"\n\t\t\t\t\t\tdata-fancybox=\"images\" \n\t\t\ttitle=\"dugnad-med-hv-ungdommen-pa-oss-gjefsjoen-august-2021-17\" \n\t\t\t\t\t\tdata-caption=\"\"\n\t\t\t\t\t\tdata-description=\"\" \n\t\t\titemprop=\"contentUrl\">\n\t\t\t<img loading=\"lazy\" decoding=\"async\" src=\"https:\/\/gjefsjo.no\/wp-content\/uploads\/2021\/08\/dugnad-med-hv-ungdommen-pa-oss-gjefsjoen-august-2021-17-300x300.jpg\" alt=\"\" data-no-lazy=\"1\" itemprop=\"thumbnail\" width=\"300\" height=\"300\" \/>\n\t\t\t<!-- Overlay Wrapper -->\n\t\t\t <!-- Overlay Wrapper Closed -->\n\t\t\t\t<\/a>\n\t\t\t\t\t\t\t<meta itemprop=\"width\" content=\"300\" \/>\n\t\t\t<meta itemprop=\"height\" content=\"300\" \/>\n\t\t\t\t<a\n\t\t\thref=\"https:\/\/gjefsjo.no\/wp-content\/uploads\/2021\/08\/dugnad-med-hv-ungdommen-pa-oss-gjefsjoen-august-2021-18-1024x1536.jpg\"\n\t\t\t\t\t\tdata-fancybox=\"images\" \n\t\t\ttitle=\"dugnad-med-hv-ungdommen-pa-oss-gjefsjoen-august-2021-18\" \n\t\t\t\t\t\tdata-caption=\"\"\n\t\t\t\t\t\tdata-description=\"\" \n\t\t\titemprop=\"contentUrl\">\n\t\t\t<img loading=\"lazy\" decoding=\"async\" src=\"https:\/\/gjefsjo.no\/wp-content\/uploads\/2021\/08\/dugnad-med-hv-ungdommen-pa-oss-gjefsjoen-august-2021-18-300x300.jpg\" alt=\"\" data-no-lazy=\"1\" itemprop=\"thumbnail\" width=\"300\" height=\"300\" \/>\n\t\t\t<!-- Overlay Wrapper -->\n\t\t\t <!-- Overlay Wrapper Closed -->\n\t\t\t\t<\/a>\n\t\t\t\t\t\t\t<meta itemprop=\"width\" content=\"300\" \/>\n\t\t\t<meta itemprop=\"height\" content=\"300\" \/>\n\t\t\t\t<a\n\t\t\thref=\"https:\/\/gjefsjo.no\/wp-content\/uploads\/2021\/08\/dugnad-med-hv-ungdommen-pa-oss-gjefsjoen-august-2021-19-1024x682.jpg\"\n\t\t\t\t\t\tdata-fancybox=\"images\" \n\t\t\ttitle=\"dugnad-med-hv-ungdommen-pa-oss-gjefsjoen-august-2021-19\" \n\t\t\t\t\t\tdata-caption=\"\"\n\t\t\t\t\t\tdata-description=\"\" \n\t\t\titemprop=\"contentUrl\">\n\t\t\t<img loading=\"lazy\" decoding=\"async\" src=\"https:\/\/gjefsjo.no\/wp-content\/uploads\/2021\/08\/dugnad-med-hv-ungdommen-pa-oss-gjefsjoen-august-2021-19-300x300.jpg\" alt=\"\" data-no-lazy=\"1\" itemprop=\"thumbnail\" width=\"300\" height=\"300\" \/>\n\t\t\t<!-- Overlay Wrapper -->\n\t\t\t <!-- Overlay Wrapper Closed -->\n\t\t\t\t<\/a>\n\t\t\t\t\t\t\t<meta itemprop=\"width\" content=\"300\" \/>\n\t\t\t<meta itemprop=\"height\" content=\"300\" \/>\n\t\t\t\t<a\n\t\t\thref=\"https:\/\/gjefsjo.no\/wp-content\/uploads\/2021\/08\/dugnad-med-hv-ungdommen-pa-oss-gjefsjoen-august-2021-20-1024x682.jpg\"\n\t\t\t\t\t\tdata-fancybox=\"images\" \n\t\t\ttitle=\"dugnad-med-hv-ungdommen-pa-oss-gjefsjoen-august-2021-20\" \n\t\t\t\t\t\tdata-caption=\"\"\n\t\t\t\t\t\tdata-description=\"\" \n\t\t\titemprop=\"contentUrl\">\n\t\t\t<img loading=\"lazy\" decoding=\"async\" src=\"https:\/\/gjefsjo.no\/wp-content\/uploads\/2021\/08\/dugnad-med-hv-ungdommen-pa-oss-gjefsjoen-august-2021-20-300x300.jpg\" alt=\"\" data-no-lazy=\"1\" itemprop=\"thumbnail\" width=\"300\" height=\"300\" \/>\n\t\t\t<!-- Overlay Wrapper -->\n\t\t\t <!-- Overlay Wrapper Closed -->\n\t\t\t\t<\/a>\n\t\t\t\t\t\t\t<meta itemprop=\"width\" content=\"300\" \/>\n\t\t\t<meta itemprop=\"height\" content=\"300\" \/>\n\t\t\t\t<a\n\t\t\thref=\"https:\/\/gjefsjo.no\/wp-content\/uploads\/2021\/08\/gjefsjoakevitt-operrasjon-rype-1945-foto-lars-bugge-aarset-1-1024x498.jpg\"\n\t\t\t\t\t\tdata-fancybox=\"images\" \n\t\t\ttitle=\"Gjefsj\u00f8akevitt - Operrasjon Rype 1945 Foto Lars Bugge Aarset (1)\" \n\t\t\t\t\t\tdata-caption=\"\"\n\t\t\t\t\t\tdata-description=\"\" \n\t\t\titemprop=\"contentUrl\">\n\t\t\t<img loading=\"lazy\" decoding=\"async\" src=\"https:\/\/gjefsjo.no\/wp-content\/uploads\/2021\/08\/gjefsjoakevitt-operrasjon-rype-1945-foto-lars-bugge-aarset-1-300x300.jpg\" alt=\"\" data-no-lazy=\"1\" itemprop=\"thumbnail\" width=\"300\" height=\"300\" \/>\n\t\t\t<!-- Overlay Wrapper -->\n\t\t\t <!-- Overlay Wrapper Closed -->\n\t\t\t\t<\/a>\n\t\t\t\t\t\t\t<meta itemprop=\"width\" content=\"300\" \/>\n\t\t\t<meta itemprop=\"height\" content=\"300\" \/>\n\t\t\t\t<a\n\t\t\thref=\"https:\/\/gjefsjo.no\/wp-content\/uploads\/2021\/08\/dugnad-med-hv-ungdommen-pa-oss-gjefsjoen-august-2021-22-1024x682.jpg\"\n\t\t\t\t\t\tdata-fancybox=\"images\" \n\t\t\ttitle=\"dugnad-med-hv-ungdommen-pa-oss-gjefsjoen-august-2021-22\" \n\t\t\t\t\t\tdata-caption=\"\"\n\t\t\t\t\t\tdata-description=\"\" \n\t\t\titemprop=\"contentUrl\">\n\t\t\t<img loading=\"lazy\" decoding=\"async\" src=\"https:\/\/gjefsjo.no\/wp-content\/uploads\/2021\/08\/dugnad-med-hv-ungdommen-pa-oss-gjefsjoen-august-2021-22-300x300.jpg\" alt=\"\" data-no-lazy=\"1\" itemprop=\"thumbnail\" width=\"300\" height=\"300\" \/>\n\t\t\t<!-- Overlay Wrapper -->\n\t\t\t <!-- Overlay Wrapper Closed -->\n\t\t\t\t<\/a>\n\t\t\t\t\t\t\t<meta itemprop=\"width\" content=\"300\" \/>\n\t\t\t<meta itemprop=\"height\" content=\"300\" \/>\n\t\t\t\t<a\n\t\t\thref=\"https:\/\/gjefsjo.no\/wp-content\/uploads\/2021\/08\/dugnad-med-hv-ungdommen-pa-oss-gjefsjoen-august-2021-24-1024x682.jpg\"\n\t\t\t\t\t\tdata-fancybox=\"images\" \n\t\t\ttitle=\"dugnad-med-hv-ungdommen-pa-oss-gjefsjoen-august-2021-24\" \n\t\t\t\t\t\tdata-caption=\"\"\n\t\t\t\t\t\tdata-description=\"\" \n\t\t\titemprop=\"contentUrl\">\n\t\t\t<img loading=\"lazy\" decoding=\"async\" src=\"https:\/\/gjefsjo.no\/wp-content\/uploads\/2021\/08\/dugnad-med-hv-ungdommen-pa-oss-gjefsjoen-august-2021-24-300x300.jpg\" alt=\"\" data-no-lazy=\"1\" itemprop=\"thumbnail\" width=\"300\" height=\"300\" \/>\n\t\t\t<!-- Overlay Wrapper -->\n\t\t\t <!-- Overlay Wrapper Closed -->\n\t\t\t\t<\/a>\n\t\t\t\t\t\t\t<meta itemprop=\"width\" content=\"300\" \/>\n\t\t\t<meta itemprop=\"height\" content=\"300\" \/>\n\t\t\t\t<a\n\t\t\thref=\"https:\/\/gjefsjo.no\/wp-content\/uploads\/2021\/08\/dugnad-med-hv-ungdommen-pa-oss-gjefsjoen-august-2021-25-1024x682.jpg\"\n\t\t\t\t\t\tdata-fancybox=\"images\" \n\t\t\ttitle=\"dugnad-med-hv-ungdommen-pa-oss-gjefsjoen-august-2021-25\" \n\t\t\t\t\t\tdata-caption=\"\"\n\t\t\t\t\t\tdata-description=\"\" \n\t\t\titemprop=\"contentUrl\">\n\t\t\t<img loading=\"lazy\" decoding=\"async\" src=\"https:\/\/gjefsjo.no\/wp-content\/uploads\/2021\/08\/dugnad-med-hv-ungdommen-pa-oss-gjefsjoen-august-2021-25-300x300.jpg\" alt=\"\" data-no-lazy=\"1\" itemprop=\"thumbnail\" width=\"300\" height=\"300\" \/>\n\t\t\t<!-- Overlay Wrapper -->\n\t\t\t <!-- Overlay Wrapper Closed -->\n\t\t\t\t<\/a>\n\t\t\t\t\t\t\t<meta itemprop=\"width\" content=\"300\" \/>\n\t\t\t<meta itemprop=\"height\" content=\"300\" \/>\n\t\t\t\t<a\n\t\t\thref=\"https:\/\/gjefsjo.no\/wp-content\/uploads\/2021\/08\/dugnad-med-hv-ungdommen-pa-oss-gjefsjoen-august-2021-26-1024x682.jpg\"\n\t\t\t\t\t\tdata-fancybox=\"images\" \n\t\t\ttitle=\"dugnad-med-hv-ungdommen-pa-oss-gjefsjoen-august-2021-26\" \n\t\t\t\t\t\tdata-caption=\"\"\n\t\t\t\t\t\tdata-description=\"\" \n\t\t\titemprop=\"contentUrl\">\n\t\t\t<img loading=\"lazy\" decoding=\"async\" src=\"https:\/\/gjefsjo.no\/wp-content\/uploads\/2021\/08\/dugnad-med-hv-ungdommen-pa-oss-gjefsjoen-august-2021-26-300x300.jpg\" alt=\"\" data-no-lazy=\"1\" itemprop=\"thumbnail\" width=\"300\" height=\"300\" \/>\n\t\t\t<!-- Overlay Wrapper -->\n\t\t\t <!-- Overlay Wrapper Closed -->\n\t\t\t\t<\/a>\n\t\t\t\t\t\t\t<meta itemprop=\"width\" content=\"300\" \/>\n\t\t\t<meta itemprop=\"height\" content=\"300\" \/>\n\t\t\t\t<a\n\t\t\thref=\"https:\/\/gjefsjo.no\/wp-content\/uploads\/2021\/08\/dugnad-med-hv-ungdommen-pa-oss-gjefsjoen-august-2021-27-1024x682.jpg\"\n\t\t\t\t\t\tdata-fancybox=\"images\" \n\t\t\ttitle=\"dugnad-med-hv-ungdommen-pa-oss-gjefsjoen-august-2021-27\" \n\t\t\t\t\t\tdata-caption=\"\"\n\t\t\t\t\t\tdata-description=\"\" \n\t\t\titemprop=\"contentUrl\">\n\t\t\t<img loading=\"lazy\" decoding=\"async\" src=\"https:\/\/gjefsjo.no\/wp-content\/uploads\/2021\/08\/dugnad-med-hv-ungdommen-pa-oss-gjefsjoen-august-2021-27-300x300.jpg\" alt=\"\" data-no-lazy=\"1\" itemprop=\"thumbnail\" width=\"300\" height=\"300\" \/>\n\t\t\t<!-- Overlay Wrapper -->\n\t\t\t <!-- Overlay Wrapper Closed -->\n\t\t\t\t<\/a>\n\t\t\t\t\t\t\t<meta itemprop=\"width\" content=\"300\" \/>\n\t\t\t<meta itemprop=\"height\" content=\"300\" \/>\n\t\t\t\t<a\n\t\t\thref=\"https:\/\/gjefsjo.no\/wp-content\/uploads\/2021\/08\/dugnad-med-hv-ungdommen-pa-oss-gjefsjoen-august-2021-32-1024x1536.jpg\"\n\t\t\t\t\t\tdata-fancybox=\"images\" \n\t\t\ttitle=\"dugnad-med-hv-ungdommen-pa-oss-gjefsjoen-august-2021-32\" \n\t\t\t\t\t\tdata-caption=\"\"\n\t\t\t\t\t\tdata-description=\"\" \n\t\t\titemprop=\"contentUrl\">\n\t\t\t<img loading=\"lazy\" decoding=\"async\" src=\"https:\/\/gjefsjo.no\/wp-content\/uploads\/2021\/08\/dugnad-med-hv-ungdommen-pa-oss-gjefsjoen-august-2021-32-300x300.jpg\" alt=\"\" data-no-lazy=\"1\" itemprop=\"thumbnail\" width=\"300\" height=\"300\" \/>\n\t\t\t<!-- Overlay Wrapper -->\n\t\t\t <!-- Overlay Wrapper Closed -->\n\t\t\t\t<\/a>\n\t\t\t\t\t\t\t<meta itemprop=\"width\" content=\"300\" \/>\n\t\t\t<meta itemprop=\"height\" content=\"300\" \/>\n\t\t\t\t<a\n\t\t\thref=\"https:\/\/gjefsjo.no\/wp-content\/uploads\/2021\/08\/dugnad-med-hv-ungdommen-pa-oss-gjefsjoen-august-2021-34-1024x682.jpg\"\n\t\t\t\t\t\tdata-fancybox=\"images\" \n\t\t\ttitle=\"dugnad-med-hv-ungdommen-pa-oss-gjefsjoen-august-2021-34\" \n\t\t\t\t\t\tdata-caption=\"\"\n\t\t\t\t\t\tdata-description=\"\" \n\t\t\titemprop=\"contentUrl\">\n\t\t\t<img loading=\"lazy\" decoding=\"async\" src=\"https:\/\/gjefsjo.no\/wp-content\/uploads\/2021\/08\/dugnad-med-hv-ungdommen-pa-oss-gjefsjoen-august-2021-34-300x300.jpg\" alt=\"\" data-no-lazy=\"1\" itemprop=\"thumbnail\" width=\"300\" height=\"300\" \/>\n\t\t\t<!-- Overlay Wrapper -->\n\t\t\t <!-- Overlay Wrapper Closed -->\n\t\t\t\t<\/a>\n\t\t\t\t\t\t\t<meta itemprop=\"width\" content=\"300\" \/>\n\t\t\t<meta itemprop=\"height\" content=\"300\" \/>\n\t\t\t\t<a\n\t\t\thref=\"https:\/\/gjefsjo.no\/wp-content\/uploads\/2021\/08\/dugnad-med-hv-ungdommen-pa-oss-gjefsjoen-august-2021-40-1024x682.jpg\"\n\t\t\t\t\t\tdata-fancybox=\"images\" \n\t\t\ttitle=\"dugnad-med-hv-ungdommen-pa-oss-gjefsjoen-august-2021-40\" \n\t\t\t\t\t\tdata-caption=\"\"\n\t\t\t\t\t\tdata-description=\"\" \n\t\t\titemprop=\"contentUrl\">\n\t\t\t<img loading=\"lazy\" decoding=\"async\" src=\"https:\/\/gjefsjo.no\/wp-content\/uploads\/2021\/08\/dugnad-med-hv-ungdommen-pa-oss-gjefsjoen-august-2021-40-300x300.jpg\" alt=\"\" data-no-lazy=\"1\" itemprop=\"thumbnail\" width=\"300\" height=\"300\" \/>\n\t\t\t<!-- Overlay Wrapper -->\n\t\t\t <!-- Overlay Wrapper Closed -->\n\t\t\t\t<\/a>\n\t\t\t\t\t\t\t<meta itemprop=\"width\" content=\"300\" \/>\n\t\t\t<meta itemprop=\"height\" content=\"300\" \/>\n\t\t\t\t<a\n\t\t\thref=\"https:\/\/gjefsjo.no\/wp-content\/uploads\/2021\/08\/gjefsjoakevitt-operrasjon-rype-1945-foto-lars-bugge-aarset-2-1024x768.jpg\"\n\t\t\t\t\t\tdata-fancybox=\"images\" \n\t\t\ttitle=\"Gjefsj\u00f8akevitt - Operrasjon Rype 1945 Foto Lars Bugge Aarset (2)\" \n\t\t\t\t\t\tdata-caption=\"\"\n\t\t\t\t\t\tdata-description=\"\" \n\t\t\titemprop=\"contentUrl\">\n\t\t\t<img loading=\"lazy\" decoding=\"async\" src=\"https:\/\/gjefsjo.no\/wp-content\/uploads\/2021\/08\/gjefsjoakevitt-operrasjon-rype-1945-foto-lars-bugge-aarset-2-300x300.jpg\" alt=\"\" data-no-lazy=\"1\" itemprop=\"thumbnail\" width=\"300\" height=\"300\" \/>\n\t\t\t<!-- Overlay Wrapper -->\n\t\t\t <!-- Overlay Wrapper Closed -->\n\t\t\t\t<\/a>\n\t\t\t\t\t\t\t<meta itemprop=\"width\" content=\"300\" \/>\n\t\t\t<meta itemprop=\"height\" content=\"300\" \/>\n\t\t\t\t<a\n\t\t\thref=\"https:\/\/gjefsjo.no\/wp-content\/uploads\/2021\/06\/oss-gjefsjoen-juni-2021-foto-lars-bugge-aarset-38-1024x768.jpg\"\n\t\t\t\t\t\tdata-fancybox=\"images\" \n\t\t\ttitle=\"OSS Gjefsj\u00f8en juni 2021 Foto Lars Bugge Aarset (38)\" \n\t\t\t\t\t\tdata-caption=\"\"\n\t\t\t\t\t\tdata-description=\"\" \n\t\t\titemprop=\"contentUrl\">\n\t\t\t<img loading=\"lazy\" decoding=\"async\" src=\"https:\/\/gjefsjo.no\/wp-content\/uploads\/2021\/06\/oss-gjefsjoen-juni-2021-foto-lars-bugge-aarset-38-300x300.jpg\" alt=\"\" data-no-lazy=\"1\" itemprop=\"thumbnail\" width=\"300\" height=\"300\" \/>\n\t\t\t<!-- Overlay Wrapper -->\n\t\t\t <!-- Overlay Wrapper Closed -->\n\t\t\t\t<\/a>\n\t\t\t\t\t\t\t<meta itemprop=\"width\" content=\"300\" \/>\n\t\t\t<meta itemprop=\"height\" content=\"300\" \/>\n\t\t\t\t<a\n\t\t\thref=\"https:\/\/gjefsjo.no\/wp-content\/uploads\/2021\/06\/oss-gjefsjoen-juni-2021-foto-lars-bugge-aarset-37-1024x768.jpg\"\n\t\t\t\t\t\tdata-fancybox=\"images\" \n\t\t\ttitle=\"OSS Gjefsj\u00f8en juni 2021 Foto Lars Bugge Aarset (37)\" \n\t\t\t\t\t\tdata-caption=\"\"\n\t\t\t\t\t\tdata-description=\"\" \n\t\t\titemprop=\"contentUrl\">\n\t\t\t<img loading=\"lazy\" decoding=\"async\" src=\"https:\/\/gjefsjo.no\/wp-content\/uploads\/2021\/06\/oss-gjefsjoen-juni-2021-foto-lars-bugge-aarset-37-300x300.jpg\" alt=\"\" data-no-lazy=\"1\" itemprop=\"thumbnail\" width=\"300\" height=\"300\" \/>\n\t\t\t<!-- Overlay Wrapper -->\n\t\t\t <!-- Overlay Wrapper Closed -->\n\t\t\t\t<\/a>\n\t\t\t\t\t\t\t<meta itemprop=\"width\" content=\"300\" \/>\n\t\t\t<meta itemprop=\"height\" content=\"300\" \/>\n\t\t\t\t<a\n\t\t\thref=\"https:\/\/gjefsjo.no\/wp-content\/uploads\/2021\/06\/oss-gjefsjoen-juni-2021-foto-lars-bugge-aarset-36-1024x768.jpg\"\n\t\t\t\t\t\tdata-fancybox=\"images\" \n\t\t\ttitle=\"OSS Gjefsj\u00f8en juni 2021 Foto Lars Bugge Aarset (36)\" \n\t\t\t\t\t\tdata-caption=\"\"\n\t\t\t\t\t\tdata-description=\"\" \n\t\t\titemprop=\"contentUrl\">\n\t\t\t<img loading=\"lazy\" decoding=\"async\" src=\"https:\/\/gjefsjo.no\/wp-content\/uploads\/2021\/06\/oss-gjefsjoen-juni-2021-foto-lars-bugge-aarset-36-300x300.jpg\" alt=\"\" data-no-lazy=\"1\" itemprop=\"thumbnail\" width=\"300\" height=\"300\" \/>\n\t\t\t<!-- Overlay Wrapper -->\n\t\t\t <!-- Overlay Wrapper Closed -->\n\t\t\t\t<\/a>\n\t\t\t\t\t\t\t<meta itemprop=\"width\" content=\"300\" \/>\n\t\t\t<meta itemprop=\"height\" content=\"300\" \/>\n\t\t\t\t<a\n\t\t\thref=\"https:\/\/gjefsjo.no\/wp-content\/uploads\/2021\/06\/oss-gjefsjoen-juni-2021-foto-lars-bugge-aarset-35-1024x768.jpg\"\n\t\t\t\t\t\tdata-fancybox=\"images\" \n\t\t\ttitle=\"OSS Gjefsj\u00f8en juni 2021 Foto Lars Bugge Aarset (35)\" \n\t\t\t\t\t\tdata-caption=\"\"\n\t\t\t\t\t\tdata-description=\"\" \n\t\t\titemprop=\"contentUrl\">\n\t\t\t<img loading=\"lazy\" decoding=\"async\" src=\"https:\/\/gjefsjo.no\/wp-content\/uploads\/2021\/06\/oss-gjefsjoen-juni-2021-foto-lars-bugge-aarset-35-300x300.jpg\" alt=\"\" data-no-lazy=\"1\" itemprop=\"thumbnail\" width=\"300\" height=\"300\" \/>\n\t\t\t<!-- Overlay Wrapper -->\n\t\t\t <!-- Overlay Wrapper Closed -->\n\t\t\t\t<\/a>\n\t\t\t\t\t\t\t<meta itemprop=\"width\" content=\"300\" \/>\n\t\t\t<meta itemprop=\"height\" content=\"300\" \/>\n\t\t\t\t<a\n\t\t\thref=\"https:\/\/gjefsjo.no\/wp-content\/uploads\/2021\/06\/oss-gjefsjoen-juni-2021-foto-lars-bugge-aarset-34-1024x768.jpg\"\n\t\t\t\t\t\tdata-fancybox=\"images\" \n\t\t\ttitle=\"OSS Gjefsj\u00f8en juni 2021 Foto Lars Bugge Aarset (34)\" \n\t\t\t\t\t\tdata-caption=\"\"\n\t\t\t\t\t\tdata-description=\"\" \n\t\t\titemprop=\"contentUrl\">\n\t\t\t<img loading=\"lazy\" decoding=\"async\" src=\"https:\/\/gjefsjo.no\/wp-content\/uploads\/2021\/06\/oss-gjefsjoen-juni-2021-foto-lars-bugge-aarset-34-300x300.jpg\" alt=\"\" data-no-lazy=\"1\" itemprop=\"thumbnail\" width=\"300\" height=\"300\" \/>\n\t\t\t<!-- Overlay Wrapper -->\n\t\t\t <!-- Overlay Wrapper Closed -->\n\t\t\t\t<\/a>\n\t\t\t\t\t\t\t<meta itemprop=\"width\" content=\"300\" \/>\n\t\t\t<meta itemprop=\"height\" content=\"300\" \/>\n\t\t\t\t<a\n\t\t\thref=\"https:\/\/gjefsjo.no\/wp-content\/uploads\/2021\/06\/oss-gjefsjoen-juni-2021-foto-lars-bugge-aarset-33-1024x768.jpg\"\n\t\t\t\t\t\tdata-fancybox=\"images\" \n\t\t\ttitle=\"OSS Gjefsj\u00f8en juni 2021 Foto Lars Bugge Aarset (33)\" \n\t\t\t\t\t\tdata-caption=\"\"\n\t\t\t\t\t\tdata-description=\"\" \n\t\t\titemprop=\"contentUrl\">\n\t\t\t<img loading=\"lazy\" decoding=\"async\" src=\"https:\/\/gjefsjo.no\/wp-content\/uploads\/2021\/06\/oss-gjefsjoen-juni-2021-foto-lars-bugge-aarset-33-300x300.jpg\" alt=\"\" data-no-lazy=\"1\" itemprop=\"thumbnail\" width=\"300\" height=\"300\" \/>\n\t\t\t<!-- Overlay Wrapper -->\n\t\t\t <!-- Overlay Wrapper Closed -->\n\t\t\t\t<\/a>\n\t\t\t\t\t\t\t<meta itemprop=\"width\" content=\"300\" \/>\n\t\t\t<meta itemprop=\"height\" content=\"300\" \/>\n\t\t\t\t<a\n\t\t\thref=\"https:\/\/gjefsjo.no\/wp-content\/uploads\/2021\/06\/oss-gjefsjoen-juni-2021-foto-lars-bugge-aarset-32-1024x1365.jpg\"\n\t\t\t\t\t\tdata-fancybox=\"images\" \n\t\t\ttitle=\"OSS Gjefsj\u00f8en juni 2021 Foto Lars Bugge Aarset (32)\" \n\t\t\t\t\t\tdata-caption=\"\"\n\t\t\t\t\t\tdata-description=\"\" \n\t\t\titemprop=\"contentUrl\">\n\t\t\t<img loading=\"lazy\" decoding=\"async\" src=\"https:\/\/gjefsjo.no\/wp-content\/uploads\/2021\/06\/oss-gjefsjoen-juni-2021-foto-lars-bugge-aarset-32-300x300.jpg\" alt=\"\" data-no-lazy=\"1\" itemprop=\"thumbnail\" width=\"300\" height=\"300\" \/>\n\t\t\t<!-- Overlay Wrapper -->\n\t\t\t <!-- Overlay Wrapper Closed -->\n\t\t\t\t<\/a>\n\t\t\t\t\t\t\t<meta itemprop=\"width\" content=\"300\" \/>\n\t\t\t<meta itemprop=\"height\" content=\"300\" \/>\n\t\t\t\t<a\n\t\t\thref=\"https:\/\/gjefsjo.no\/wp-content\/uploads\/2021\/06\/oss-gjefsjoen-juni-2021-foto-lars-bugge-aarset-31-1024x768.jpg\"\n\t\t\t\t\t\tdata-fancybox=\"images\" \n\t\t\ttitle=\"OSS Gjefsj\u00f8en juni 2021 Foto Lars Bugge Aarset (31)\" \n\t\t\t\t\t\tdata-caption=\"\"\n\t\t\t\t\t\tdata-description=\"\" \n\t\t\titemprop=\"contentUrl\">\n\t\t\t<img loading=\"lazy\" decoding=\"async\" src=\"https:\/\/gjefsjo.no\/wp-content\/uploads\/2021\/06\/oss-gjefsjoen-juni-2021-foto-lars-bugge-aarset-31-300x300.jpg\" alt=\"\" data-no-lazy=\"1\" itemprop=\"thumbnail\" width=\"300\" height=\"300\" \/>\n\t\t\t<!-- Overlay Wrapper -->\n\t\t\t <!-- Overlay Wrapper Closed -->\n\t\t\t\t<\/a>\n\t\t\t\t\t\t\t<meta itemprop=\"width\" content=\"300\" \/>\n\t\t\t<meta itemprop=\"height\" content=\"300\" \/>\n\t\t\t\t<a\n\t\t\thref=\"https:\/\/gjefsjo.no\/wp-content\/uploads\/2021\/08\/gjefsjoakevitt-operrasjon-rype-1945-foto-lars-bugge-aarset-4-1024x1024.jpg\"\n\t\t\t\t\t\tdata-fancybox=\"images\" \n\t\t\ttitle=\"Gjefsj\u00f8akevitt - Operrasjon Rype 1945 Foto Lars Bugge Aarset (4)\" \n\t\t\t\t\t\tdata-caption=\"\"\n\t\t\t\t\t\tdata-description=\"\" \n\t\t\titemprop=\"contentUrl\">\n\t\t\t<img loading=\"lazy\" decoding=\"async\" src=\"https:\/\/gjefsjo.no\/wp-content\/uploads\/2021\/08\/gjefsjoakevitt-operrasjon-rype-1945-foto-lars-bugge-aarset-4-300x300.jpg\" alt=\"\" data-no-lazy=\"1\" itemprop=\"thumbnail\" width=\"300\" height=\"300\" \/>\n\t\t\t<!-- Overlay Wrapper -->\n\t\t\t <!-- Overlay Wrapper Closed -->\n\t\t\t\t<\/a>\n\t\t\t\t\t\t\t<meta itemprop=\"width\" content=\"300\" \/>\n\t\t\t<meta itemprop=\"height\" content=\"300\" \/>\n\t\t\t\t<a\n\t\t\thref=\"https:\/\/gjefsjo.no\/wp-content\/uploads\/2021\/08\/gjefsjoakevitt-operrasjon-rype-1945-foto-lars-bugge-aarset-3-1024x498.jpg\"\n\t\t\t\t\t\tdata-fancybox=\"images\" \n\t\t\ttitle=\"Gjefsj\u00f8akevitt - Operrasjon Rype 1945 Foto Lars Bugge Aarset (3)\" \n\t\t\t\t\t\tdata-caption=\"\"\n\t\t\t\t\t\tdata-description=\"\" \n\t\t\titemprop=\"contentUrl\">\n\t\t\t<img loading=\"lazy\" decoding=\"async\" src=\"https:\/\/gjefsjo.no\/wp-content\/uploads\/2021\/08\/gjefsjoakevitt-operrasjon-rype-1945-foto-lars-bugge-aarset-3-300x300.jpg\" alt=\"\" data-no-lazy=\"1\" itemprop=\"thumbnail\" width=\"300\" height=\"300\" \/>\n\t\t\t<!-- Overlay Wrapper -->\n\t\t\t <!-- Overlay Wrapper Closed -->\n\t\t\t\t<\/a>\n\t\t\t\t\t\t\t<meta itemprop=\"width\" content=\"300\" \/>\n\t\t\t<meta itemprop=\"height\" content=\"300\" \/>\n\t\t\t\t<a\n\t\t\thref=\"https:\/\/gjefsjo.no\/wp-content\/uploads\/2021\/06\/oss-gjefsjoen-juni-2021-foto-lars-bugge-aarset-30-1024x768.jpg\"\n\t\t\t\t\t\tdata-fancybox=\"images\" \n\t\t\ttitle=\"OSS Gjefsj\u00f8en juni 2021 Foto Lars Bugge Aarset (30)\" \n\t\t\t\t\t\tdata-caption=\"\"\n\t\t\t\t\t\tdata-description=\"\" \n\t\t\titemprop=\"contentUrl\">\n\t\t\t<img loading=\"lazy\" decoding=\"async\" src=\"https:\/\/gjefsjo.no\/wp-content\/uploads\/2021\/06\/oss-gjefsjoen-juni-2021-foto-lars-bugge-aarset-30-300x300.jpg\" alt=\"\" data-no-lazy=\"1\" itemprop=\"thumbnail\" width=\"300\" height=\"300\" \/>\n\t\t\t<!-- Overlay Wrapper -->\n\t\t\t <!-- Overlay Wrapper Closed -->\n\t\t\t\t<\/a>\n\t\t\t\t\t\t\t<meta itemprop=\"width\" content=\"300\" \/>\n\t\t\t<meta itemprop=\"height\" content=\"300\" \/>\n\t\t\t\t<a\n\t\t\thref=\"https:\/\/gjefsjo.no\/wp-content\/uploads\/2021\/06\/oss-gjefsjoen-juni-2021-foto-lars-bugge-aarset-29-1024x768.jpg\"\n\t\t\t\t\t\tdata-fancybox=\"images\" \n\t\t\ttitle=\"OSS Gjefsj\u00f8en juni 2021 Foto Lars Bugge Aarset (29)\" \n\t\t\t\t\t\tdata-caption=\"\"\n\t\t\t\t\t\tdata-description=\"\" \n\t\t\titemprop=\"contentUrl\">\n\t\t\t<img loading=\"lazy\" decoding=\"async\" src=\"https:\/\/gjefsjo.no\/wp-content\/uploads\/2021\/06\/oss-gjefsjoen-juni-2021-foto-lars-bugge-aarset-29-300x300.jpg\" alt=\"\" data-no-lazy=\"1\" itemprop=\"thumbnail\" width=\"300\" height=\"300\" \/>\n\t\t\t<!-- Overlay Wrapper -->\n\t\t\t <!-- Overlay Wrapper Closed -->\n\t\t\t\t<\/a>\n\t\t\t\t\t\t\t<meta itemprop=\"width\" content=\"300\" \/>\n\t\t\t<meta itemprop=\"height\" content=\"300\" \/>\n\t\t\t\t<a\n\t\t\thref=\"https:\/\/gjefsjo.no\/wp-content\/uploads\/2021\/06\/oss-gjefsjoen-juni-2021-foto-lars-bugge-aarset-28-1024x768.jpg\"\n\t\t\t\t\t\tdata-fancybox=\"images\" \n\t\t\ttitle=\"OSS Gjefsj\u00f8en juni 2021 Foto Lars Bugge Aarset (28)\" \n\t\t\t\t\t\tdata-caption=\"\"\n\t\t\t\t\t\tdata-description=\"\" \n\t\t\titemprop=\"contentUrl\">\n\t\t\t<img loading=\"lazy\" decoding=\"async\" src=\"https:\/\/gjefsjo.no\/wp-content\/uploads\/2021\/06\/oss-gjefsjoen-juni-2021-foto-lars-bugge-aarset-28-300x300.jpg\" alt=\"\" data-no-lazy=\"1\" itemprop=\"thumbnail\" width=\"300\" height=\"300\" \/>\n\t\t\t<!-- Overlay Wrapper -->\n\t\t\t <!-- Overlay Wrapper Closed -->\n\t\t\t\t<\/a>\n\t\t\t\t\t\t\t<meta itemprop=\"width\" content=\"300\" \/>\n\t\t\t<meta itemprop=\"height\" content=\"300\" \/>\n\t\t\t\t<a\n\t\t\thref=\"https:\/\/gjefsjo.no\/wp-content\/uploads\/2021\/06\/oss-gjefsjoen-juni-2021-foto-lars-bugge-aarset-27-1024x768.jpg\"\n\t\t\t\t\t\tdata-fancybox=\"images\" \n\t\t\ttitle=\"OSS Gjefsj\u00f8en juni 2021 Foto Lars Bugge Aarset (27)\" \n\t\t\t\t\t\tdata-caption=\"\"\n\t\t\t\t\t\tdata-description=\"\" \n\t\t\titemprop=\"contentUrl\">\n\t\t\t<img loading=\"lazy\" decoding=\"async\" src=\"https:\/\/gjefsjo.no\/wp-content\/uploads\/2021\/06\/oss-gjefsjoen-juni-2021-foto-lars-bugge-aarset-27-300x300.jpg\" alt=\"\" data-no-lazy=\"1\" itemprop=\"thumbnail\" width=\"300\" height=\"300\" \/>\n\t\t\t<!-- Overlay Wrapper -->\n\t\t\t <!-- Overlay Wrapper Closed -->\n\t\t\t\t<\/a>\n\t\t\t\t\t\t\t<meta itemprop=\"width\" content=\"300\" \/>\n\t\t\t<meta itemprop=\"height\" content=\"300\" \/>\n\t\t\t\t<a\n\t\t\thref=\"https:\/\/gjefsjo.no\/wp-content\/uploads\/2021\/06\/oss-gjefsjoen-juni-2021-foto-lars-bugge-aarset-26-1024x768.jpg\"\n\t\t\t\t\t\tdata-fancybox=\"images\" \n\t\t\ttitle=\"OSS Gjefsj\u00f8en juni 2021 Foto Lars Bugge Aarset (26)\" \n\t\t\t\t\t\tdata-caption=\"\"\n\t\t\t\t\t\tdata-description=\"\" \n\t\t\titemprop=\"contentUrl\">\n\t\t\t<img loading=\"lazy\" decoding=\"async\" src=\"https:\/\/gjefsjo.no\/wp-content\/uploads\/2021\/06\/oss-gjefsjoen-juni-2021-foto-lars-bugge-aarset-26-300x300.jpg\" alt=\"\" data-no-lazy=\"1\" itemprop=\"thumbnail\" width=\"300\" height=\"300\" \/>\n\t\t\t<!-- Overlay Wrapper -->\n\t\t\t <!-- Overlay Wrapper Closed -->\n\t\t\t\t<\/a>\n\t\t\t\t\t\t\t<meta itemprop=\"width\" content=\"300\" \/>\n\t\t\t<meta itemprop=\"height\" content=\"300\" \/>\n\t\t\t\t<a\n\t\t\thref=\"https:\/\/gjefsjo.no\/wp-content\/uploads\/2021\/06\/oss-gjefsjoen-juni-2021-foto-lars-bugge-aarset-25-1024x768.jpg\"\n\t\t\t\t\t\tdata-fancybox=\"images\" \n\t\t\ttitle=\"OSS Gjefsj\u00f8en juni 2021 Foto Lars Bugge Aarset (25)\" \n\t\t\t\t\t\tdata-caption=\"\"\n\t\t\t\t\t\tdata-description=\"\" \n\t\t\titemprop=\"contentUrl\">\n\t\t\t<img loading=\"lazy\" decoding=\"async\" src=\"https:\/\/gjefsjo.no\/wp-content\/uploads\/2021\/06\/oss-gjefsjoen-juni-2021-foto-lars-bugge-aarset-25-300x300.jpg\" alt=\"\" data-no-lazy=\"1\" itemprop=\"thumbnail\" width=\"300\" height=\"300\" \/>\n\t\t\t<!-- Overlay Wrapper -->\n\t\t\t <!-- Overlay Wrapper Closed -->\n\t\t\t\t<\/a>\n\t\t\t\t\t\t\t<meta itemprop=\"width\" content=\"300\" \/>\n\t\t\t<meta itemprop=\"height\" content=\"300\" \/>\n\t\t\t\t<a\n\t\t\thref=\"https:\/\/gjefsjo.no\/wp-content\/uploads\/2021\/06\/oss-gjefsjoen-juni-2021-foto-lars-bugge-aarset-24-1024x768.jpg\"\n\t\t\t\t\t\tdata-fancybox=\"images\" \n\t\t\ttitle=\"OSS Gjefsj\u00f8en juni 2021 Foto Lars Bugge Aarset (24)\" \n\t\t\t\t\t\tdata-caption=\"\"\n\t\t\t\t\t\tdata-description=\"\" \n\t\t\titemprop=\"contentUrl\">\n\t\t\t<img loading=\"lazy\" decoding=\"async\" src=\"https:\/\/gjefsjo.no\/wp-content\/uploads\/2021\/06\/oss-gjefsjoen-juni-2021-foto-lars-bugge-aarset-24-300x300.jpg\" alt=\"\" data-no-lazy=\"1\" itemprop=\"thumbnail\" width=\"300\" height=\"300\" \/>\n\t\t\t<!-- Overlay Wrapper -->\n\t\t\t <!-- Overlay Wrapper Closed -->\n\t\t\t\t<\/a>\n\t\t\t\t\t\t\t<meta itemprop=\"width\" content=\"300\" \/>\n\t\t\t<meta itemprop=\"height\" content=\"300\" \/>\n\t\t\t\t<a\n\t\t\thref=\"https:\/\/gjefsjo.no\/wp-content\/uploads\/2021\/06\/oss-gjefsjoen-juni-2021-foto-lars-bugge-aarset-23-1024x1365.jpg\"\n\t\t\t\t\t\tdata-fancybox=\"images\" \n\t\t\ttitle=\"OSS Gjefsj\u00f8en juni 2021 Foto Lars Bugge Aarset (23)\" \n\t\t\t\t\t\tdata-caption=\"\"\n\t\t\t\t\t\tdata-description=\"\" \n\t\t\titemprop=\"contentUrl\">\n\t\t\t<img loading=\"lazy\" decoding=\"async\" src=\"https:\/\/gjefsjo.no\/wp-content\/uploads\/2021\/06\/oss-gjefsjoen-juni-2021-foto-lars-bugge-aarset-23-300x300.jpg\" alt=\"\" data-no-lazy=\"1\" itemprop=\"thumbnail\" width=\"300\" height=\"300\" \/>\n\t\t\t<!-- Overlay Wrapper -->\n\t\t\t <!-- Overlay Wrapper Closed -->\n\t\t\t\t<\/a>\n\t\t\t\t\t\t\t<meta itemprop=\"width\" content=\"300\" \/>\n\t\t\t<meta itemprop=\"height\" content=\"300\" \/>\n\t\t\t\t<a\n\t\t\thref=\"https:\/\/gjefsjo.no\/wp-content\/uploads\/2021\/06\/oss-gjefsjoen-juni-2021-foto-lars-bugge-aarset-22-1024x768.jpg\"\n\t\t\t\t\t\tdata-fancybox=\"images\" \n\t\t\ttitle=\"OSS Gjefsj\u00f8en juni 2021 Foto Lars Bugge Aarset (22)\" \n\t\t\t\t\t\tdata-caption=\"\"\n\t\t\t\t\t\tdata-description=\"\" \n\t\t\titemprop=\"contentUrl\">\n\t\t\t<img loading=\"lazy\" decoding=\"async\" src=\"https:\/\/gjefsjo.no\/wp-content\/uploads\/2021\/06\/oss-gjefsjoen-juni-2021-foto-lars-bugge-aarset-22-300x300.jpg\" alt=\"\" data-no-lazy=\"1\" itemprop=\"thumbnail\" width=\"300\" height=\"300\" \/>\n\t\t\t<!-- Overlay Wrapper -->\n\t\t\t <!-- Overlay Wrapper Closed -->\n\t\t\t\t<\/a>\n\t\t\t\t\t\t\t<meta itemprop=\"width\" content=\"300\" \/>\n\t\t\t<meta itemprop=\"height\" content=\"300\" \/>\n\t\t\t\t<a\n\t\t\thref=\"https:\/\/gjefsjo.no\/wp-content\/uploads\/2021\/06\/oss-gjefsjoen-juni-2021-foto-lars-bugge-aarset-21-1024x1365.jpg\"\n\t\t\t\t\t\tdata-fancybox=\"images\" \n\t\t\ttitle=\"OSS Gjefsj\u00f8en juni 2021 Foto Lars Bugge Aarset (21)\" \n\t\t\t\t\t\tdata-caption=\"\"\n\t\t\t\t\t\tdata-description=\"\" \n\t\t\titemprop=\"contentUrl\">\n\t\t\t<img loading=\"lazy\" decoding=\"async\" src=\"https:\/\/gjefsjo.no\/wp-content\/uploads\/2021\/06\/oss-gjefsjoen-juni-2021-foto-lars-bugge-aarset-21-300x300.jpg\" alt=\"\" data-no-lazy=\"1\" itemprop=\"thumbnail\" width=\"300\" height=\"300\" \/>\n\t\t\t<!-- Overlay Wrapper -->\n\t\t\t <!-- Overlay Wrapper Closed -->\n\t\t\t\t<\/a>\n\t\t\t\t\t\t\t<meta itemprop=\"width\" content=\"300\" \/>\n\t\t\t<meta itemprop=\"height\" content=\"300\" \/>\n\t\t\t\t<a\n\t\t\thref=\"https:\/\/gjefsjo.no\/wp-content\/uploads\/2021\/06\/oss-gjefsjoen-juni-2021-foto-lars-bugge-aarset-20-1024x768.jpg\"\n\t\t\t\t\t\tdata-fancybox=\"images\" \n\t\t\ttitle=\"OSS Gjefsj\u00f8en juni 2021 Foto Lars Bugge Aarset (20)\" \n\t\t\t\t\t\tdata-caption=\"\"\n\t\t\t\t\t\tdata-description=\"\" \n\t\t\titemprop=\"contentUrl\">\n\t\t\t<img loading=\"lazy\" decoding=\"async\" src=\"https:\/\/gjefsjo.no\/wp-content\/uploads\/2021\/06\/oss-gjefsjoen-juni-2021-foto-lars-bugge-aarset-20-300x300.jpg\" alt=\"\" data-no-lazy=\"1\" itemprop=\"thumbnail\" width=\"300\" height=\"300\" \/>\n\t\t\t<!-- Overlay Wrapper -->\n\t\t\t <!-- Overlay Wrapper Closed -->\n\t\t\t\t<\/a>\n\t\t\t\t\t\t\t<meta itemprop=\"width\" content=\"300\" \/>\n\t\t\t<meta itemprop=\"height\" content=\"300\" \/>\n\t\t\t\t<a\n\t\t\thref=\"https:\/\/gjefsjo.no\/wp-content\/uploads\/2021\/06\/oss-gjefsjoen-juni-2021-foto-lars-bugge-aarset-19-1024x768.jpg\"\n\t\t\t\t\t\tdata-fancybox=\"images\" \n\t\t\ttitle=\"OSS Gjefsj\u00f8en juni 2021 Foto Lars Bugge Aarset (19)\" \n\t\t\t\t\t\tdata-caption=\"\"\n\t\t\t\t\t\tdata-description=\"\" \n\t\t\titemprop=\"contentUrl\">\n\t\t\t<img loading=\"lazy\" decoding=\"async\" src=\"https:\/\/gjefsjo.no\/wp-content\/uploads\/2021\/06\/oss-gjefsjoen-juni-2021-foto-lars-bugge-aarset-19-300x300.jpg\" alt=\"\" data-no-lazy=\"1\" itemprop=\"thumbnail\" width=\"300\" height=\"300\" \/>\n\t\t\t<!-- Overlay Wrapper -->\n\t\t\t <!-- Overlay Wrapper Closed -->\n\t\t\t\t<\/a>\n\t\t\t\t\t\t\t<meta itemprop=\"width\" content=\"300\" \/>\n\t\t\t<meta itemprop=\"height\" content=\"300\" \/>\n\t\t\t\t<a\n\t\t\thref=\"https:\/\/gjefsjo.no\/wp-content\/uploads\/2021\/06\/oss-gjefsjoen-juni-2021-foto-lars-bugge-aarset-18-1024x768.jpg\"\n\t\t\t\t\t\tdata-fancybox=\"images\" \n\t\t\ttitle=\"OSS Gjefsj\u00f8en juni 2021 Foto Lars Bugge Aarset (18)\" \n\t\t\t\t\t\tdata-caption=\"\"\n\t\t\t\t\t\tdata-description=\"\" \n\t\t\titemprop=\"contentUrl\">\n\t\t\t<img loading=\"lazy\" decoding=\"async\" src=\"https:\/\/gjefsjo.no\/wp-content\/uploads\/2021\/06\/oss-gjefsjoen-juni-2021-foto-lars-bugge-aarset-18-300x300.jpg\" alt=\"\" data-no-lazy=\"1\" itemprop=\"thumbnail\" width=\"300\" height=\"300\" \/>\n\t\t\t<!-- Overlay Wrapper -->\n\t\t\t <!-- Overlay Wrapper Closed -->\n\t\t\t\t<\/a>\n\t\t\t\t\t\t\t<meta itemprop=\"width\" content=\"300\" \/>\n\t\t\t<meta itemprop=\"height\" content=\"300\" \/>\n\t\t\t\t<a\n\t\t\thref=\"https:\/\/gjefsjo.no\/wp-content\/uploads\/2021\/06\/oss-gjefsjoen-juni-2021-foto-lars-bugge-aarset-17-1024x768.jpg\"\n\t\t\t\t\t\tdata-fancybox=\"images\" \n\t\t\ttitle=\"OSS Gjefsj\u00f8en juni 2021 Foto Lars Bugge Aarset (17)\" \n\t\t\t\t\t\tdata-caption=\"\"\n\t\t\t\t\t\tdata-description=\"\" \n\t\t\titemprop=\"contentUrl\">\n\t\t\t<img loading=\"lazy\" decoding=\"async\" src=\"https:\/\/gjefsjo.no\/wp-content\/uploads\/2021\/06\/oss-gjefsjoen-juni-2021-foto-lars-bugge-aarset-17-300x300.jpg\" alt=\"\" data-no-lazy=\"1\" itemprop=\"thumbnail\" width=\"300\" height=\"300\" \/>\n\t\t\t<!-- Overlay Wrapper -->\n\t\t\t <!-- Overlay Wrapper Closed -->\n\t\t\t\t<\/a>\n\t\t\t\t\t\t\t<meta itemprop=\"width\" content=\"300\" \/>\n\t\t\t<meta itemprop=\"height\" content=\"300\" \/>\n\t\t\t\t<a\n\t\t\thref=\"https:\/\/gjefsjo.no\/wp-content\/uploads\/2021\/06\/oss-gjefsjoen-juni-2021-foto-lars-bugge-aarset-16-1024x768.jpg\"\n\t\t\t\t\t\tdata-fancybox=\"images\" \n\t\t\ttitle=\"OSS Gjefsj\u00f8en juni 2021 Foto Lars Bugge Aarset (16)\" \n\t\t\t\t\t\tdata-caption=\"\"\n\t\t\t\t\t\tdata-description=\"\" \n\t\t\titemprop=\"contentUrl\">\n\t\t\t<img loading=\"lazy\" decoding=\"async\" src=\"https:\/\/gjefsjo.no\/wp-content\/uploads\/2021\/06\/oss-gjefsjoen-juni-2021-foto-lars-bugge-aarset-16-300x300.jpg\" alt=\"\" data-no-lazy=\"1\" itemprop=\"thumbnail\" width=\"300\" height=\"300\" \/>\n\t\t\t<!-- Overlay Wrapper -->\n\t\t\t <!-- Overlay Wrapper Closed -->\n\t\t\t\t<\/a>\n\t\t\t\t\t\t\t<meta itemprop=\"width\" content=\"300\" \/>\n\t\t\t<meta itemprop=\"height\" content=\"300\" \/>\n\t\t\t\t<a\n\t\t\thref=\"https:\/\/gjefsjo.no\/wp-content\/uploads\/2021\/06\/oss-gjefsjoen-juni-2021-foto-lars-bugge-aarset-15-1024x768.jpg\"\n\t\t\t\t\t\tdata-fancybox=\"images\" \n\t\t\ttitle=\"OSS Gjefsj\u00f8en juni 2021 Foto Lars Bugge Aarset (15)\" \n\t\t\t\t\t\tdata-caption=\"\"\n\t\t\t\t\t\tdata-description=\"\" \n\t\t\titemprop=\"contentUrl\">\n\t\t\t<img loading=\"lazy\" decoding=\"async\" src=\"https:\/\/gjefsjo.no\/wp-content\/uploads\/2021\/06\/oss-gjefsjoen-juni-2021-foto-lars-bugge-aarset-15-300x300.jpg\" alt=\"\" data-no-lazy=\"1\" itemprop=\"thumbnail\" width=\"300\" height=\"300\" \/>\n\t\t\t<!-- Overlay Wrapper -->\n\t\t\t <!-- Overlay Wrapper Closed -->\n\t\t\t\t<\/a>\n\t\t\t\t\t\t\t<meta itemprop=\"width\" content=\"300\" \/>\n\t\t\t<meta itemprop=\"height\" content=\"300\" \/>\n\t\t\t\t<a\n\t\t\thref=\"https:\/\/gjefsjo.no\/wp-content\/uploads\/2021\/06\/oss-gjefsjoen-juni-2021-foto-lars-bugge-aarset-14-1024x768.jpg\"\n\t\t\t\t\t\tdata-fancybox=\"images\" \n\t\t\ttitle=\"OSS Gjefsj\u00f8en juni 2021 Foto Lars Bugge Aarset (14)\" \n\t\t\t\t\t\tdata-caption=\"\"\n\t\t\t\t\t\tdata-description=\"\" \n\t\t\titemprop=\"contentUrl\">\n\t\t\t<img loading=\"lazy\" decoding=\"async\" src=\"https:\/\/gjefsjo.no\/wp-content\/uploads\/2021\/06\/oss-gjefsjoen-juni-2021-foto-lars-bugge-aarset-14-300x300.jpg\" alt=\"\" data-no-lazy=\"1\" itemprop=\"thumbnail\" width=\"300\" height=\"300\" \/>\n\t\t\t<!-- Overlay Wrapper -->\n\t\t\t <!-- Overlay Wrapper Closed -->\n\t\t\t\t<\/a>\n\t\t\t\t\t\t\t<meta itemprop=\"width\" content=\"300\" \/>\n\t\t\t<meta itemprop=\"height\" content=\"300\" \/>\n\t\t\t\t<a\n\t\t\thref=\"https:\/\/gjefsjo.no\/wp-content\/uploads\/2021\/06\/oss-gjefsjoen-juni-2021-foto-lars-bugge-aarset-13-1024x768.jpg\"\n\t\t\t\t\t\tdata-fancybox=\"images\" \n\t\t\ttitle=\"OSS Gjefsj\u00f8en juni 2021 Foto Lars Bugge Aarset (13)\" \n\t\t\t\t\t\tdata-caption=\"\"\n\t\t\t\t\t\tdata-description=\"\" \n\t\t\titemprop=\"contentUrl\">\n\t\t\t<img loading=\"lazy\" decoding=\"async\" src=\"https:\/\/gjefsjo.no\/wp-content\/uploads\/2021\/06\/oss-gjefsjoen-juni-2021-foto-lars-bugge-aarset-13-300x300.jpg\" alt=\"\" data-no-lazy=\"1\" itemprop=\"thumbnail\" width=\"300\" height=\"300\" \/>\n\t\t\t<!-- Overlay Wrapper -->\n\t\t\t <!-- Overlay Wrapper Closed -->\n\t\t\t\t<\/a>\n\t\t\t\t\t\t\t<meta itemprop=\"width\" content=\"300\" \/>\n\t\t\t<meta itemprop=\"height\" content=\"300\" \/>\n\t\t\t\t<a\n\t\t\thref=\"https:\/\/gjefsjo.no\/wp-content\/uploads\/2021\/06\/oss-gjefsjoen-juni-2021-foto-lars-bugge-aarset-12-1024x768.jpg\"\n\t\t\t\t\t\tdata-fancybox=\"images\" \n\t\t\ttitle=\"OSS Gjefsj\u00f8en juni 2021 Foto Lars Bugge Aarset (12)\" \n\t\t\t\t\t\tdata-caption=\"\"\n\t\t\t\t\t\tdata-description=\"\" \n\t\t\titemprop=\"contentUrl\">\n\t\t\t<img loading=\"lazy\" decoding=\"async\" src=\"https:\/\/gjefsjo.no\/wp-content\/uploads\/2021\/06\/oss-gjefsjoen-juni-2021-foto-lars-bugge-aarset-12-300x300.jpg\" alt=\"\" data-no-lazy=\"1\" itemprop=\"thumbnail\" width=\"300\" height=\"300\" \/>\n\t\t\t<!-- Overlay Wrapper -->\n\t\t\t <!-- Overlay Wrapper Closed -->\n\t\t\t\t<\/a>\n\t\t\t\t\t\t\t<meta itemprop=\"width\" content=\"300\" \/>\n\t\t\t<meta itemprop=\"height\" content=\"300\" \/>\n\t\t\t\t<a\n\t\t\thref=\"https:\/\/gjefsjo.no\/wp-content\/uploads\/2021\/06\/oss-gjefsjoen-juni-2021-foto-lars-bugge-aarset-11-1024x768.jpg\"\n\t\t\t\t\t\tdata-fancybox=\"images\" \n\t\t\ttitle=\"OSS Gjefsj\u00f8en juni 2021 Foto Lars Bugge Aarset (11)\" \n\t\t\t\t\t\tdata-caption=\"\"\n\t\t\t\t\t\tdata-description=\"\" \n\t\t\titemprop=\"contentUrl\">\n\t\t\t<img loading=\"lazy\" decoding=\"async\" src=\"https:\/\/gjefsjo.no\/wp-content\/uploads\/2021\/06\/oss-gjefsjoen-juni-2021-foto-lars-bugge-aarset-11-300x300.jpg\" alt=\"\" data-no-lazy=\"1\" itemprop=\"thumbnail\" width=\"300\" height=\"300\" \/>\n\t\t\t<!-- Overlay Wrapper -->\n\t\t\t <!-- Overlay Wrapper Closed -->\n\t\t\t\t<\/a>\n\t\t\t\t\t\t\t<meta itemprop=\"width\" content=\"300\" \/>\n\t\t\t<meta itemprop=\"height\" content=\"300\" \/>\n\t\t\t\t<a\n\t\t\thref=\"https:\/\/gjefsjo.no\/wp-content\/uploads\/2021\/06\/oss-gjefsjoen-juni-2021-foto-lars-bugge-aarset-10-1024x768.jpg\"\n\t\t\t\t\t\tdata-fancybox=\"images\" \n\t\t\ttitle=\"OSS Gjefsj\u00f8en juni 2021 Foto Lars Bugge Aarset (10)\" \n\t\t\t\t\t\tdata-caption=\"\"\n\t\t\t\t\t\tdata-description=\"\" \n\t\t\titemprop=\"contentUrl\">\n\t\t\t<img loading=\"lazy\" decoding=\"async\" src=\"https:\/\/gjefsjo.no\/wp-content\/uploads\/2021\/06\/oss-gjefsjoen-juni-2021-foto-lars-bugge-aarset-10-300x300.jpg\" alt=\"\" data-no-lazy=\"1\" itemprop=\"thumbnail\" width=\"300\" height=\"300\" \/>\n\t\t\t<!-- Overlay Wrapper -->\n\t\t\t <!-- Overlay Wrapper Closed -->\n\t\t\t\t<\/a>\n\t\t\t\t\t\t\t<meta itemprop=\"width\" content=\"300\" \/>\n\t\t\t<meta itemprop=\"height\" content=\"300\" \/>\n\t\t\t\t<a\n\t\t\thref=\"https:\/\/gjefsjo.no\/wp-content\/uploads\/2021\/06\/oss-gjefsjoen-juni-2021-foto-lars-bugge-aarset-9-1024x768.jpg\"\n\t\t\t\t\t\tdata-fancybox=\"images\" \n\t\t\ttitle=\"OSS Gjefsj\u00f8en juni 2021 Foto Lars Bugge Aarset (9)\" \n\t\t\t\t\t\tdata-caption=\"\"\n\t\t\t\t\t\tdata-description=\"\" \n\t\t\titemprop=\"contentUrl\">\n\t\t\t<img loading=\"lazy\" decoding=\"async\" src=\"https:\/\/gjefsjo.no\/wp-content\/uploads\/2021\/06\/oss-gjefsjoen-juni-2021-foto-lars-bugge-aarset-9-300x300.jpg\" alt=\"\" data-no-lazy=\"1\" itemprop=\"thumbnail\" width=\"300\" height=\"300\" \/>\n\t\t\t<!-- Overlay Wrapper -->\n\t\t\t <!-- Overlay Wrapper Closed -->\n\t\t\t\t<\/a>\n\t\t\t\t\t\t\t<meta itemprop=\"width\" content=\"300\" \/>\n\t\t\t<meta itemprop=\"height\" content=\"300\" \/>\n\t\t\t\t<a\n\t\t\thref=\"https:\/\/gjefsjo.no\/wp-content\/uploads\/2021\/06\/oss-gjefsjoen-juni-2021-foto-lars-bugge-aarset-7-1024x768.jpg\"\n\t\t\t\t\t\tdata-fancybox=\"images\" \n\t\t\ttitle=\"OSS Gjefsj\u00f8en juni 2021 Foto Lars Bugge Aarset (7)\" \n\t\t\t\t\t\tdata-caption=\"\"\n\t\t\t\t\t\tdata-description=\"\" \n\t\t\titemprop=\"contentUrl\">\n\t\t\t<img loading=\"lazy\" decoding=\"async\" src=\"https:\/\/gjefsjo.no\/wp-content\/uploads\/2021\/06\/oss-gjefsjoen-juni-2021-foto-lars-bugge-aarset-7-300x300.jpg\" alt=\"\" data-no-lazy=\"1\" itemprop=\"thumbnail\" width=\"300\" height=\"300\" \/>\n\t\t\t<!-- Overlay Wrapper -->\n\t\t\t <!-- Overlay Wrapper Closed -->\n\t\t\t\t<\/a>\n\t\t\t\t\t\t\t<meta itemprop=\"width\" content=\"300\" \/>\n\t\t\t<meta itemprop=\"height\" content=\"300\" \/>\n\t\t\t\t<a\n\t\t\thref=\"https:\/\/gjefsjo.no\/wp-content\/uploads\/2021\/06\/oss-gjefsjoen-juni-2021-foto-lars-bugge-aarset-6-1024x768.jpg\"\n\t\t\t\t\t\tdata-fancybox=\"images\" \n\t\t\ttitle=\"OSS Gjefsj\u00f8en juni 2021 Foto Lars Bugge Aarset (6)\" \n\t\t\t\t\t\tdata-caption=\"\"\n\t\t\t\t\t\tdata-description=\"\" \n\t\t\titemprop=\"contentUrl\">\n\t\t\t<img loading=\"lazy\" decoding=\"async\" src=\"https:\/\/gjefsjo.no\/wp-content\/uploads\/2021\/06\/oss-gjefsjoen-juni-2021-foto-lars-bugge-aarset-6-300x300.jpg\" alt=\"\" data-no-lazy=\"1\" itemprop=\"thumbnail\" width=\"300\" height=\"300\" \/>\n\t\t\t<!-- Overlay Wrapper -->\n\t\t\t <!-- Overlay Wrapper Closed -->\n\t\t\t\t<\/a>\n\t\t\t\t\t\t\t<meta itemprop=\"width\" content=\"300\" \/>\n\t\t\t<meta itemprop=\"height\" content=\"300\" \/>\n\t\t\t\t<a\n\t\t\thref=\"https:\/\/gjefsjo.no\/wp-content\/uploads\/2021\/06\/oss-gjefsjoen-juni-2021-foto-lars-bugge-aarset-5-1024x1365.jpg\"\n\t\t\t\t\t\tdata-fancybox=\"images\" \n\t\t\ttitle=\"OSS Gjefsj\u00f8en juni 2021 Foto Lars Bugge Aarset (5)\" \n\t\t\t\t\t\tdata-caption=\"\"\n\t\t\t\t\t\tdata-description=\"\" \n\t\t\titemprop=\"contentUrl\">\n\t\t\t<img loading=\"lazy\" decoding=\"async\" src=\"https:\/\/gjefsjo.no\/wp-content\/uploads\/2021\/06\/oss-gjefsjoen-juni-2021-foto-lars-bugge-aarset-5-300x300.jpg\" alt=\"\" data-no-lazy=\"1\" itemprop=\"thumbnail\" width=\"300\" height=\"300\" \/>\n\t\t\t<!-- Overlay Wrapper -->\n\t\t\t <!-- Overlay Wrapper Closed -->\n\t\t\t\t<\/a>\n\t\t\t\t\t\t\t<meta itemprop=\"width\" content=\"300\" \/>\n\t\t\t<meta itemprop=\"height\" content=\"300\" \/>\n\t\t\t\t<a\n\t\t\thref=\"https:\/\/gjefsjo.no\/wp-content\/uploads\/2021\/06\/oss-gjefsjoen-juni-2021-foto-lars-bugge-aarset-4-1024x768.jpg\"\n\t\t\t\t\t\tdata-fancybox=\"images\" \n\t\t\ttitle=\"OSS Gjefsj\u00f8en juni 2021 Foto Lars Bugge Aarset (4)\" \n\t\t\t\t\t\tdata-caption=\"\"\n\t\t\t\t\t\tdata-description=\"\" \n\t\t\titemprop=\"contentUrl\">\n\t\t\t<img loading=\"lazy\" decoding=\"async\" src=\"https:\/\/gjefsjo.no\/wp-content\/uploads\/2021\/06\/oss-gjefsjoen-juni-2021-foto-lars-bugge-aarset-4-300x300.jpg\" alt=\"\" data-no-lazy=\"1\" itemprop=\"thumbnail\" width=\"300\" height=\"300\" \/>\n\t\t\t<!-- Overlay Wrapper -->\n\t\t\t <!-- Overlay Wrapper Closed -->\n\t\t\t\t<\/a>\n\t\t\t\t\t\t\t<meta itemprop=\"width\" content=\"300\" \/>\n\t\t\t<meta itemprop=\"height\" content=\"300\" \/>\n\t\t\t\t<a\n\t\t\thref=\"https:\/\/gjefsjo.no\/wp-content\/uploads\/2021\/06\/oss-gjefsjoen-juni-2021-foto-lars-bugge-aarset-2-1024x498.jpg\"\n\t\t\t\t\t\tdata-fancybox=\"images\" \n\t\t\ttitle=\"OSS Gjefsj\u00f8en juni 2021 Foto Lars Bugge Aarset (2)\" \n\t\t\t\t\t\tdata-caption=\"\"\n\t\t\t\t\t\tdata-description=\"\" \n\t\t\titemprop=\"contentUrl\">\n\t\t\t<img loading=\"lazy\" decoding=\"async\" src=\"https:\/\/gjefsjo.no\/wp-content\/uploads\/2021\/06\/oss-gjefsjoen-juni-2021-foto-lars-bugge-aarset-2-300x300.jpg\" alt=\"\" data-no-lazy=\"1\" itemprop=\"thumbnail\" width=\"300\" height=\"300\" \/>\n\t\t\t<!-- Overlay Wrapper -->\n\t\t\t <!-- Overlay Wrapper Closed -->\n\t\t\t\t<\/a>\n\t\t\t\t\t\t\t<meta itemprop=\"width\" content=\"300\" \/>\n\t\t\t<meta itemprop=\"height\" content=\"300\" \/>\n\t\t\t\t<a\n\t\t\thref=\"https:\/\/gjefsjo.no\/wp-content\/uploads\/2021\/06\/oss-gjefsjoen-juni-2021-foto-lars-bugge-aarset-1-1024x590.jpg\"\n\t\t\t\t\t\tdata-fancybox=\"images\" \n\t\t\ttitle=\"OSS Gjefsj\u00f8en juni 2021 Foto Lars Bugge Aarset (1)\" \n\t\t\t\t\t\tdata-caption=\"\"\n\t\t\t\t\t\tdata-description=\"\" \n\t\t\titemprop=\"contentUrl\">\n\t\t\t<img loading=\"lazy\" decoding=\"async\" src=\"https:\/\/gjefsjo.no\/wp-content\/uploads\/2021\/06\/oss-gjefsjoen-juni-2021-foto-lars-bugge-aarset-1-300x300.jpg\" alt=\"\" data-no-lazy=\"1\" itemprop=\"thumbnail\" width=\"300\" height=\"300\" \/>\n\t\t\t<!-- Overlay Wrapper -->\n\t\t\t <!-- Overlay Wrapper Closed -->\n\t\t\t\t<\/a>\n\t\t\t\t\t\t\t<meta itemprop=\"width\" content=\"300\" \/>\n\t\t\t<meta itemprop=\"height\" content=\"300\" \/>\n\t\t\t\t<a\n\t\t\thref=\"https:\/\/gjefsjo.no\/wp-content\/uploads\/2020\/12\/bilder-fra-tidligere-tider-519-1024x576.jpg\"\n\t\t\t\t\t\tdata-fancybox=\"images\" \n\t\t\ttitle=\"H\u00f8yonnsfolk p\u00e5 Gjefsj\u00f8en fjellg\u00e5rd. Bilde fra ca. 1920\" \n\t\t\t\t\t\tdata-caption=\"\"\n\t\t\t\t\t\tdata-description=\"H\u00f8yonnsfolk ca. 1920. F.v.: Ukjent, Nikolai Gjefsj\u00f8, Lornts Rossberget (far til Lisabeth), Lena (datter til Lisabeth og Nils), Ingeborg (s\u00f8ster til Nils), Ingeborg d.e. (mor til Nils) Lisabeth og Nils Gjefsj\u00f8. Trolig det eldste bildet som viser bygningen som ble hovedkvarter for Operasjon Rype.\" \n\t\t\titemprop=\"contentUrl\">\n\t\t\t<img loading=\"lazy\" decoding=\"async\" src=\"https:\/\/gjefsjo.no\/wp-content\/uploads\/2020\/12\/bilder-fra-tidligere-tider-519-300x300.jpg\" alt=\"\" data-no-lazy=\"1\" itemprop=\"thumbnail\" width=\"300\" height=\"300\" \/>\n\t\t\t<!-- Overlay Wrapper -->\n\t\t\t <!-- Overlay Wrapper Closed -->\n\t\t\t\t<\/a>\n\t\t\t\t\t\t\t<meta itemprop=\"width\" content=\"300\" \/>\n\t\t\t<meta itemprop=\"height\" content=\"300\" \/>\n\t\t\t\t<a\n\t\t\thref=\"https:\/\/gjefsjo.no\/wp-content\/uploads\/2021\/06\/dugnad-oss-gjefsjoen-juni-2021-foto-ebbe-deraas-15-1024x1365.jpg\"\n\t\t\t\t\t\tdata-fancybox=\"images\" \n\t\t\ttitle=\"Dugnad OSS Gjefsj\u00f8en juni 2021 foto Ebbe Deraas (15)\" \n\t\t\t\t\t\tdata-caption=\"\"\n\t\t\t\t\t\tdata-description=\"Dugnad OSS Gjefsj\u00f8en juni 2021 foto Ebbe Deraas\" \n\t\t\titemprop=\"contentUrl\">\n\t\t\t<img loading=\"lazy\" decoding=\"async\" src=\"https:\/\/gjefsjo.no\/wp-content\/uploads\/2021\/06\/dugnad-oss-gjefsjoen-juni-2021-foto-ebbe-deraas-15-300x300.jpg\" alt=\"Dugnad OSS Gjefsj\u00f8en juni 2021 foto Ebbe Deraas\" data-no-lazy=\"1\" itemprop=\"thumbnail\" width=\"300\" height=\"300\" \/>\n\t\t\t<!-- Overlay Wrapper -->\n\t\t\t <!-- Overlay Wrapper Closed -->\n\t\t\t\t<\/a>\n\t\t\t\t\t\t\t<meta itemprop=\"width\" content=\"300\" \/>\n\t\t\t<meta itemprop=\"height\" content=\"300\" \/>\n\t\t\t\t<a\n\t\t\thref=\"https:\/\/gjefsjo.no\/wp-content\/uploads\/2021\/06\/dugnad-oss-gjefsjoen-juni-2021-foto-ebbe-deraas-14-1024x768.jpg\"\n\t\t\t\t\t\tdata-fancybox=\"images\" \n\t\t\ttitle=\"Dugnad OSS Gjefsj\u00f8en juni 2021 foto Ebbe Deraas (14)\" \n\t\t\t\t\t\tdata-caption=\"\"\n\t\t\t\t\t\tdata-description=\"Dugnad OSS Gjefsj\u00f8en juni 2021 foto Ebbe Deraas\" \n\t\t\titemprop=\"contentUrl\">\n\t\t\t<img loading=\"lazy\" decoding=\"async\" src=\"https:\/\/gjefsjo.no\/wp-content\/uploads\/2021\/06\/dugnad-oss-gjefsjoen-juni-2021-foto-ebbe-deraas-14-300x300.jpg\" alt=\"Dugnad OSS Gjefsj\u00f8en juni 2021 foto Ebbe Deraas\" data-no-lazy=\"1\" itemprop=\"thumbnail\" width=\"300\" height=\"300\" \/>\n\t\t\t<!-- Overlay Wrapper -->\n\t\t\t <!-- Overlay Wrapper Closed -->\n\t\t\t\t<\/a>\n\t\t\t\t\t\t\t<meta itemprop=\"width\" content=\"300\" \/>\n\t\t\t<meta itemprop=\"height\" content=\"300\" \/>\n\t\t\t\t<a\n\t\t\thref=\"https:\/\/gjefsjo.no\/wp-content\/uploads\/2021\/06\/dugnad-oss-gjefsjoen-juni-2021-foto-ebbe-deraas-13-1024x1365.jpg\"\n\t\t\t\t\t\tdata-fancybox=\"images\" \n\t\t\ttitle=\"Dugnad OSS Gjefsj\u00f8en juni 2021 foto Ebbe Deraas (13)\" \n\t\t\t\t\t\tdata-caption=\"\"\n\t\t\t\t\t\tdata-description=\"Dugnad OSS Gjefsj\u00f8en juni 2021 foto Ebbe Deraas\" \n\t\t\titemprop=\"contentUrl\">\n\t\t\t<img loading=\"lazy\" decoding=\"async\" src=\"https:\/\/gjefsjo.no\/wp-content\/uploads\/2021\/06\/dugnad-oss-gjefsjoen-juni-2021-foto-ebbe-deraas-13-300x300.jpg\" alt=\"Dugnad OSS Gjefsj\u00f8en juni 2021 foto Ebbe Deraas\" data-no-lazy=\"1\" itemprop=\"thumbnail\" width=\"300\" height=\"300\" \/>\n\t\t\t<!-- Overlay Wrapper -->\n\t\t\t <!-- Overlay Wrapper Closed -->\n\t\t\t\t<\/a>\n\t\t\t\t\t\t\t<meta itemprop=\"width\" content=\"300\" \/>\n\t\t\t<meta itemprop=\"height\" content=\"300\" \/>\n\t\t\t\t<a\n\t\t\thref=\"https:\/\/gjefsjo.no\/wp-content\/uploads\/2021\/06\/dugnad-oss-gjefsjoen-juni-2021-foto-ebbe-deraas-12-1024x828.jpg\"\n\t\t\t\t\t\tdata-fancybox=\"images\" \n\t\t\ttitle=\"Dugnad OSS Gjefsj\u00f8en juni 2021 foto Ebbe Deraas (12)\" \n\t\t\t\t\t\tdata-caption=\"\"\n\t\t\t\t\t\tdata-description=\"Dugnad OSS Gjefsj\u00f8en juni 2021 foto Ebbe Deraas\" \n\t\t\titemprop=\"contentUrl\">\n\t\t\t<img loading=\"lazy\" decoding=\"async\" src=\"https:\/\/gjefsjo.no\/wp-content\/uploads\/2021\/06\/dugnad-oss-gjefsjoen-juni-2021-foto-ebbe-deraas-12-300x300.jpg\" alt=\"Dugnad OSS Gjefsj\u00f8en juni 2021 foto Ebbe Deraas\" data-no-lazy=\"1\" itemprop=\"thumbnail\" width=\"300\" height=\"300\" \/>\n\t\t\t<!-- Overlay Wrapper -->\n\t\t\t <!-- Overlay Wrapper Closed -->\n\t\t\t\t<\/a>\n\t\t\t\t\t\t\t<meta itemprop=\"width\" content=\"300\" \/>\n\t\t\t<meta itemprop=\"height\" content=\"300\" \/>\n\t\t\t\t<a\n\t\t\thref=\"https:\/\/gjefsjo.no\/wp-content\/uploads\/2021\/06\/dugnad-oss-gjefsjoen-juni-2021-foto-ebbe-deraas-11-1024x1365.jpg\"\n\t\t\t\t\t\tdata-fancybox=\"images\" \n\t\t\ttitle=\"Dugnad OSS Gjefsj\u00f8en juni 2021 foto Ebbe Deraas (11)\" \n\t\t\t\t\t\tdata-caption=\"\"\n\t\t\t\t\t\tdata-description=\"Dugnad OSS Gjefsj\u00f8en juni 2021 foto Ebbe Deraas\" \n\t\t\titemprop=\"contentUrl\">\n\t\t\t<img loading=\"lazy\" decoding=\"async\" src=\"https:\/\/gjefsjo.no\/wp-content\/uploads\/2021\/06\/dugnad-oss-gjefsjoen-juni-2021-foto-ebbe-deraas-11-300x300.jpg\" alt=\"Dugnad OSS Gjefsj\u00f8en juni 2021 foto Ebbe Deraas\" data-no-lazy=\"1\" itemprop=\"thumbnail\" width=\"300\" height=\"300\" \/>\n\t\t\t<!-- Overlay Wrapper -->\n\t\t\t <!-- Overlay Wrapper Closed -->\n\t\t\t\t<\/a>\n\t\t\t\t\t\t\t<meta itemprop=\"width\" content=\"300\" \/>\n\t\t\t<meta itemprop=\"height\" content=\"300\" \/>\n\t\t\t\t<a\n\t\t\thref=\"https:\/\/gjefsjo.no\/wp-content\/uploads\/2021\/06\/dugnad-oss-gjefsjoen-juni-2021-foto-ebbe-deraas-9-1024x768.jpg\"\n\t\t\t\t\t\tdata-fancybox=\"images\" \n\t\t\ttitle=\"Dugnad OSS Gjefsj\u00f8en juni 2021 foto Ebbe Deraas (9)\" \n\t\t\t\t\t\tdata-caption=\"\"\n\t\t\t\t\t\tdata-description=\"Dugnad OSS Gjefsj\u00f8en juni 2021 foto Ebbe Deraas\" \n\t\t\titemprop=\"contentUrl\">\n\t\t\t<img loading=\"lazy\" decoding=\"async\" src=\"https:\/\/gjefsjo.no\/wp-content\/uploads\/2021\/06\/dugnad-oss-gjefsjoen-juni-2021-foto-ebbe-deraas-9-300x300.jpg\" alt=\"Dugnad OSS Gjefsj\u00f8en juni 2021 foto Ebbe Deraas\" data-no-lazy=\"1\" itemprop=\"thumbnail\" width=\"300\" height=\"300\" \/>\n\t\t\t<!-- Overlay Wrapper -->\n\t\t\t <!-- Overlay Wrapper Closed -->\n\t\t\t\t<\/a>\n\t\t\t\t\t\t\t<meta itemprop=\"width\" content=\"300\" \/>\n\t\t\t<meta itemprop=\"height\" content=\"300\" \/>\n\t\t\t\t<a\n\t\t\thref=\"https:\/\/gjefsjo.no\/wp-content\/uploads\/2021\/06\/dugnad-oss-gjefsjoen-juni-2021-foto-ebbe-deraas-6-1024x1365.jpg\"\n\t\t\t\t\t\tdata-fancybox=\"images\" \n\t\t\ttitle=\"Dugnad OSS Gjefsj\u00f8en juni 2021 foto Ebbe Deraas (6)\" \n\t\t\t\t\t\tdata-caption=\"\"\n\t\t\t\t\t\tdata-description=\"Dugnad OSS Gjefsj\u00f8en juni 2021 foto Ebbe Deraas\" \n\t\t\titemprop=\"contentUrl\">\n\t\t\t<img loading=\"lazy\" decoding=\"async\" src=\"https:\/\/gjefsjo.no\/wp-content\/uploads\/2021\/06\/dugnad-oss-gjefsjoen-juni-2021-foto-ebbe-deraas-6-300x300.jpg\" alt=\"Dugnad OSS Gjefsj\u00f8en juni 2021 foto Ebbe Deraas\" data-no-lazy=\"1\" itemprop=\"thumbnail\" width=\"300\" height=\"300\" \/>\n\t\t\t<!-- Overlay Wrapper -->\n\t\t\t <!-- Overlay Wrapper Closed -->\n\t\t\t\t<\/a>\n\t\t\t\t\t\t\t<meta itemprop=\"width\" content=\"300\" \/>\n\t\t\t<meta itemprop=\"height\" content=\"300\" \/>\n\t\t\t\t<a\n\t\t\thref=\"https:\/\/gjefsjo.no\/wp-content\/uploads\/2021\/06\/dugnad-oss-gjefsjoen-juni-2021-foto-ebbe-deraas-4-1024x1365.jpg\"\n\t\t\t\t\t\tdata-fancybox=\"images\" \n\t\t\ttitle=\"Dugnad OSS Gjefsj\u00f8en juni 2021 foto Ebbe Deraas (4)\" \n\t\t\t\t\t\tdata-caption=\"\"\n\t\t\t\t\t\tdata-description=\"Dugnad OSS Gjefsj\u00f8en juni 2021 foto Ebbe Deraas\" \n\t\t\titemprop=\"contentUrl\">\n\t\t\t<img loading=\"lazy\" decoding=\"async\" src=\"https:\/\/gjefsjo.no\/wp-content\/uploads\/2021\/06\/dugnad-oss-gjefsjoen-juni-2021-foto-ebbe-deraas-4-300x300.jpg\" alt=\"Dugnad OSS Gjefsj\u00f8en juni 2021 foto Ebbe Deraas\" data-no-lazy=\"1\" itemprop=\"thumbnail\" width=\"300\" height=\"300\" \/>\n\t\t\t<!-- Overlay Wrapper -->\n\t\t\t <!-- Overlay Wrapper Closed -->\n\t\t\t\t<\/a>\n\t\t\t\t\t\t\t<meta itemprop=\"width\" content=\"300\" \/>\n\t\t\t<meta itemprop=\"height\" content=\"300\" \/>\n\t\t\t\t<a\n\t\t\thref=\"https:\/\/gjefsjo.no\/wp-content\/uploads\/2021\/06\/dugnad-oss-gjefsjoen-juni-2021-foto-ebbe-deraas-3-1024x1365.jpg\"\n\t\t\t\t\t\tdata-fancybox=\"images\" \n\t\t\ttitle=\"Dugnad OSS Gjefsj\u00f8en juni 2021 foto Ebbe Deraas (3)\" \n\t\t\t\t\t\tdata-caption=\"\"\n\t\t\t\t\t\tdata-description=\"Dugnad OSS Gjefsj\u00f8en juni 2021 foto Ebbe Deraas\" \n\t\t\titemprop=\"contentUrl\">\n\t\t\t<img loading=\"lazy\" decoding=\"async\" src=\"https:\/\/gjefsjo.no\/wp-content\/uploads\/2021\/06\/dugnad-oss-gjefsjoen-juni-2021-foto-ebbe-deraas-3-300x300.jpg\" alt=\"Dugnad OSS Gjefsj\u00f8en juni 2021 foto Ebbe Deraas\" data-no-lazy=\"1\" itemprop=\"thumbnail\" width=\"300\" height=\"300\" \/>\n\t\t\t<!-- Overlay Wrapper -->\n\t\t\t <!-- Overlay Wrapper Closed -->\n\t\t\t\t<\/a>\n\t\t\t\t\t\t\t<meta itemprop=\"width\" content=\"300\" \/>\n\t\t\t<meta itemprop=\"height\" content=\"300\" \/>\n\t\t\t\t<a\n\t\t\thref=\"https:\/\/gjefsjo.no\/wp-content\/uploads\/2021\/06\/dugnad-oss-gjefsjoen-juni-2021-foto-ebbe-deraas-2-1024x1365.jpg\"\n\t\t\t\t\t\tdata-fancybox=\"images\" \n\t\t\ttitle=\"Dugnad OSS Gjefsj\u00f8en juni 2021 foto Ebbe Deraas (2)\" \n\t\t\t\t\t\tdata-caption=\"\"\n\t\t\t\t\t\tdata-description=\"Dugnad OSS Gjefsj\u00f8en juni 2021 foto Ebbe Deraas\" \n\t\t\titemprop=\"contentUrl\">\n\t\t\t<img loading=\"lazy\" decoding=\"async\" src=\"https:\/\/gjefsjo.no\/wp-content\/uploads\/2021\/06\/dugnad-oss-gjefsjoen-juni-2021-foto-ebbe-deraas-2-300x300.jpg\" alt=\"Dugnad OSS Gjefsj\u00f8en juni 2021 foto Ebbe Deraas\" data-no-lazy=\"1\" itemprop=\"thumbnail\" width=\"300\" height=\"300\" \/>\n\t\t\t<!-- Overlay Wrapper -->\n\t\t\t <!-- Overlay Wrapper Closed -->\n\t\t\t\t<\/a>\n\t\t\t\t\t\t\t<meta itemprop=\"width\" content=\"300\" \/>\n\t\t\t<meta itemprop=\"height\" content=\"300\" \/>\n\t\t\t\t<a\n\t\t\thref=\"https:\/\/gjefsjo.no\/wp-content\/uploads\/2021\/06\/dugnad-oss-gjefsjoen-juni-2021-foto-ebbe-deraas-1-1024x768.jpg\"\n\t\t\t\t\t\tdata-fancybox=\"images\" \n\t\t\ttitle=\"Dugnad OSS Gjefsj\u00f8en juni 2021 foto Ebbe Deraas (1)\" \n\t\t\t\t\t\tdata-caption=\"\"\n\t\t\t\t\t\tdata-description=\"Dugnad OSS Gjefsj\u00f8en juni 2021 foto Ebbe Deraas\" \n\t\t\titemprop=\"contentUrl\">\n\t\t\t<img loading=\"lazy\" decoding=\"async\" src=\"https:\/\/gjefsjo.no\/wp-content\/uploads\/2021\/06\/dugnad-oss-gjefsjoen-juni-2021-foto-ebbe-deraas-1-300x300.jpg\" alt=\"Dugnad OSS Gjefsj\u00f8en juni 2021 foto Ebbe Deraas\" data-no-lazy=\"1\" itemprop=\"thumbnail\" width=\"300\" height=\"300\" \/>\n\t\t\t<!-- Overlay Wrapper -->\n\t\t\t <!-- Overlay Wrapper Closed -->\n\t\t\t\t<\/a>\n\t\t\t\t\t\t\t<meta itemprop=\"width\" content=\"300\" \/>\n\t\t\t<meta itemprop=\"height\" content=\"300\" \/>\n\t\t\t\t<a\n\t\t\thref=\"https:\/\/gjefsjo.no\/wp-content\/uploads\/2021\/08\/gjefsjoakevitt-operrasjon-rype-1945-foto-lars-bugge-aarset-6-1024x498.jpg\"\n\t\t\t\t\t\tdata-fancybox=\"images\" \n\t\t\ttitle=\"Gjefsj\u00f8akevitt - Operrasjon Rype 1945 Foto Lars Bugge Aarset (6)\" \n\t\t\t\t\t\tdata-caption=\"\"\n\t\t\t\t\t\tdata-description=\"\" \n\t\t\titemprop=\"contentUrl\">\n\t\t\t<img loading=\"lazy\" decoding=\"async\" src=\"https:\/\/gjefsjo.no\/wp-content\/uploads\/2021\/08\/gjefsjoakevitt-operrasjon-rype-1945-foto-lars-bugge-aarset-6-300x300.jpg\" alt=\"\" data-no-lazy=\"1\" itemprop=\"thumbnail\" width=\"300\" height=\"300\" \/>\n\t\t\t<!-- Overlay Wrapper -->\n\t\t\t <!-- Overlay Wrapper Closed -->\n\t\t\t\t<\/a>\n\t\t\t\t\t\t\t<meta itemprop=\"width\" content=\"300\" \/>\n\t\t\t<meta itemprop=\"height\" content=\"300\" \/>\n\t\t\t\t<a\n\t\t\thref=\"https:\/\/gjefsjo.no\/wp-content\/uploads\/2021\/08\/gjefsjoakevitt-operrasjon-rype-1945-foto-lars-bugge-aarset-7-1024x498.jpg\"\n\t\t\t\t\t\tdata-fancybox=\"images\" \n\t\t\ttitle=\"Gjefsj\u00f8akevitt - Operrasjon Rype 1945 Foto Lars Bugge Aarset (7)\" \n\t\t\t\t\t\tdata-caption=\"\"\n\t\t\t\t\t\tdata-description=\"\" \n\t\t\titemprop=\"contentUrl\">\n\t\t\t<img loading=\"lazy\" decoding=\"async\" src=\"https:\/\/gjefsjo.no\/wp-content\/uploads\/2021\/08\/gjefsjoakevitt-operrasjon-rype-1945-foto-lars-bugge-aarset-7-300x300.jpg\" alt=\"\" data-no-lazy=\"1\" itemprop=\"thumbnail\" width=\"300\" height=\"300\" \/>\n\t\t\t<!-- Overlay Wrapper -->\n\t\t\t <!-- Overlay Wrapper Closed -->\n\t\t\t\t<\/a>\n\t\t\t\t\t\t\t<meta itemprop=\"width\" content=\"300\" \/>\n\t\t\t<meta itemprop=\"height\" content=\"300\" \/>\n\t\t\t\t<a\n\t\t\thref=\"https:\/\/gjefsjo.no\/wp-content\/uploads\/2021\/08\/gjefsjoakevitt-matriketmidt.jpg\"\n\t\t\t\t\t\tdata-fancybox=\"images\" \n\t\t\ttitle=\"Gjefsj\u00f8akevitt MatriketMidt\" \n\t\t\t\t\t\tdata-caption=\"\"\n\t\t\t\t\t\tdata-description=\"\" \n\t\t\titemprop=\"contentUrl\">\n\t\t\t<img loading=\"lazy\" decoding=\"async\" src=\"https:\/\/gjefsjo.no\/wp-content\/uploads\/2021\/08\/gjefsjoakevitt-matriketmidt-300x300.jpg\" alt=\"\" data-no-lazy=\"1\" itemprop=\"thumbnail\" width=\"300\" height=\"300\" \/>\n\t\t\t<!-- Overlay Wrapper -->\n\t\t\t <!-- Overlay Wrapper Closed -->\n\t\t\t\t<\/a>\n\t\t\t\t\t\t\t<meta itemprop=\"width\" content=\"300\" \/>\n\t\t\t<meta itemprop=\"height\" content=\"300\" \/>\n\t\t\t\t<a\n\t\t\thref=\"https:\/\/gjefsjo.no\/wp-content\/uploads\/2021\/08\/gjefsjoakevitt-operrasjon-rype-1945-foto-lars-bugge-aarset-5-1024x498.jpg\"\n\t\t\t\t\t\tdata-fancybox=\"images\" \n\t\t\ttitle=\"Gjefsj\u00f8akevitt - Operrasjon Rype 1945 Foto Lars Bugge Aarset (5)\" \n\t\t\t\t\t\tdata-caption=\"\"\n\t\t\t\t\t\tdata-description=\"\" \n\t\t\titemprop=\"contentUrl\">\n\t\t\t<img loading=\"lazy\" decoding=\"async\" src=\"https:\/\/gjefsjo.no\/wp-content\/uploads\/2021\/08\/gjefsjoakevitt-operrasjon-rype-1945-foto-lars-bugge-aarset-5-300x300.jpg\" alt=\"\" data-no-lazy=\"1\" itemprop=\"thumbnail\" width=\"300\" height=\"300\" \/>\n\t\t\t<!-- Overlay Wrapper -->\n\t\t\t <!-- Overlay Wrapper Closed -->\n\t\t\t\t<\/a>\n\t\t\t\t\t\t\t<meta itemprop=\"width\" content=\"300\" \/>\n\t\t\t<meta itemprop=\"height\" content=\"300\" \/>\n\t\t\t\t<a\n\t\t\thref=\"https:\/\/gjefsjo.no\/wp-content\/uploads\/2021\/04\/oss-gjefsjoen-logo.jpg\"\n\t\t\t\t\t\tdata-fancybox=\"images\" \n\t\t\ttitle=\"OSS Gjefsjoen logo\" \n\t\t\t\t\t\tdata-caption=\"\"\n\t\t\t\t\t\tdata-description=\"OSS Gjefsjoen logo\" \n\t\t\titemprop=\"contentUrl\">\n\t\t\t<img loading=\"lazy\" decoding=\"async\" src=\"https:\/\/gjefsjo.no\/wp-content\/uploads\/2021\/04\/oss-gjefsjoen-logo-300x300.jpg\" alt=\"OSS Gjefsjoen logo\" data-no-lazy=\"1\" itemprop=\"thumbnail\" width=\"300\" height=\"300\" \/>\n\t\t\t<!-- Overlay Wrapper -->\n\t\t\t <!-- Overlay Wrapper Closed -->\n\t\t\t\t<\/a>\n\t\t\t\t\t\t\t<meta itemprop=\"width\" content=\"300\" \/>\n\t\t\t<meta itemprop=\"height\" content=\"300\" \/>\n\t\t\t\t<a\n\t\t\thref=\"https:\/\/gjefsjo.no\/wp-content\/uploads\/2021\/04\/dugnad-og-hv12-sitt-besok-pa-oss-gjefsjoen-april-2021-10-1024x768.jpg\"\n\t\t\t\t\t\tdata-fancybox=\"images\" \n\t\t\ttitle=\"Dugnad og HV12 sitt bes\u00f8k p\u00e5 OSS Gjefsj\u00f8en april 2021 (10)\" \n\t\t\t\t\t\tdata-caption=\"\"\n\t\t\t\t\t\tdata-description=\"\" \n\t\t\titemprop=\"contentUrl\">\n\t\t\t<img loading=\"lazy\" decoding=\"async\" src=\"https:\/\/gjefsjo.no\/wp-content\/uploads\/2021\/04\/dugnad-og-hv12-sitt-besok-pa-oss-gjefsjoen-april-2021-10-300x300.jpg\" alt=\"\" data-no-lazy=\"1\" itemprop=\"thumbnail\" width=\"300\" height=\"300\" \/>\n\t\t\t<!-- Overlay Wrapper -->\n\t\t\t <!-- Overlay Wrapper Closed -->\n\t\t\t\t<\/a>\n\t\t\t\t\t\t\t<meta itemprop=\"width\" content=\"300\" \/>\n\t\t\t<meta itemprop=\"height\" content=\"300\" \/>\n\t\t\t\t<a\n\t\t\thref=\"https:\/\/gjefsjo.no\/wp-content\/uploads\/2021\/04\/dugnad-og-hv12-sitt-besok-pa-oss-gjefsjoen-april-2021-4.jpg\"\n\t\t\t\t\t\tdata-fancybox=\"images\" \n\t\t\ttitle=\"Dugnad og HV12 sitt bes\u00f8k p\u00e5 OSS Gjefsj\u00f8en april 2021 (4)\" \n\t\t\t\t\t\tdata-caption=\"\"\n\t\t\t\t\t\tdata-description=\"\" \n\t\t\titemprop=\"contentUrl\">\n\t\t\t<img loading=\"lazy\" decoding=\"async\" src=\"https:\/\/gjefsjo.no\/wp-content\/uploads\/2021\/04\/dugnad-og-hv12-sitt-besok-pa-oss-gjefsjoen-april-2021-4-300x300.jpg\" alt=\"\" data-no-lazy=\"1\" itemprop=\"thumbnail\" width=\"300\" height=\"300\" \/>\n\t\t\t<!-- Overlay Wrapper -->\n\t\t\t <!-- Overlay Wrapper Closed -->\n\t\t\t\t<\/a>\n\t\t\t\t\t\t\t<meta itemprop=\"width\" content=\"300\" \/>\n\t\t\t<meta itemprop=\"height\" content=\"300\" \/>\n\t\t\t\t<a\n\t\t\thref=\"https:\/\/gjefsjo.no\/wp-content\/uploads\/2021\/04\/dugnad-og-hv12-sitt-besok-pa-oss-gjefsjoen-april-2021-3.jpg\"\n\t\t\t\t\t\tdata-fancybox=\"images\" \n\t\t\ttitle=\"Dugnad og HV12 sitt bes\u00f8k p\u00e5 OSS Gjefsj\u00f8en april 2021 (3)\" \n\t\t\t\t\t\tdata-caption=\"\"\n\t\t\t\t\t\tdata-description=\"\" \n\t\t\titemprop=\"contentUrl\">\n\t\t\t<img loading=\"lazy\" decoding=\"async\" src=\"https:\/\/gjefsjo.no\/wp-content\/uploads\/2021\/04\/dugnad-og-hv12-sitt-besok-pa-oss-gjefsjoen-april-2021-3-300x300.jpg\" alt=\"\" data-no-lazy=\"1\" itemprop=\"thumbnail\" width=\"300\" height=\"300\" \/>\n\t\t\t<!-- Overlay Wrapper -->\n\t\t\t <!-- Overlay Wrapper Closed -->\n\t\t\t\t<\/a>\n\t\t\t\t\t\t\t<meta itemprop=\"width\" content=\"300\" \/>\n\t\t\t<meta itemprop=\"height\" content=\"300\" \/>\n\t\t\t\t<a\n\t\t\thref=\"https:\/\/gjefsjo.no\/wp-content\/uploads\/2021\/04\/dugnad-og-hv12-sitt-besok-pa-oss-gjefsjoen-april-2021-16-1024x768.jpg\"\n\t\t\t\t\t\tdata-fancybox=\"images\" \n\t\t\ttitle=\"Dugnad og HV12 sitt bes\u00f8k p\u00e5 OSS Gjefsj\u00f8en april 2021 (16)\" \n\t\t\t\t\t\tdata-caption=\"\"\n\t\t\t\t\t\tdata-description=\"\" \n\t\t\titemprop=\"contentUrl\">\n\t\t\t<img loading=\"lazy\" decoding=\"async\" src=\"https:\/\/gjefsjo.no\/wp-content\/uploads\/2021\/04\/dugnad-og-hv12-sitt-besok-pa-oss-gjefsjoen-april-2021-16-300x300.jpg\" alt=\"\" data-no-lazy=\"1\" itemprop=\"thumbnail\" width=\"300\" height=\"300\" \/>\n\t\t\t<!-- Overlay Wrapper -->\n\t\t\t <!-- Overlay Wrapper Closed -->\n\t\t\t\t<\/a>\n\t\t\t\t\t\t\t<meta itemprop=\"width\" content=\"300\" \/>\n\t\t\t<meta itemprop=\"height\" content=\"300\" \/>\n\t\t\t\t<a\n\t\t\thref=\"https:\/\/gjefsjo.no\/wp-content\/uploads\/2021\/04\/dugnad-og-hv12-sitt-besok-pa-oss-gjefsjoen-april-2021-14-1024x768.jpg\"\n\t\t\t\t\t\tdata-fancybox=\"images\" \n\t\t\ttitle=\"Dugnad og HV12 sitt bes\u00f8k p\u00e5 OSS Gjefsj\u00f8en april 2021 (14)\" \n\t\t\t\t\t\tdata-caption=\"\"\n\t\t\t\t\t\tdata-description=\"\" \n\t\t\titemprop=\"contentUrl\">\n\t\t\t<img loading=\"lazy\" decoding=\"async\" src=\"https:\/\/gjefsjo.no\/wp-content\/uploads\/2021\/04\/dugnad-og-hv12-sitt-besok-pa-oss-gjefsjoen-april-2021-14-300x300.jpg\" alt=\"\" data-no-lazy=\"1\" itemprop=\"thumbnail\" width=\"300\" height=\"300\" \/>\n\t\t\t<!-- Overlay Wrapper -->\n\t\t\t <!-- Overlay Wrapper Closed -->\n\t\t\t\t<\/a>\n\t\t\t\t\t\t\t<meta itemprop=\"width\" content=\"300\" \/>\n\t\t\t<meta itemprop=\"height\" content=\"300\" \/>\n\t\t\t\t<a\n\t\t\thref=\"https:\/\/gjefsjo.no\/wp-content\/uploads\/2021\/04\/dugnad-og-hv12-sitt-besok-pa-oss-gjefsjoen-april-2021-11-1024x768.jpg\"\n\t\t\t\t\t\tdata-fancybox=\"images\" \n\t\t\ttitle=\"Dugnad og HV12 sitt bes\u00f8k p\u00e5 OSS Gjefsj\u00f8en april 2021 (11)\" \n\t\t\t\t\t\tdata-caption=\"\"\n\t\t\t\t\t\tdata-description=\"\" \n\t\t\titemprop=\"contentUrl\">\n\t\t\t<img loading=\"lazy\" decoding=\"async\" src=\"https:\/\/gjefsjo.no\/wp-content\/uploads\/2021\/04\/dugnad-og-hv12-sitt-besok-pa-oss-gjefsjoen-april-2021-11-300x300.jpg\" alt=\"\" data-no-lazy=\"1\" itemprop=\"thumbnail\" width=\"300\" height=\"300\" \/>\n\t\t\t<!-- Overlay Wrapper -->\n\t\t\t <!-- Overlay Wrapper Closed -->\n\t\t\t\t<\/a>\n\t\t\t\t\t\t\t<meta itemprop=\"width\" content=\"300\" \/>\n\t\t\t<meta itemprop=\"height\" content=\"300\" \/>\n\t\t\t\t<a\n\t\t\thref=\"https:\/\/gjefsjo.no\/wp-content\/uploads\/2021\/04\/dugnad-og-hv12-sitt-besok-pa-oss-gjefsjoen-april-2021-8-1024x768.jpg\"\n\t\t\t\t\t\tdata-fancybox=\"images\" \n\t\t\ttitle=\"Dugnad og HV12 sitt bes\u00f8k p\u00e5 OSS Gjefsj\u00f8en april 2021 (8)\" \n\t\t\t\t\t\tdata-caption=\"\"\n\t\t\t\t\t\tdata-description=\"\" \n\t\t\titemprop=\"contentUrl\">\n\t\t\t<img loading=\"lazy\" decoding=\"async\" src=\"https:\/\/gjefsjo.no\/wp-content\/uploads\/2021\/04\/dugnad-og-hv12-sitt-besok-pa-oss-gjefsjoen-april-2021-8-300x300.jpg\" alt=\"\" data-no-lazy=\"1\" itemprop=\"thumbnail\" width=\"300\" height=\"300\" \/>\n\t\t\t<!-- Overlay Wrapper -->\n\t\t\t <!-- Overlay Wrapper Closed -->\n\t\t\t\t<\/a>\n\t\t\t\t\t\t\t<meta itemprop=\"width\" content=\"300\" \/>\n\t\t\t<meta itemprop=\"height\" content=\"300\" \/>\n\t\t\t\t<a\n\t\t\thref=\"https:\/\/gjefsjo.no\/wp-content\/uploads\/2021\/04\/dugnad-og-hv12-sitt-besok-pa-oss-gjefsjoen-april-2021-6.jpg\"\n\t\t\t\t\t\tdata-fancybox=\"images\" \n\t\t\ttitle=\"Dugnad og HV12 sitt bes\u00f8k p\u00e5 OSS Gjefsj\u00f8en april 2021 (6)\" \n\t\t\t\t\t\tdata-caption=\"\"\n\t\t\t\t\t\tdata-description=\"\" \n\t\t\titemprop=\"contentUrl\">\n\t\t\t<img loading=\"lazy\" decoding=\"async\" src=\"https:\/\/gjefsjo.no\/wp-content\/uploads\/2021\/04\/dugnad-og-hv12-sitt-besok-pa-oss-gjefsjoen-april-2021-6-300x300.jpg\" alt=\"\" data-no-lazy=\"1\" itemprop=\"thumbnail\" width=\"300\" height=\"300\" \/>\n\t\t\t<!-- Overlay Wrapper -->\n\t\t\t <!-- Overlay Wrapper Closed -->\n\t\t\t\t<\/a>\n\t\t\t\t\t\t\t<meta itemprop=\"width\" content=\"300\" \/>\n\t\t\t<meta itemprop=\"height\" content=\"300\" \/>\n\t\t\t\t<a\n\t\t\thref=\"https:\/\/gjefsjo.no\/wp-content\/uploads\/2021\/04\/dugnad-og-hv12-sitt-besok-pa-oss-gjefsjoen-april-2021-1-1024x768.jpg\"\n\t\t\t\t\t\tdata-fancybox=\"images\" \n\t\t\ttitle=\"Dugnad og HV12 sitt bes\u00f8k p\u00e5 OSS Gjefsj\u00f8en april 2021 (1)\" \n\t\t\t\t\t\tdata-caption=\"\"\n\t\t\t\t\t\tdata-description=\"Dugnad og HV12 sitt bes\u00f8k p\u00e5 OSS Gjefsj\u00f8en april 2021\" \n\t\t\titemprop=\"contentUrl\">\n\t\t\t<img loading=\"lazy\" decoding=\"async\" src=\"https:\/\/gjefsjo.no\/wp-content\/uploads\/2021\/04\/dugnad-og-hv12-sitt-besok-pa-oss-gjefsjoen-april-2021-1-300x300.jpg\" alt=\"\" data-no-lazy=\"1\" itemprop=\"thumbnail\" width=\"300\" height=\"300\" \/>\n\t\t\t<!-- Overlay Wrapper -->\n\t\t\t <!-- Overlay Wrapper Closed -->\n\t\t\t\t<\/a>\n\t\t\t\t\t\t\t<meta itemprop=\"width\" content=\"300\" \/>\n\t\t\t<meta itemprop=\"height\" content=\"300\" \/>\n\t\t\t\t<a\n\t\t\thref=\"https:\/\/gjefsjo.no\/wp-content\/uploads\/2021\/04\/dugnad-og-hv12-sitt-besok-pa-oss-gjefsjoen-april-2021-2-1024x768.jpg\"\n\t\t\t\t\t\tdata-fancybox=\"images\" \n\t\t\ttitle=\"Dugnad og HV12 sitt bes\u00f8k p\u00e5 OSS Gjefsj\u00f8en april 2021 (2)\" \n\t\t\t\t\t\tdata-caption=\"\"\n\t\t\t\t\t\tdata-description=\"\" \n\t\t\titemprop=\"contentUrl\">\n\t\t\t<img loading=\"lazy\" decoding=\"async\" src=\"https:\/\/gjefsjo.no\/wp-content\/uploads\/2021\/04\/dugnad-og-hv12-sitt-besok-pa-oss-gjefsjoen-april-2021-2-300x300.jpg\" alt=\"\" data-no-lazy=\"1\" itemprop=\"thumbnail\" width=\"300\" height=\"300\" \/>\n\t\t\t<!-- Overlay Wrapper -->\n\t\t\t <!-- Overlay Wrapper Closed -->\n\t\t\t\t<\/a>\n\t\t\t\t\t\t\t<meta itemprop=\"width\" content=\"300\" \/>\n\t\t\t<meta itemprop=\"height\" content=\"300\" \/>\n\t\t\t\t<a\n\t\t\thref=\"https:\/\/gjefsjo.no\/wp-content\/uploads\/2021\/04\/dugnad-og-hv12-sitt-besok-pa-oss-gjefsjoen-april-2021-12-1024x768.jpg\"\n\t\t\t\t\t\tdata-fancybox=\"images\" \n\t\t\ttitle=\"Dugnad og HV12 sitt bes\u00f8k p\u00e5 OSS Gjefsj\u00f8en april 2021 (12)\" \n\t\t\t\t\t\tdata-caption=\"\"\n\t\t\t\t\t\tdata-description=\"\" \n\t\t\titemprop=\"contentUrl\">\n\t\t\t<img loading=\"lazy\" decoding=\"async\" src=\"https:\/\/gjefsjo.no\/wp-content\/uploads\/2021\/04\/dugnad-og-hv12-sitt-besok-pa-oss-gjefsjoen-april-2021-12-300x300.jpg\" alt=\"\" data-no-lazy=\"1\" itemprop=\"thumbnail\" width=\"300\" height=\"300\" \/>\n\t\t\t<!-- Overlay Wrapper -->\n\t\t\t <!-- Overlay Wrapper Closed -->\n\t\t\t\t<\/a>\n\t\t\t\t\t\t\t<meta itemprop=\"width\" content=\"300\" \/>\n\t\t\t<meta itemprop=\"height\" content=\"300\" \/>\n\t\t\t\t<a\n\t\t\thref=\"https:\/\/gjefsjo.no\/wp-content\/uploads\/2021\/04\/dugnad-og-hv12-sitt-besok-pa-oss-gjefsjoen-april-2021-7-1024x1373.jpg\"\n\t\t\t\t\t\tdata-fancybox=\"images\" \n\t\t\ttitle=\"Dugnad og HV12 sitt bes\u00f8k p\u00e5 OSS Gjefsj\u00f8en april 2021 (7)\" \n\t\t\t\t\t\tdata-caption=\"\"\n\t\t\t\t\t\tdata-description=\"\" \n\t\t\titemprop=\"contentUrl\">\n\t\t\t<img loading=\"lazy\" decoding=\"async\" src=\"https:\/\/gjefsjo.no\/wp-content\/uploads\/2021\/04\/dugnad-og-hv12-sitt-besok-pa-oss-gjefsjoen-april-2021-7-300x300.jpg\" alt=\"\" data-no-lazy=\"1\" itemprop=\"thumbnail\" width=\"300\" height=\"300\" \/>\n\t\t\t<!-- Overlay Wrapper -->\n\t\t\t <!-- Overlay Wrapper Closed -->\n\t\t\t\t<\/a>\n\t\t\t\t\t\t\t<meta itemprop=\"width\" content=\"300\" \/>\n\t\t\t<meta itemprop=\"height\" content=\"300\" \/>\n\t\t\t\t<a\n\t\t\thref=\"https:\/\/gjefsjo.no\/wp-content\/uploads\/2021\/04\/dugnad-og-hv12-sitt-besok-pa-oss-gjefsjoen-april-2021-13-1024x768.jpg\"\n\t\t\t\t\t\tdata-fancybox=\"images\" \n\t\t\ttitle=\"Dugnad og HV12 sitt bes\u00f8k p\u00e5 OSS Gjefsj\u00f8en april 2021 (13)\" \n\t\t\t\t\t\tdata-caption=\"\"\n\t\t\t\t\t\tdata-description=\"\" \n\t\t\titemprop=\"contentUrl\">\n\t\t\t<img loading=\"lazy\" decoding=\"async\" src=\"https:\/\/gjefsjo.no\/wp-content\/uploads\/2021\/04\/dugnad-og-hv12-sitt-besok-pa-oss-gjefsjoen-april-2021-13-300x300.jpg\" alt=\"\" data-no-lazy=\"1\" itemprop=\"thumbnail\" width=\"300\" height=\"300\" \/>\n\t\t\t<!-- Overlay Wrapper -->\n\t\t\t <!-- Overlay Wrapper Closed -->\n\t\t\t\t<\/a>\n\t\t\t\t\t\t\t<meta itemprop=\"width\" content=\"300\" \/>\n\t\t\t<meta itemprop=\"height\" content=\"300\" \/>\n\t\t\t\t<a\n\t\t\thref=\"https:\/\/gjefsjo.no\/wp-content\/uploads\/2021\/04\/dugnad-og-hv12-sitt-besok-pa-oss-gjefsjoen-april-2021-5-1024x768.jpg\"\n\t\t\t\t\t\tdata-fancybox=\"images\" \n\t\t\ttitle=\"Dugnad og HV12 sitt bes\u00f8k p\u00e5 OSS Gjefsj\u00f8en april 2021 (5)\" \n\t\t\t\t\t\tdata-caption=\"\"\n\t\t\t\t\t\tdata-description=\"\" \n\t\t\titemprop=\"contentUrl\">\n\t\t\t<img loading=\"lazy\" decoding=\"async\" src=\"https:\/\/gjefsjo.no\/wp-content\/uploads\/2021\/04\/dugnad-og-hv12-sitt-besok-pa-oss-gjefsjoen-april-2021-5-300x300.jpg\" alt=\"\" data-no-lazy=\"1\" itemprop=\"thumbnail\" width=\"300\" height=\"300\" \/>\n\t\t\t<!-- Overlay Wrapper -->\n\t\t\t <!-- Overlay Wrapper Closed -->\n\t\t\t\t<\/a>\n\t\t\t\t\t\t\t<meta itemprop=\"width\" content=\"300\" \/>\n\t\t\t<meta itemprop=\"height\" content=\"300\" \/>\n\t\t\t\t<a\n\t\t\thref=\"https:\/\/gjefsjo.no\/wp-content\/uploads\/2021\/01\/snasningen-oss-rype.jpg\"\n\t\t\t\t\t\tdata-fancybox=\"images\" \n\t\t\ttitle=\"Sn\u00e5sningen OSS Rype\" \n\t\t\t\t\t\tdata-caption=\"Reportasje fra OSS Rype i Sn\u00e5sningen h\u00f8st 2020\"\n\t\t\t\t\t\tdata-description=\"\" \n\t\t\titemprop=\"contentUrl\">\n\t\t\t<img loading=\"lazy\" decoding=\"async\" src=\"https:\/\/gjefsjo.no\/wp-content\/uploads\/2021\/01\/snasningen-oss-rype-300x300.jpg\" alt=\"Reportasje fra OSS Rype i Sn\u00e5sningen h\u00f8st 2020\" data-no-lazy=\"1\" itemprop=\"thumbnail\" width=\"300\" height=\"300\" \/>\n\t\t\t<!-- Overlay Wrapper -->\n\t\t\t <!-- Overlay Wrapper Closed -->\n\t\t\t\t<\/a>\n\t\t\t\t\t\t\t<meta itemprop=\"width\" content=\"300\" \/>\n\t\t\t<meta itemprop=\"height\" content=\"300\" \/>\n\t\t\t\t<a\n\t\t\thref=\"https:\/\/gjefsjo.no\/wp-content\/uploads\/2021\/01\/117276137_3037527853042603_1763454101234567914_o-1024x683.jpg\"\n\t\t\t\t\t\tdata-fancybox=\"images\" \n\t\t\ttitle=\"117276137_3037527853042603_1763454101234567914_o\" \n\t\t\t\t\t\tdata-caption=\"\"\n\t\t\t\t\t\tdata-description=\"\" \n\t\t\titemprop=\"contentUrl\">\n\t\t\t<img loading=\"lazy\" decoding=\"async\" src=\"https:\/\/gjefsjo.no\/wp-content\/uploads\/2021\/01\/117276137_3037527853042603_1763454101234567914_o-300x300.jpg\" alt=\"\" data-no-lazy=\"1\" itemprop=\"thumbnail\" width=\"300\" height=\"300\" \/>\n\t\t\t<!-- Overlay Wrapper -->\n\t\t\t <!-- Overlay Wrapper Closed -->\n\t\t\t\t<\/a>\n\t\t\t\t\t\t\t<meta itemprop=\"width\" content=\"300\" \/>\n\t\t\t<meta itemprop=\"height\" content=\"300\" \/>\n\t\t\t\t<a\n\t\t\thref=\"https:\/\/gjefsjo.no\/wp-content\/uploads\/2021\/01\/117261017_3037527059709349_257000920782022092_o-1024x683.jpg\"\n\t\t\t\t\t\tdata-fancybox=\"images\" \n\t\t\ttitle=\"117261017_3037527059709349_257000920782022092_o\" \n\t\t\t\t\t\tdata-caption=\"\"\n\t\t\t\t\t\tdata-description=\"\" \n\t\t\titemprop=\"contentUrl\">\n\t\t\t<img loading=\"lazy\" decoding=\"async\" src=\"https:\/\/gjefsjo.no\/wp-content\/uploads\/2021\/01\/117261017_3037527059709349_257000920782022092_o-300x300.jpg\" alt=\"\" data-no-lazy=\"1\" itemprop=\"thumbnail\" width=\"300\" height=\"300\" \/>\n\t\t\t<!-- Overlay Wrapper -->\n\t\t\t <!-- Overlay Wrapper Closed -->\n\t\t\t\t<\/a>\n\t\t\t\t\t\t\t<meta itemprop=\"width\" content=\"300\" \/>\n\t\t\t<meta itemprop=\"height\" content=\"300\" \/>\n\t\t\t\t<a\n\t\t\thref=\"https:\/\/gjefsjo.no\/wp-content\/uploads\/2021\/01\/117265137_3037528526375869_3829039874616854537_o-1024x683.jpg\"\n\t\t\t\t\t\tdata-fancybox=\"images\" \n\t\t\ttitle=\"117265137_3037528526375869_3829039874616854537_o\" \n\t\t\t\t\t\tdata-caption=\"\"\n\t\t\t\t\t\tdata-description=\"\" \n\t\t\titemprop=\"contentUrl\">\n\t\t\t<img loading=\"lazy\" decoding=\"async\" src=\"https:\/\/gjefsjo.no\/wp-content\/uploads\/2021\/01\/117265137_3037528526375869_3829039874616854537_o-300x300.jpg\" alt=\"\" data-no-lazy=\"1\" itemprop=\"thumbnail\" width=\"300\" height=\"300\" \/>\n\t\t\t<!-- Overlay Wrapper -->\n\t\t\t <!-- Overlay Wrapper Closed -->\n\t\t\t\t<\/a>\n\t\t\t\t\t\t\t<meta itemprop=\"width\" content=\"300\" \/>\n\t\t\t<meta itemprop=\"height\" content=\"300\" \/>\n\t\t\t\t<a\n\t\t\thref=\"https:\/\/gjefsjo.no\/wp-content\/uploads\/2021\/01\/117283035_3037528636375858_8697831950249179577_o-1024x683.jpg\"\n\t\t\t\t\t\tdata-fancybox=\"images\" \n\t\t\ttitle=\"117283035_3037528636375858_8697831950249179577_o\" \n\t\t\t\t\t\tdata-caption=\"\"\n\t\t\t\t\t\tdata-description=\"\" \n\t\t\titemprop=\"contentUrl\">\n\t\t\t<img loading=\"lazy\" decoding=\"async\" src=\"https:\/\/gjefsjo.no\/wp-content\/uploads\/2021\/01\/117283035_3037528636375858_8697831950249179577_o-300x300.jpg\" alt=\"\" data-no-lazy=\"1\" itemprop=\"thumbnail\" width=\"300\" height=\"300\" \/>\n\t\t\t<!-- Overlay Wrapper -->\n\t\t\t <!-- Overlay Wrapper Closed -->\n\t\t\t\t<\/a>\n\t\t\t\t\t\t\t<meta itemprop=\"width\" content=\"300\" \/>\n\t\t\t<meta itemprop=\"height\" content=\"300\" \/>\n\t\t\t\t<a\n\t\t\thref=\"https:\/\/gjefsjo.no\/wp-content\/uploads\/2021\/01\/117316305_3037527216376000_5806461226572646802_o-1024x683.jpg\"\n\t\t\t\t\t\tdata-fancybox=\"images\" \n\t\t\ttitle=\"117316305_3037527216376000_5806461226572646802_o\" \n\t\t\t\t\t\tdata-caption=\"\"\n\t\t\t\t\t\tdata-description=\"\" \n\t\t\titemprop=\"contentUrl\">\n\t\t\t<img loading=\"lazy\" decoding=\"async\" src=\"https:\/\/gjefsjo.no\/wp-content\/uploads\/2021\/01\/117316305_3037527216376000_5806461226572646802_o-300x300.jpg\" alt=\"\" data-no-lazy=\"1\" itemprop=\"thumbnail\" width=\"300\" height=\"300\" \/>\n\t\t\t<!-- Overlay Wrapper -->\n\t\t\t <!-- Overlay Wrapper Closed -->\n\t\t\t\t<\/a>\n\t\t\t\t\t\t\t<meta itemprop=\"width\" content=\"300\" \/>\n\t\t\t<meta itemprop=\"height\" content=\"300\" \/>\n\t\t\t\t<a\n\t\t\thref=\"https:\/\/gjefsjo.no\/wp-content\/uploads\/2021\/01\/117313551_3037528196375902_967923107501951811_o-1024x683.jpg\"\n\t\t\t\t\t\tdata-fancybox=\"images\" \n\t\t\ttitle=\"117313551_3037528196375902_967923107501951811_o\" \n\t\t\t\t\t\tdata-caption=\"\"\n\t\t\t\t\t\tdata-description=\"\" \n\t\t\titemprop=\"contentUrl\">\n\t\t\t<img loading=\"lazy\" decoding=\"async\" src=\"https:\/\/gjefsjo.no\/wp-content\/uploads\/2021\/01\/117313551_3037528196375902_967923107501951811_o-300x300.jpg\" alt=\"\" data-no-lazy=\"1\" itemprop=\"thumbnail\" width=\"300\" height=\"300\" \/>\n\t\t\t<!-- Overlay Wrapper -->\n\t\t\t <!-- Overlay Wrapper Closed -->\n\t\t\t\t<\/a>\n\t\t\t\t\t\t\t<meta itemprop=\"width\" content=\"300\" \/>\n\t\t\t<meta itemprop=\"height\" content=\"300\" \/>\n\t\t\t\t<a\n\t\t\thref=\"https:\/\/gjefsjo.no\/wp-content\/uploads\/2021\/01\/117289183_3037527819709273_5649038924219393264_o-1024x683.jpg\"\n\t\t\t\t\t\tdata-fancybox=\"images\" \n\t\t\ttitle=\"117289183_3037527819709273_5649038924219393264_o\" \n\t\t\t\t\t\tdata-caption=\"\"\n\t\t\t\t\t\tdata-description=\"\" \n\t\t\titemprop=\"contentUrl\">\n\t\t\t<img loading=\"lazy\" decoding=\"async\" src=\"https:\/\/gjefsjo.no\/wp-content\/uploads\/2021\/01\/117289183_3037527819709273_5649038924219393264_o-300x300.jpg\" alt=\"\" data-no-lazy=\"1\" itemprop=\"thumbnail\" width=\"300\" height=\"300\" \/>\n\t\t\t<!-- Overlay Wrapper -->\n\t\t\t <!-- Overlay Wrapper Closed -->\n\t\t\t\t<\/a>\n\t\t\t\t\t\t\t<meta itemprop=\"width\" content=\"300\" \/>\n\t\t\t<meta itemprop=\"height\" content=\"300\" \/>\n\t\t\t\t<a\n\t\t\thref=\"https:\/\/gjefsjo.no\/wp-content\/uploads\/2021\/01\/117322440_3037527776375944_6337505483748232725_o-1024x1536.jpg\"\n\t\t\t\t\t\tdata-fancybox=\"images\" \n\t\t\ttitle=\"Heimevernsungdommen har gjort en solid dugnadsinnsats p\u00e5 OSS Gjefsj\u00f8en foto Torgrim Sund\" \n\t\t\t\t\t\tdata-caption=\"Heimevernsungdommen har gjort en solid dugnadsinnsats p\u00e5 OSS Gjefsj\u00f8en foto Torgrim Sund\"\n\t\t\t\t\t\tdata-description=\"\" \n\t\t\titemprop=\"contentUrl\">\n\t\t\t<img loading=\"lazy\" decoding=\"async\" src=\"https:\/\/gjefsjo.no\/wp-content\/uploads\/2021\/01\/117322440_3037527776375944_6337505483748232725_o-300x300.jpg\" alt=\"Heimevernsungdommen har gjort en solid dugnadsinnsats p\u00e5 OSS Gjefsj\u00f8en foto Torgrim Sund\" data-no-lazy=\"1\" itemprop=\"thumbnail\" width=\"300\" height=\"300\" \/>\n\t\t\t<!-- Overlay Wrapper -->\n\t\t\t <!-- Overlay Wrapper Closed -->\n\t\t\t\t<\/a>\n\t\t\t\t\t\t\t<meta itemprop=\"width\" content=\"300\" \/>\n\t\t\t<meta itemprop=\"height\" content=\"300\" \/>\n\t\t\t\t<a\n\t\t\thref=\"https:\/\/gjefsjo.no\/wp-content\/uploads\/2021\/01\/117319741_3037527209709334_7560453391760373210_o-1024x683.jpg\"\n\t\t\t\t\t\tdata-fancybox=\"images\" \n\t\t\ttitle=\"Heimevernsungdommen har gjort en solid dugnadsinnsats p\u00e5 OSS Gjefsj\u00f8en foto Torgrim Sund\" \n\t\t\t\t\t\tdata-caption=\"Heimevernsungdommen har gjort en solid dugnadsinnsats p\u00e5 OSS Gjefsj\u00f8en foto Torgrim Sund\"\n\t\t\t\t\t\tdata-description=\"\" \n\t\t\titemprop=\"contentUrl\">\n\t\t\t<img loading=\"lazy\" decoding=\"async\" src=\"https:\/\/gjefsjo.no\/wp-content\/uploads\/2021\/01\/117319741_3037527209709334_7560453391760373210_o-300x300.jpg\" alt=\"Heimevernsungdommen har gjort en solid dugnadsinnsats p\u00e5 OSS Gjefsj\u00f8en foto Torgrim Sund\" data-no-lazy=\"1\" itemprop=\"thumbnail\" width=\"300\" height=\"300\" \/>\n\t\t\t<!-- Overlay Wrapper -->\n\t\t\t <!-- Overlay Wrapper Closed -->\n\t\t\t\t<\/a>\n\t\t\t\t\t\t\t<meta itemprop=\"width\" content=\"300\" \/>\n\t\t\t<meta itemprop=\"height\" content=\"300\" \/>\n\t\t\t\t<a\n\t\t\thref=\"https:\/\/gjefsjo.no\/wp-content\/uploads\/2021\/01\/117328730_3037528753042513_6870336630338143915_o-1024x683.jpg\"\n\t\t\t\t\t\tdata-fancybox=\"images\" \n\t\t\ttitle=\"Heimevernsungdommen har gjort en solid dugnadsinnsats p\u00e5 OSS Gjefsj\u00f8en foto Torgrim Sund\" \n\t\t\t\t\t\tdata-caption=\"Heimevernsungdommen har gjort en solid dugnadsinnsats p\u00e5 OSS Gjefsj\u00f8en foto Torgrim Sund\"\n\t\t\t\t\t\tdata-description=\"\" \n\t\t\titemprop=\"contentUrl\">\n\t\t\t<img loading=\"lazy\" decoding=\"async\" src=\"https:\/\/gjefsjo.no\/wp-content\/uploads\/2021\/01\/117328730_3037528753042513_6870336630338143915_o-300x300.jpg\" alt=\"Heimevernsungdommen har gjort en solid dugnadsinnsats p\u00e5 OSS Gjefsj\u00f8en foto Torgrim Sund\" data-no-lazy=\"1\" itemprop=\"thumbnail\" width=\"300\" height=\"300\" \/>\n\t\t\t<!-- Overlay Wrapper -->\n\t\t\t <!-- Overlay Wrapper Closed -->\n\t\t\t\t<\/a>\n\t\t\t\t\t\t\t<meta itemprop=\"width\" content=\"300\" \/>\n\t\t\t<meta itemprop=\"height\" content=\"300\" \/>\n\t\t\t\t<a\n\t\t\thref=\"https:\/\/gjefsjo.no\/wp-content\/uploads\/2021\/01\/117354129_3037528283042560_2304942046948887676_o-1024x683.jpg\"\n\t\t\t\t\t\tdata-fancybox=\"images\" \n\t\t\ttitle=\"Heimevernsungdommen har gjort en solid dugnadsinnsats p\u00e5 OSS Gjefsj\u00f8en foto Torgrim Sund\" \n\t\t\t\t\t\tdata-caption=\"Heimevernsungdommen har gjort en solid dugnadsinnsats p\u00e5 OSS Gjefsj\u00f8en foto Torgrim Sund\"\n\t\t\t\t\t\tdata-description=\"\" \n\t\t\titemprop=\"contentUrl\">\n\t\t\t<img loading=\"lazy\" decoding=\"async\" src=\"https:\/\/gjefsjo.no\/wp-content\/uploads\/2021\/01\/117354129_3037528283042560_2304942046948887676_o-300x300.jpg\" alt=\"Heimevernsungdommen har gjort en solid dugnadsinnsats p\u00e5 OSS Gjefsj\u00f8en foto Torgrim Sund\" data-no-lazy=\"1\" itemprop=\"thumbnail\" width=\"300\" height=\"300\" \/>\n\t\t\t<!-- Overlay Wrapper -->\n\t\t\t <!-- Overlay Wrapper Closed -->\n\t\t\t\t<\/a>\n\t\t\t\t\t\t\t<meta itemprop=\"width\" content=\"300\" \/>\n\t\t\t<meta itemprop=\"height\" content=\"300\" \/>\n\t\t\t\t<a\n\t\t\thref=\"https:\/\/gjefsjo.no\/wp-content\/uploads\/2021\/01\/117385585_3037528389709216_2574026887206392162_o-1024x683.jpg\"\n\t\t\t\t\t\tdata-fancybox=\"images\" \n\t\t\ttitle=\"Heimevernsungdommen har gjort en solid dugnadsinnsats p\u00e5 OSS Gjefsj\u00f8en foto Torgrim Sund\" \n\t\t\t\t\t\tdata-caption=\"Heimevernsungdommen har gjort en solid dugnadsinnsats p\u00e5 OSS Gjefsj\u00f8en foto Torgrim Sund\"\n\t\t\t\t\t\tdata-description=\"\" \n\t\t\titemprop=\"contentUrl\">\n\t\t\t<img loading=\"lazy\" decoding=\"async\" src=\"https:\/\/gjefsjo.no\/wp-content\/uploads\/2021\/01\/117385585_3037528389709216_2574026887206392162_o-300x300.jpg\" alt=\"Heimevernsungdommen har gjort en solid dugnadsinnsats p\u00e5 OSS Gjefsj\u00f8en foto Torgrim Sund\" data-no-lazy=\"1\" itemprop=\"thumbnail\" width=\"300\" height=\"300\" \/>\n\t\t\t<!-- Overlay Wrapper -->\n\t\t\t <!-- Overlay Wrapper Closed -->\n\t\t\t\t<\/a>\n\t\t\t\t\t\t\t<meta itemprop=\"width\" content=\"300\" \/>\n\t\t\t<meta itemprop=\"height\" content=\"300\" \/>\n\t\t\t\t<a\n\t\t\thref=\"https:\/\/gjefsjo.no\/wp-content\/uploads\/2021\/01\/117439365_3037528303042558_3071783249685618288_o-1024x683.jpg\"\n\t\t\t\t\t\tdata-fancybox=\"images\" \n\t\t\ttitle=\"Heimevernsungdommen har gjort en solid dugnadsinnsats p\u00e5 OSS Gjefsj\u00f8en foto Torgrim Sund\" \n\t\t\t\t\t\tdata-caption=\"Heimevernsungdommen har gjort en solid dugnadsinnsats p\u00e5 OSS Gjefsj\u00f8en foto Torgrim Sund\"\n\t\t\t\t\t\tdata-description=\"\" \n\t\t\titemprop=\"contentUrl\">\n\t\t\t<img loading=\"lazy\" decoding=\"async\" src=\"https:\/\/gjefsjo.no\/wp-content\/uploads\/2021\/01\/117439365_3037528303042558_3071783249685618288_o-300x300.jpg\" alt=\"Heimevernsungdommen har gjort en solid dugnadsinnsats p\u00e5 OSS Gjefsj\u00f8en foto Torgrim Sund\" data-no-lazy=\"1\" itemprop=\"thumbnail\" width=\"300\" height=\"300\" \/>\n\t\t\t<!-- Overlay Wrapper -->\n\t\t\t <!-- Overlay Wrapper Closed -->\n\t\t\t\t<\/a>\n\t\t\t\t\t\t\t<meta itemprop=\"width\" content=\"300\" \/>\n\t\t\t<meta itemprop=\"height\" content=\"300\" \/>\n\t\t\t\t<a\n\t\t\thref=\"https:\/\/gjefsjo.no\/wp-content\/uploads\/2021\/01\/117444674_3037528403042548_2183268624960432561_o-1024x683.jpg\"\n\t\t\t\t\t\tdata-fancybox=\"images\" \n\t\t\ttitle=\"Heimevernsungdommen har gjort en solid dugnadsinnsats p\u00e5 OSS Gjefsj\u00f8en foto Torgrim Sund\" \n\t\t\t\t\t\tdata-caption=\"Heimevernsungdommen har gjort en solid dugnadsinnsats p\u00e5 OSS Gjefsj\u00f8en foto Torgrim Sund\"\n\t\t\t\t\t\tdata-description=\"\" \n\t\t\titemprop=\"contentUrl\">\n\t\t\t<img loading=\"lazy\" decoding=\"async\" src=\"https:\/\/gjefsjo.no\/wp-content\/uploads\/2021\/01\/117444674_3037528403042548_2183268624960432561_o-300x300.jpg\" alt=\"Heimevernsungdommen har gjort en solid dugnadsinnsats p\u00e5 OSS Gjefsj\u00f8en foto Torgrim Sund\" data-no-lazy=\"1\" itemprop=\"thumbnail\" width=\"300\" height=\"300\" \/>\n\t\t\t<!-- Overlay Wrapper -->\n\t\t\t <!-- Overlay Wrapper Closed -->\n\t\t\t\t<\/a>\n\t\t\t\t\t\t\t<meta itemprop=\"width\" content=\"300\" \/>\n\t\t\t<meta itemprop=\"height\" content=\"300\" \/>\n\t\t\t\t<a\n\t\t\thref=\"https:\/\/gjefsjo.no\/wp-content\/uploads\/2021\/01\/117444901_3037528506375871_7755777112462748775_o-1024x683.jpg\"\n\t\t\t\t\t\tdata-fancybox=\"images\" \n\t\t\ttitle=\"Heimevernsungdommen har gjort en solid dugnadsinnsats p\u00e5 OSS Gjefsj\u00f8en foto Torgrim Sund\" \n\t\t\t\t\t\tdata-caption=\"Heimevernsungdommen har gjort en solid dugnadsinnsats p\u00e5 OSS Gjefsj\u00f8en foto Torgrim Sund\"\n\t\t\t\t\t\tdata-description=\"\" \n\t\t\titemprop=\"contentUrl\">\n\t\t\t<img loading=\"lazy\" decoding=\"async\" src=\"https:\/\/gjefsjo.no\/wp-content\/uploads\/2021\/01\/117444901_3037528506375871_7755777112462748775_o-300x300.jpg\" alt=\"Heimevernsungdommen har gjort en solid dugnadsinnsats p\u00e5 OSS Gjefsj\u00f8en foto Torgrim Sund\" data-no-lazy=\"1\" itemprop=\"thumbnail\" width=\"300\" height=\"300\" \/>\n\t\t\t<!-- Overlay Wrapper -->\n\t\t\t <!-- Overlay Wrapper Closed -->\n\t\t\t\t<\/a>\n\t\t\t\t\t\t\t<meta itemprop=\"width\" content=\"300\" \/>\n\t\t\t<meta itemprop=\"height\" content=\"300\" \/>\n\t\t\t\t<a\n\t\t\thref=\"https:\/\/gjefsjo.no\/wp-content\/uploads\/2020\/11\/oppdrag-gjefsjoen-april-2018-beskaret-foto-lars-bugge-aarset-1024x373.jpg\"\n\t\t\t\t\t\tdata-fancybox=\"images\" \n\t\t\ttitle=\"Oppdrag Gjefsj\u00f8en april 2018 besk\u00e5ret foto Lars Bugge Aarset\" \n\t\t\t\t\t\tdata-caption=\"Foto: Lars Bugge Aarset\"\n\t\t\t\t\t\tdata-description=\"\" \n\t\t\titemprop=\"contentUrl\">\n\t\t\t<img loading=\"lazy\" decoding=\"async\" src=\"https:\/\/gjefsjo.no\/wp-content\/uploads\/2020\/11\/oppdrag-gjefsjoen-april-2018-beskaret-foto-lars-bugge-aarset-300x300.jpg\" alt=\"Demontering av Operasjon Rype HQ p\u00e5 Gjefsj\u00f8en Fjellg\u00e5rd v\u00e5ren 2018\" data-no-lazy=\"1\" itemprop=\"thumbnail\" width=\"300\" height=\"300\" \/>\n\t\t\t<!-- Overlay Wrapper -->\n\t\t\t <!-- Overlay Wrapper Closed -->\n\t\t\t\t<\/a>\n\t\t\t\t\t\t\t<meta itemprop=\"width\" content=\"300\" \/>\n\t\t\t<meta itemprop=\"height\" content=\"300\" \/>\n\t\t\t\t<a\n\t\t\thref=\"https:\/\/gjefsjo.no\/wp-content\/uploads\/2021\/01\/117544165_3037528633042525_7764055107998965042_o-1024x683.jpg\"\n\t\t\t\t\t\tdata-fancybox=\"images\" \n\t\t\ttitle=\"Heimevernsungdommen har gjort en solid dugnadsinnsats p\u00e5 OSS Gjefsj\u00f8en foto Torgrim Sund\" \n\t\t\t\t\t\tdata-caption=\"Heimevernsungdommen har gjort en solid dugnadsinnsats p\u00e5 OSS Gjefsj\u00f8en foto Torgrim Sund\"\n\t\t\t\t\t\tdata-description=\"\" \n\t\t\titemprop=\"contentUrl\">\n\t\t\t<img loading=\"lazy\" decoding=\"async\" src=\"https:\/\/gjefsjo.no\/wp-content\/uploads\/2021\/01\/117544165_3037528633042525_7764055107998965042_o-300x300.jpg\" alt=\"Heimevernsungdommen har gjort en solid dugnadsinnsats p\u00e5 OSS Gjefsj\u00f8en foto Torgrim Sund\" data-no-lazy=\"1\" itemprop=\"thumbnail\" width=\"300\" height=\"300\" \/>\n\t\t\t<!-- Overlay Wrapper -->\n\t\t\t <!-- Overlay Wrapper Closed -->\n\t\t\t\t<\/a>\n\t\t\t\t\t\t\t<meta itemprop=\"width\" content=\"300\" \/>\n\t\t\t<meta itemprop=\"height\" content=\"300\" \/>\n\t\t\t\t<a \t\t\thref=\"https:\/\/gjefsjo.no\/wp-content\/uploads\/2021\/01\/bestefar-colby-var-sjef-for-operasjon-rype.jpg\"\n\t\t\t\t\t\tdata-fancybox=\"images\" \n\t\t\ttitle=\"Bestefar Colby var sjef for Operasjon Rype\" \n\t\t\t\t\t\tdata-caption=\"Det er jo bestefar, utbr\u00f8t Arthur Colby da han oppdaget et bilde av spesialsoldaten William Colby p\u00e5 veggen i V\u00e6rnes garnison. Noen dager senere fikk 27-\u00e5ringen opps\u00f8ke Gjevsj\u00f8en i Sn\u00e5sa.\"\n\t\t\t\t\t\tdata-description=\"&lt;a href=&quot;https:\/\/www.adressa.no\/pluss\/nyheter\/2016\/03\/17\/Bestefar-Colby-var-sjef-for-Operasjon-Rype-12281353.ece?rs5907841610358302765&amp;t=1&quot; rel=&quot;noopener&quot; target=&quot;_blank&quot;&gt;Les hele reportasjen p\u00e5 adressa.no (krever p\u00e5logging)&lt;\/a&gt;\" \n\t\t\titemprop=\"contentUrl\">\n\t\t\t<img loading=\"lazy\" decoding=\"async\" src=\"https:\/\/gjefsjo.no\/wp-content\/uploads\/2021\/01\/bestefar-colby-var-sjef-for-operasjon-rype-300x300.jpg\" alt=\"Bestefar Colby var sjef for Operasjon Rype\" data-no-lazy=\"1\" itemprop=\"thumbnail\" width=\"300\" height=\"300\" \/>\n\t\t\t<!-- Overlay Wrapper -->\n\t\t\t <!-- Overlay Wrapper Closed -->\n\t\t\t\t<\/a>\n\t\t\t\t\t\t\t<meta itemprop=\"width\" content=\"300\" \/>\n\t\t\t<meta itemprop=\"height\" content=\"300\" \/>\n\t\t\t\t<a\n\t\t\thref=\"https:\/\/gjefsjo.no\/wp-content\/uploads\/2020\/12\/oss-gjefsjoen-pa-nrk-midtnytt-26-august-2020-1024x576.jpg\"\n\t\t\t\t\t\tdata-fancybox=\"images\" \n\t\t\ttitle=\"OSS Gjefsj\u00f8en p\u00e5 NRK Midtnytt 26 august 2020\" \n\t\t\t\t\t\tdata-caption=\"OSS Gjefsj\u00f8en p\u00e5 NRK Midtnytt 26 august 2020\"\n\t\t\t\t\t\tdata-description=\"\" \n\t\t\titemprop=\"contentUrl\">\n\t\t\t<img loading=\"lazy\" decoding=\"async\" src=\"https:\/\/gjefsjo.no\/wp-content\/uploads\/2020\/12\/oss-gjefsjoen-pa-nrk-midtnytt-26-august-2020-300x300.jpg\" alt=\"OSS Gjefsj\u00f8en p\u00e5 NRK Midtnytt 26 august 2020\" data-no-lazy=\"1\" itemprop=\"thumbnail\" width=\"300\" height=\"300\" \/>\n\t\t\t<!-- Overlay Wrapper -->\n\t\t\t <!-- Overlay Wrapper Closed -->\n\t\t\t\t<\/a>\n\t\t\t\t\t\t\t<meta itemprop=\"width\" content=\"300\" \/>\n\t\t\t<meta itemprop=\"height\" content=\"300\" \/>\n\t\t\t\t<a\n\t\t\thref=\"https:\/\/gjefsjo.no\/wp-content\/uploads\/2020\/10\/oss-tak-1024x683.jpg\"\n\t\t\t\t\t\tdata-fancybox=\"images\" \n\t\t\ttitle=\"OSS Gjefsj\u00f8en august 2020\" \n\t\t\t\t\t\tdata-caption=\"Restaurering av hovedkvarteret til Operasjon Rype p\u00e5 Gjefsj\u00f8en fjellg\u00e5rd. Taket er p\u00e5 plass, august 2020\"\n\t\t\t\t\t\tdata-description=\"\" \n\t\t\titemprop=\"contentUrl\">\n\t\t\t<img loading=\"lazy\" decoding=\"async\" src=\"https:\/\/gjefsjo.no\/wp-content\/uploads\/2020\/10\/oss-tak-300x300.jpg\" alt=\"Restaurering av hovedkvarteret til Operasjon Rype p\u00e5 Gjefsj\u00f8en fjellg\u00e5rd\" data-no-lazy=\"1\" itemprop=\"thumbnail\" width=\"300\" height=\"300\" \/>\n\t\t\t<!-- Overlay Wrapper -->\n\t\t\t <!-- Overlay Wrapper Closed -->\n\t\t\t\t<\/a>\n\t\t\t\t\t\t\t<meta itemprop=\"width\" content=\"300\" \/>\n\t\t\t<meta itemprop=\"height\" content=\"300\" \/>\n\t\t\t\t<a\n\t\t\thref=\"https:\/\/gjefsjo.no\/wp-content\/uploads\/2020\/10\/gjefsjoen7-1024x498.jpg\"\n\t\t\t\t\t\tdata-fancybox=\"images\" \n\t\t\ttitle=\"Restaurering av hovedkvarteret til Operasjon Rype p\u00e5 Gjefsj\u00f8en fjellg\u00e5rd\" \n\t\t\t\t\t\tdata-caption=\"Restaurering av hovedkvarteret til Operasjon Rype p\u00e5 Gjefsj\u00f8en fjellg\u00e5rd. T\u00f8mmerkassen er p\u00e5 plass august 2020. \"\n\t\t\t\t\t\tdata-description=\"\" \n\t\t\titemprop=\"contentUrl\">\n\t\t\t<img loading=\"lazy\" decoding=\"async\" src=\"https:\/\/gjefsjo.no\/wp-content\/uploads\/2020\/10\/gjefsjoen7-300x300.jpg\" alt=\"Restaurering av hovedkvarteret til Operasjon Rype p\u00e5 Gjefsj\u00f8en fjellg\u00e5rd\" data-no-lazy=\"1\" itemprop=\"thumbnail\" width=\"300\" height=\"300\" \/>\n\t\t\t<!-- Overlay Wrapper -->\n\t\t\t <!-- Overlay Wrapper Closed -->\n\t\t\t\t<\/a>\n\t\t\t\t\t\t\t<meta itemprop=\"width\" content=\"300\" \/>\n\t\t\t<meta itemprop=\"height\" content=\"300\" \/>\n\t\t\t\t<a\n\t\t\thref=\"https:\/\/gjefsjo.no\/wp-content\/uploads\/2020\/10\/artikkel-fra-snaasningen-april-2018-1024x1463.jpg\"\n\t\t\t\t\t\tdata-fancybox=\"images\" \n\t\t\ttitle=\"Artikkel fra snaasningen april 2018\" \n\t\t\t\t\t\tdata-caption=\"\"\n\t\t\t\t\t\tdata-description=\"\" \n\t\t\titemprop=\"contentUrl\">\n\t\t\t<img loading=\"lazy\" decoding=\"async\" src=\"https:\/\/gjefsjo.no\/wp-content\/uploads\/2020\/10\/artikkel-fra-snaasningen-april-2018-300x300.jpg\" alt=\"Artikkel fra snaasningen april 2018\" data-no-lazy=\"1\" itemprop=\"thumbnail\" width=\"300\" height=\"300\" \/>\n\t\t\t<!-- Overlay Wrapper -->\n\t\t\t <!-- Overlay Wrapper Closed -->\n\t\t\t\t<\/a>\n\t\t\t\t\t\t\t<meta itemprop=\"width\" content=\"300\" \/>\n\t\t\t<meta itemprop=\"height\" content=\"300\" \/>\n\t\t\t\t<a\n\t\t\thref=\"https:\/\/gjefsjo.no\/wp-content\/uploads\/2020\/10\/oss-gjefsjoen-foto-lars-bugge-aarset-2020-1024x498.jpg\"\n\t\t\t\t\t\tdata-fancybox=\"images\" \n\t\t\ttitle=\"OSS Gjefsj\u00f8en Foto Lars Bugge Aarset 2020\" \n\t\t\t\t\t\tdata-caption=\"Restaurering av hovedkvarteret til Operasjon Rype p\u00e5 Gjefsj\u00f8en Fjellg\u00e5rd. T\u00f8mmerkassen har kommet opp, august 2020\"\n\t\t\t\t\t\tdata-description=\"\" \n\t\t\titemprop=\"contentUrl\">\n\t\t\t<img loading=\"lazy\" decoding=\"async\" src=\"https:\/\/gjefsjo.no\/wp-content\/uploads\/2020\/10\/oss-gjefsjoen-foto-lars-bugge-aarset-2020-300x300.jpg\" alt=\"Restaurering av hovedkvarteret til Operasjon Rype p\u00e5 Gjefsj\u00f8en Fjellg\u00e5rd\" data-no-lazy=\"1\" itemprop=\"thumbnail\" width=\"300\" height=\"300\" \/>\n\t\t\t<!-- Overlay Wrapper -->\n\t\t\t <!-- Overlay Wrapper Closed -->\n\t\t\t\t<\/a>\n\t\t\t\t\t\t\t<meta itemprop=\"width\" content=\"300\" \/>\n\t\t\t<meta itemprop=\"height\" content=\"300\" \/>\n\t\t\t\t<a\n\t\t\thref=\"https:\/\/gjefsjo.no\/wp-content\/uploads\/2020\/10\/gjefsjoen2-1024x768.jpg\"\n\t\t\t\t\t\tdata-fancybox=\"images\" \n\t\t\ttitle=\"Restaurering av t\u00f8mmerkassen hos \u00d8verbygg i Sn\u00e5sa\" \n\t\t\t\t\t\tdata-caption=\"Restaurering av t\u00f8mmerkassen gjennomf\u00f8res hos hos \u00d8verbygg i Sn\u00e5sa i 2019\"\n\t\t\t\t\t\tdata-description=\"\" \n\t\t\titemprop=\"contentUrl\">\n\t\t\t<img loading=\"lazy\" decoding=\"async\" src=\"https:\/\/gjefsjo.no\/wp-content\/uploads\/2020\/10\/gjefsjoen2-300x300.jpg\" alt=\"Restaurering av t\u00f8mmerkassen hos \u00d8verbygg i Sn\u00e5sa\" data-no-lazy=\"1\" itemprop=\"thumbnail\" width=\"300\" height=\"300\" \/>\n\t\t\t<!-- Overlay Wrapper -->\n\t\t\t <!-- Overlay Wrapper Closed -->\n\t\t\t\t<\/a>\n\t\t\t\t\t\t\t<meta itemprop=\"width\" content=\"300\" \/>\n\t\t\t<meta itemprop=\"height\" content=\"300\" \/>\n\t\t\t\t<a\n\t\t\thref=\"https:\/\/gjefsjo.no\/wp-content\/uploads\/2020\/10\/105006119_158703012382928_7931689540057569712_n.jpg\"\n\t\t\t\t\t\tdata-fancybox=\"images\" \n\t\t\ttitle=\"Grunnmuren er p\u00e5 plass f\u00f8r t\u00f8mmerkassen skal opp.\" \n\t\t\t\t\t\tdata-caption=\"Grunnmuren er p\u00e5 plass f\u00f8r t\u00f8mmerkassen skal opp.  Jordkjeller er gravd ut.\"\n\t\t\t\t\t\tdata-description=\"\" \n\t\t\titemprop=\"contentUrl\">\n\t\t\t<img loading=\"lazy\" decoding=\"async\" src=\"https:\/\/gjefsjo.no\/wp-content\/uploads\/2020\/10\/105006119_158703012382928_7931689540057569712_n-300x300.jpg\" alt=\"\" data-no-lazy=\"1\" itemprop=\"thumbnail\" width=\"300\" height=\"300\" \/>\n\t\t\t<!-- Overlay Wrapper -->\n\t\t\t <!-- Overlay Wrapper Closed -->\n\t\t\t\t<\/a>\n\t\t\t\t\t\t\t<meta itemprop=\"width\" content=\"300\" \/>\n\t\t\t<meta itemprop=\"height\" content=\"300\" \/>\n\t\t\t\t<a\n\t\t\thref=\"https:\/\/gjefsjo.no\/wp-content\/uploads\/2020\/10\/105370678_158702799049616_6738044713616237622_n.jpg\"\n\t\t\t\t\t\tdata-fancybox=\"images\" \n\t\t\ttitle=\"OSS Gjefsj\u00f8en - Grunnmuren er p\u00e5 plass\" \n\t\t\t\t\t\tdata-caption=\"Grunnmuren er p\u00e5 plass f\u00f8r t\u00f8mmerkassen skal opp. \"\n\t\t\t\t\t\tdata-description=\"\" \n\t\t\titemprop=\"contentUrl\">\n\t\t\t<img loading=\"lazy\" decoding=\"async\" src=\"https:\/\/gjefsjo.no\/wp-content\/uploads\/2020\/10\/105370678_158702799049616_6738044713616237622_n-300x300.jpg\" alt=\"\" data-no-lazy=\"1\" itemprop=\"thumbnail\" width=\"300\" height=\"300\" \/>\n\t\t\t<!-- Overlay Wrapper -->\n\t\t\t <!-- Overlay Wrapper Closed -->\n\t\t\t\t<\/a>\n\t\t\t\t\t\t\t<meta itemprop=\"width\" content=\"300\" \/>\n\t\t\t<meta itemprop=\"height\" content=\"300\" \/>\n\t\t\t\t<a\n\t\t\thref=\"https:\/\/gjefsjo.no\/wp-content\/uploads\/2020\/10\/gjefsjoen4-1024x498.jpg\"\n\t\t\t\t\t\tdata-fancybox=\"images\" \n\t\t\ttitle=\"Bygget demonteres\" \n\t\t\t\t\t\tdata-caption=\"Restaurering av hovedkvarteret til Operasjon Rype p\u00e5 Gjefsj\u00f8en fjellg\u00e5rd. T\u00f8mmerkassen tas ned v\u00e5ren 2018. Foto: Lars Bugge Aarset\"\n\t\t\t\t\t\tdata-description=\"\" \n\t\t\titemprop=\"contentUrl\">\n\t\t\t<img loading=\"lazy\" decoding=\"async\" src=\"https:\/\/gjefsjo.no\/wp-content\/uploads\/2020\/10\/gjefsjoen4-300x300.jpg\" alt=\"Bygget demonteres\" data-no-lazy=\"1\" itemprop=\"thumbnail\" width=\"300\" height=\"300\" \/>\n\t\t\t<!-- Overlay Wrapper -->\n\t\t\t <!-- Overlay Wrapper Closed -->\n\t\t\t\t<\/a>\n\t\t\t\t\t\t\t<meta itemprop=\"width\" content=\"300\" \/>\n\t\t\t<meta itemprop=\"height\" content=\"300\" \/>\n\t\t\t\t<a\n\t\t\thref=\"https:\/\/gjefsjo.no\/wp-content\/uploads\/2020\/10\/gjefsjo5-1024x498.jpg\"\n\t\t\t\t\t\tdata-fancybox=\"images\" \n\t\t\ttitle=\"Demontering av OSS Gjefsj\u00f8en mai 2018\" \n\t\t\t\t\t\tdata-caption=\"Restaurering av bygningen som var hovedkvarter for Operasjon Rype restaureres av OSS Gjefsj\u00f8en. Foto: Lars Bugge Aarset\"\n\t\t\t\t\t\tdata-description=\"\" \n\t\t\titemprop=\"contentUrl\">\n\t\t\t<img loading=\"lazy\" decoding=\"async\" src=\"https:\/\/gjefsjo.no\/wp-content\/uploads\/2020\/10\/gjefsjo5-300x300.jpg\" alt=\"Demontering av OSS Gjefsj\u00f8en mai 2018\" data-no-lazy=\"1\" itemprop=\"thumbnail\" width=\"300\" height=\"300\" \/>\n\t\t\t<!-- Overlay Wrapper -->\n\t\t\t <!-- Overlay Wrapper Closed -->\n\t\t\t\t<\/a>\n\t\t\t\t\t\t\t<meta itemprop=\"width\" content=\"300\" \/>\n\t\t\t<meta itemprop=\"height\" content=\"300\" \/>\n\t\t\t\t<a\n\t\t\thref=\"https:\/\/gjefsjo.no\/wp-content\/uploads\/2020\/10\/gjefsjoen3-1024x498.jpg\"\n\t\t\t\t\t\tdata-fancybox=\"images\" \n\t\t\ttitle=\"T\u00f8mmerkassen demonteres april 2018\" \n\t\t\t\t\t\tdata-caption=\"Restaurering av hovedkvarteret til Operasjon Rype p\u00e5 Gjefsj\u00f8en fjellg\u00e5rd. T\u00f8mmerkassen tas ned v\u00e5ren 2018. Foto: Lars Bugge Aarset\"\n\t\t\t\t\t\tdata-description=\"\" \n\t\t\titemprop=\"contentUrl\">\n\t\t\t<img loading=\"lazy\" decoding=\"async\" src=\"https:\/\/gjefsjo.no\/wp-content\/uploads\/2020\/10\/gjefsjoen3-300x300.jpg\" alt=\"Restaurering av hovedkvarteret til Operasjon Rype p\u00e5 Gjefsj\u00f8en fjellg\u00e5rd\" data-no-lazy=\"1\" itemprop=\"thumbnail\" width=\"300\" height=\"300\" \/>\n\t\t\t<!-- Overlay Wrapper -->\n\t\t\t <!-- Overlay Wrapper Closed -->\n\t\t\t\t<\/a>\n\t\t\t\t\t\t\t<meta itemprop=\"width\" content=\"300\" \/>\n\t\t\t<meta itemprop=\"height\" content=\"300\" \/>\n\t\t\t\t<a\n\t\t\thref=\"https:\/\/gjefsjo.no\/wp-content\/uploads\/2020\/10\/godtfolk-1024x628.jpg\"\n\t\t\t\t\t\tdata-fancybox=\"images\" \n\t\t\ttitle=\"Godtfolk - Reportasje i Tr\u00f8nder-Avisa fra OSS Gjefsj\u00f8en\" \n\t\t\t\t\t\tdata-caption=\"Godtfolk - Reportasje i Tr\u00f8nder-Avisa fra OSS Gjefsj\u00f8en, april 2018\"\n\t\t\t\t\t\tdata-description=\"\" \n\t\t\titemprop=\"contentUrl\">\n\t\t\t<img loading=\"lazy\" decoding=\"async\" src=\"https:\/\/gjefsjo.no\/wp-content\/uploads\/2020\/10\/godtfolk-300x300.jpg\" alt=\"Godtfolk - Reportasje i Tr\u00f8nder-Avisa fra OSS Gjefsj\u00f8en\" data-no-lazy=\"1\" itemprop=\"thumbnail\" width=\"300\" height=\"300\" \/>\n\t\t\t<!-- Overlay Wrapper -->\n\t\t\t <!-- Overlay Wrapper Closed -->\n\t\t\t\t<\/a>\n\t\t\t\t\t\t\t<meta itemprop=\"width\" content=\"300\" \/>\n\t\t\t<meta itemprop=\"height\" content=\"300\" \/>\n\t\t\t\t<a\n\t\t\thref=\"https:\/\/gjefsjo.no\/wp-content\/uploads\/2020\/10\/gjefsjo6-1024x498.jpg\"\n\t\t\t\t\t\tdata-fancybox=\"images\" \n\t\t\ttitle=\"Demontering av Rypes hovedkvarter i mai 2018\" \n\t\t\t\t\t\tdata-caption=\"Restaurering av bygningen som var hovedkvarter for Operasjon Rype restaureres av OSS Gjefsj\u00f8en. Foto: Lars Bugge Aarset\"\n\t\t\t\t\t\tdata-description=\"\" \n\t\t\titemprop=\"contentUrl\">\n\t\t\t<img loading=\"lazy\" decoding=\"async\" src=\"https:\/\/gjefsjo.no\/wp-content\/uploads\/2020\/10\/gjefsjo6-300x300.jpg\" alt=\"Restaurering av OSS Gjefsj\u00f8en\" data-no-lazy=\"1\" itemprop=\"thumbnail\" width=\"300\" height=\"300\" \/>\n\t\t\t<!-- Overlay Wrapper -->\n\t\t\t <!-- Overlay Wrapper Closed -->\n\t\t\t\t<\/a>\n\t\t\t\t\t\t\t<meta itemprop=\"width\" content=\"300\" \/>\n\t\t\t<meta itemprop=\"height\" content=\"300\" \/>\n\t\t\t\t<a\n\t\t\thref=\"https:\/\/gjefsjo.no\/wp-content\/uploads\/2021\/07\/fortidsvern-nr-2-2021-3-1024x768.jpg\"\n\t\t\t\t\t\tdata-fancybox=\"images\" \n\t\t\ttitle=\"Fortidsvern nr 2 - 2021 (3)\" \n\t\t\t\t\t\tdata-caption=\"\"\n\t\t\t\t\t\tdata-description=\"\" \n\t\t\titemprop=\"contentUrl\">\n\t\t\t<img loading=\"lazy\" decoding=\"async\" src=\"https:\/\/gjefsjo.no\/wp-content\/uploads\/2021\/07\/fortidsvern-nr-2-2021-3-300x300.jpg\" alt=\"\" data-no-lazy=\"1\" itemprop=\"thumbnail\" width=\"300\" height=\"300\" \/>\n\t\t\t<!-- Overlay Wrapper -->\n\t\t\t <!-- Overlay Wrapper Closed -->\n\t\t\t\t<\/a>\n\t\t\t\t\t\t\t<meta itemprop=\"width\" content=\"300\" \/>\n\t\t\t<meta itemprop=\"height\" content=\"300\" \/>\n\t\t\t\t<a\n\t\t\thref=\"https:\/\/gjefsjo.no\/wp-content\/uploads\/2021\/07\/fortidsvern-nr-2-2021-2-1024x768.jpg\"\n\t\t\t\t\t\tdata-fancybox=\"images\" \n\t\t\ttitle=\"Fortidsvern nr 2 - 2021 (2)\" \n\t\t\t\t\t\tdata-caption=\"\"\n\t\t\t\t\t\tdata-description=\"Fortidsvern nr 2 - 2021\" \n\t\t\titemprop=\"contentUrl\">\n\t\t\t<img loading=\"lazy\" decoding=\"async\" src=\"https:\/\/gjefsjo.no\/wp-content\/uploads\/2021\/07\/fortidsvern-nr-2-2021-2-300x300.jpg\" alt=\"Fortidsvern nr 2 - 2021\" data-no-lazy=\"1\" itemprop=\"thumbnail\" width=\"300\" height=\"300\" \/>\n\t\t\t<!-- Overlay Wrapper -->\n\t\t\t <!-- Overlay Wrapper Closed -->\n\t\t\t\t<\/a>\n\t\t\t\t\t\t\t<meta itemprop=\"width\" content=\"300\" \/>\n\t\t\t<meta itemprop=\"height\" content=\"300\" \/>\n\t\t\t\t<a\n\t\t\thref=\"https:\/\/gjefsjo.no\/wp-content\/uploads\/2021\/07\/fortidsvern-nr-2-2021-4-1024x1030.jpg\"\n\t\t\t\t\t\tdata-fancybox=\"images\" \n\t\t\ttitle=\"Fortidsvern nr 2 - 2021 (4)\" \n\t\t\t\t\t\tdata-caption=\"\"\n\t\t\t\t\t\tdata-description=\"\" \n\t\t\titemprop=\"contentUrl\">\n\t\t\t<img loading=\"lazy\" decoding=\"async\" src=\"https:\/\/gjefsjo.no\/wp-content\/uploads\/2021\/07\/fortidsvern-nr-2-2021-4-300x300.jpg\" alt=\"\" data-no-lazy=\"1\" itemprop=\"thumbnail\" width=\"300\" height=\"300\" \/>\n\t\t\t<!-- Overlay Wrapper -->\n\t\t\t <!-- Overlay Wrapper Closed -->\n\t\t\t\t<\/a>\n\t\t\t\t\t\t\t<meta itemprop=\"width\" content=\"300\" \/>\n\t\t\t<meta itemprop=\"height\" content=\"300\" \/>\n\t\t\t\t<a\n\t\t\thref=\"https:\/\/gjefsjo.no\/wp-content\/uploads\/2021\/07\/fortidsvern-nr-2-2021-1-1024x1536.jpg\"\n\t\t\t\t\t\tdata-fancybox=\"images\" \n\t\t\ttitle=\"Fortidsvern nr 2 - 2021 (1)\" \n\t\t\t\t\t\tdata-caption=\"\"\n\t\t\t\t\t\tdata-description=\"\" \n\t\t\titemprop=\"contentUrl\">\n\t\t\t<img loading=\"lazy\" decoding=\"async\" src=\"https:\/\/gjefsjo.no\/wp-content\/uploads\/2021\/07\/fortidsvern-nr-2-2021-1-300x300.jpg\" alt=\"\" data-no-lazy=\"1\" itemprop=\"thumbnail\" width=\"300\" height=\"300\" \/>\n\t\t\t<!-- Overlay Wrapper -->\n\t\t\t <!-- Overlay Wrapper Closed -->\n\t\t\t\t<\/a>\n\t\t\t\t\t\t\t<meta itemprop=\"width\" content=\"300\" \/>\n\t\t\t<meta itemprop=\"height\" content=\"300\" \/>\n\t\t\t\t<a\n\t\t\thref=\"https:\/\/gjefsjo.no\/wp-content\/uploads\/2021\/07\/fortidsvern.jpg\"\n\t\t\t\t\t\tdata-fancybox=\"images\" \n\t\t\ttitle=\"Fortidsvern nr 2 2021\" \n\t\t\t\t\t\tdata-caption=\"\"\n\t\t\t\t\t\tdata-description=\"Fortidsvern nr 2 2021\" \n\t\t\titemprop=\"contentUrl\">\n\t\t\t<img loading=\"lazy\" decoding=\"async\" src=\"https:\/\/gjefsjo.no\/wp-content\/uploads\/2021\/07\/fortidsvern-300x300.jpg\" alt=\"Fortidsvern nr 2 2021\" data-no-lazy=\"1\" itemprop=\"thumbnail\" width=\"300\" height=\"300\" \/>\n\t\t\t<!-- Overlay Wrapper -->\n\t\t\t <!-- Overlay Wrapper Closed -->\n\t\t\t\t<\/a>\n\t\t\t\t\t\t\t<meta itemprop=\"width\" content=\"300\" \/>\n\t\t\t<meta itemprop=\"height\" content=\"300\" \/>\n\t\t\t\t<a\n\t\t\thref=\"https:\/\/gjefsjo.no\/wp-content\/uploads\/2021\/08\/dugnad-pa-oss-gjefsjoen-juni-2018-foto-lars-bugge-aarset-9-1024x498.jpg\"\n\t\t\t\t\t\tdata-fancybox=\"images\" \n\t\t\ttitle=\"Dugnad p\u00e5 OSS Gjefsj\u00f8en juni 2018 - Foto Lars Bugge Aarset (9)\" \n\t\t\t\t\t\tdata-caption=\"\"\n\t\t\t\t\t\tdata-description=\"\" \n\t\t\titemprop=\"contentUrl\">\n\t\t\t<img loading=\"lazy\" decoding=\"async\" src=\"https:\/\/gjefsjo.no\/wp-content\/uploads\/2021\/08\/dugnad-pa-oss-gjefsjoen-juni-2018-foto-lars-bugge-aarset-9-300x300.jpg\" alt=\"\" data-no-lazy=\"1\" itemprop=\"thumbnail\" width=\"300\" height=\"300\" \/>\n\t\t\t<!-- Overlay Wrapper -->\n\t\t\t <!-- Overlay Wrapper Closed -->\n\t\t\t\t<\/a>\n\t\t\t\t\t\t\t<meta itemprop=\"width\" content=\"300\" \/>\n\t\t\t<meta itemprop=\"height\" content=\"300\" \/>\n\t\t\t\t<a\n\t\t\thref=\"https:\/\/gjefsjo.no\/wp-content\/uploads\/2021\/08\/dugnad-pa-oss-gjefsjoen-juni-2018-foto-lars-bugge-aarset-1-1024x498.jpg\"\n\t\t\t\t\t\tdata-fancybox=\"images\" \n\t\t\ttitle=\"Dugnad p\u00e5 OSS Gjefsj\u00f8en juni 2018 - Foto Lars Bugge Aarset (1)\" \n\t\t\t\t\t\tdata-caption=\"\"\n\t\t\t\t\t\tdata-description=\"\" \n\t\t\titemprop=\"contentUrl\">\n\t\t\t<img loading=\"lazy\" decoding=\"async\" src=\"https:\/\/gjefsjo.no\/wp-content\/uploads\/2021\/08\/dugnad-pa-oss-gjefsjoen-juni-2018-foto-lars-bugge-aarset-1-300x300.jpg\" alt=\"Dugnad p\u00e5 OSS Gjefsj\u00f8en juni 2018 - Foto Lars Bugge Aarset\" data-no-lazy=\"1\" itemprop=\"thumbnail\" width=\"300\" height=\"300\" \/>\n\t\t\t<!-- Overlay Wrapper -->\n\t\t\t <!-- Overlay Wrapper Closed -->\n\t\t\t\t<\/a>\n\t\t\t\t\t\t\t<meta itemprop=\"width\" content=\"300\" \/>\n\t\t\t<meta itemprop=\"height\" content=\"300\" \/>\n\t\t\t\t<a\n\t\t\thref=\"https:\/\/gjefsjo.no\/wp-content\/uploads\/2021\/08\/dugnad-pa-oss-gjefsjoen-juni-2018-foto-lars-bugge-aarset-6-1024x498.jpg\"\n\t\t\t\t\t\tdata-fancybox=\"images\" \n\t\t\ttitle=\"Dugnad p\u00e5 OSS Gjefsj\u00f8en juni 2018 - Foto Lars Bugge Aarset (6)\" \n\t\t\t\t\t\tdata-caption=\"\"\n\t\t\t\t\t\tdata-description=\"\" \n\t\t\titemprop=\"contentUrl\">\n\t\t\t<img loading=\"lazy\" decoding=\"async\" src=\"https:\/\/gjefsjo.no\/wp-content\/uploads\/2021\/08\/dugnad-pa-oss-gjefsjoen-juni-2018-foto-lars-bugge-aarset-6-300x300.jpg\" alt=\"\" data-no-lazy=\"1\" itemprop=\"thumbnail\" width=\"300\" height=\"300\" \/>\n\t\t\t<!-- Overlay Wrapper -->\n\t\t\t <!-- Overlay Wrapper Closed -->\n\t\t\t\t<\/a>\n\t\t\t\t\t\t\t<meta itemprop=\"width\" content=\"300\" \/>\n\t\t\t<meta itemprop=\"height\" content=\"300\" \/>\n\t\t\t\t<a\n\t\t\thref=\"https:\/\/gjefsjo.no\/wp-content\/uploads\/2021\/08\/dugnad-pa-oss-gjefsjoen-juni-2018-foto-lars-bugge-aarset-2-1024x498.jpg\"\n\t\t\t\t\t\tdata-fancybox=\"images\" \n\t\t\ttitle=\"Dugnad p\u00e5 OSS Gjefsj\u00f8en juni 2018 - Foto Lars Bugge Aarset (2)\" \n\t\t\t\t\t\tdata-caption=\"\"\n\t\t\t\t\t\tdata-description=\"\" \n\t\t\titemprop=\"contentUrl\">\n\t\t\t<img loading=\"lazy\" decoding=\"async\" src=\"https:\/\/gjefsjo.no\/wp-content\/uploads\/2021\/08\/dugnad-pa-oss-gjefsjoen-juni-2018-foto-lars-bugge-aarset-2-300x300.jpg\" alt=\"\" data-no-lazy=\"1\" itemprop=\"thumbnail\" width=\"300\" height=\"300\" \/>\n\t\t\t<!-- Overlay Wrapper -->\n\t\t\t <!-- Overlay Wrapper Closed -->\n\t\t\t\t<\/a>\n\t\t\t\t\t\t\t<meta itemprop=\"width\" content=\"300\" \/>\n\t\t\t<meta itemprop=\"height\" content=\"300\" \/>\n\t\t\t\t<a\n\t\t\thref=\"https:\/\/gjefsjo.no\/wp-content\/uploads\/2021\/08\/dugnad-pa-oss-gjefsjoen-juni-2018-foto-lars-bugge-aarset-7-1024x498.jpg\"\n\t\t\t\t\t\tdata-fancybox=\"images\" \n\t\t\ttitle=\"Dugnad p\u00e5 OSS Gjefsj\u00f8en juni 2018 - Foto Lars Bugge Aarset (7)\" \n\t\t\t\t\t\tdata-caption=\"\"\n\t\t\t\t\t\tdata-description=\"\" \n\t\t\titemprop=\"contentUrl\">\n\t\t\t<img loading=\"lazy\" decoding=\"async\" src=\"https:\/\/gjefsjo.no\/wp-content\/uploads\/2021\/08\/dugnad-pa-oss-gjefsjoen-juni-2018-foto-lars-bugge-aarset-7-300x300.jpg\" alt=\"\" data-no-lazy=\"1\" itemprop=\"thumbnail\" width=\"300\" height=\"300\" \/>\n\t\t\t<!-- Overlay Wrapper -->\n\t\t\t <!-- Overlay Wrapper Closed -->\n\t\t\t\t<\/a>\n\t\t\t\t\t\t\t<meta itemprop=\"width\" content=\"300\" \/>\n\t\t\t<meta itemprop=\"height\" content=\"300\" \/>\n\t\t\t\t<a\n\t\t\thref=\"https:\/\/gjefsjo.no\/wp-content\/uploads\/2021\/08\/dugnad-pa-oss-gjefsjoen-juni-2018-foto-lars-bugge-aarset-8-1024x498.jpg\"\n\t\t\t\t\t\tdata-fancybox=\"images\" \n\t\t\ttitle=\"Dugnad p\u00e5 OSS Gjefsj\u00f8en juni 2018 - Foto Lars Bugge Aarset (8)\" \n\t\t\t\t\t\tdata-caption=\"\"\n\t\t\t\t\t\tdata-description=\"\" \n\t\t\titemprop=\"contentUrl\">\n\t\t\t<img loading=\"lazy\" decoding=\"async\" src=\"https:\/\/gjefsjo.no\/wp-content\/uploads\/2021\/08\/dugnad-pa-oss-gjefsjoen-juni-2018-foto-lars-bugge-aarset-8-300x300.jpg\" alt=\"\" data-no-lazy=\"1\" itemprop=\"thumbnail\" width=\"300\" height=\"300\" \/>\n\t\t\t<!-- Overlay Wrapper -->\n\t\t\t <!-- Overlay Wrapper Closed -->\n\t\t\t\t<\/a>\n\t\t\t\t\t\t\t<meta itemprop=\"width\" content=\"300\" \/>\n\t\t\t<meta itemprop=\"height\" content=\"300\" \/>\n\t\t\t\t<a\n\t\t\thref=\"https:\/\/gjefsjo.no\/wp-content\/uploads\/2021\/08\/dugnad-pa-oss-gjefsjoen-juni-2018-foto-lars-bugge-aarset-5-1024x498.jpg\"\n\t\t\t\t\t\tdata-fancybox=\"images\" \n\t\t\ttitle=\"Dugnad p\u00e5 OSS Gjefsj\u00f8en juni 2018 - Foto Lars Bugge Aarset (5)\" \n\t\t\t\t\t\tdata-caption=\"\"\n\t\t\t\t\t\tdata-description=\"\" \n\t\t\titemprop=\"contentUrl\">\n\t\t\t<img loading=\"lazy\" decoding=\"async\" src=\"https:\/\/gjefsjo.no\/wp-content\/uploads\/2021\/08\/dugnad-pa-oss-gjefsjoen-juni-2018-foto-lars-bugge-aarset-5-300x300.jpg\" alt=\"\" data-no-lazy=\"1\" itemprop=\"thumbnail\" width=\"300\" height=\"300\" \/>\n\t\t\t<!-- Overlay Wrapper -->\n\t\t\t <!-- Overlay Wrapper Closed -->\n\t\t\t\t<\/a>\n\t\t\t\t\t\t\t<meta itemprop=\"width\" content=\"300\" \/>\n\t\t\t<meta itemprop=\"height\" content=\"300\" \/>\n\t\t\t\t<a\n\t\t\thref=\"https:\/\/gjefsjo.no\/wp-content\/uploads\/2021\/08\/dugnad-pa-oss-gjefsjoen-juni-2018-foto-lars-bugge-aarset-3-1024x498.jpg\"\n\t\t\t\t\t\tdata-fancybox=\"images\" \n\t\t\ttitle=\"Dugnad p\u00e5 OSS Gjefsj\u00f8en juni 2018 - Foto Lars Bugge Aarset (3)\" \n\t\t\t\t\t\tdata-caption=\"\"\n\t\t\t\t\t\tdata-description=\"\" \n\t\t\titemprop=\"contentUrl\">\n\t\t\t<img loading=\"lazy\" decoding=\"async\" src=\"https:\/\/gjefsjo.no\/wp-content\/uploads\/2021\/08\/dugnad-pa-oss-gjefsjoen-juni-2018-foto-lars-bugge-aarset-3-300x300.jpg\" alt=\"\" data-no-lazy=\"1\" itemprop=\"thumbnail\" width=\"300\" height=\"300\" \/>\n\t\t\t<!-- Overlay Wrapper -->\n\t\t\t <!-- Overlay Wrapper Closed -->\n\t\t\t\t<\/a>\n\t\t\t\t\t\t\t<meta itemprop=\"width\" content=\"300\" \/>\n\t\t\t<meta itemprop=\"height\" content=\"300\" \/>\n\t\t\t\t<a\n\t\t\thref=\"https:\/\/gjefsjo.no\/wp-content\/uploads\/2021\/08\/dugnad-pa-oss-gjefsjoen-juni-2018-foto-lars-bugge-aarset-4-1024x498.jpg\"\n\t\t\t\t\t\tdata-fancybox=\"images\" \n\t\t\ttitle=\"Dugnad p\u00e5 OSS Gjefsj\u00f8en juni 2018 - Foto Lars Bugge Aarset (4)\" \n\t\t\t\t\t\tdata-caption=\"\"\n\t\t\t\t\t\tdata-description=\"\" \n\t\t\titemprop=\"contentUrl\">\n\t\t\t<img loading=\"lazy\" decoding=\"async\" src=\"https:\/\/gjefsjo.no\/wp-content\/uploads\/2021\/08\/dugnad-pa-oss-gjefsjoen-juni-2018-foto-lars-bugge-aarset-4-300x300.jpg\" alt=\"\" data-no-lazy=\"1\" itemprop=\"thumbnail\" width=\"300\" height=\"300\" \/>\n\t\t\t<!-- Overlay Wrapper -->\n\t\t\t <!-- Overlay Wrapper Closed -->\n\t\t\t\t<\/a>\n\t\t\t\t\t\t\t<meta itemprop=\"width\" content=\"300\" \/>\n\t\t\t<meta itemprop=\"height\" content=\"300\" \/>\n\t\t\t\t<a\n\t\t\thref=\"https:\/\/gjefsjo.no\/wp-content\/uploads\/2021\/08\/dugnad-pa-oss-gjefsjoen-juni-2018-foto-lars-bugge-aarset-11-1024x498.jpg\"\n\t\t\t\t\t\tdata-fancybox=\"images\" \n\t\t\ttitle=\"Dugnad p\u00e5 OSS Gjefsj\u00f8en juni 2018 - Foto Lars Bugge Aarset (11)\" \n\t\t\t\t\t\tdata-caption=\"\"\n\t\t\t\t\t\tdata-description=\"\" \n\t\t\titemprop=\"contentUrl\">\n\t\t\t<img loading=\"lazy\" decoding=\"async\" src=\"https:\/\/gjefsjo.no\/wp-content\/uploads\/2021\/08\/dugnad-pa-oss-gjefsjoen-juni-2018-foto-lars-bugge-aarset-11-300x300.jpg\" alt=\"\" data-no-lazy=\"1\" itemprop=\"thumbnail\" width=\"300\" height=\"300\" \/>\n\t\t\t<!-- Overlay Wrapper -->\n\t\t\t <!-- Overlay Wrapper Closed -->\n\t\t\t\t<\/a>\n\t\t\t\t\t\t\t<meta itemprop=\"width\" content=\"300\" \/>\n\t\t\t<meta itemprop=\"height\" content=\"300\" \/>\n\t\t\t\t<a\n\t\t\thref=\"https:\/\/gjefsjo.no\/wp-content\/uploads\/2021\/08\/dugnad-pa-oss-gjefsjoen-juni-2018-foto-lars-bugge-aarset-10-1024x498.jpg\"\n\t\t\t\t\t\tdata-fancybox=\"images\" \n\t\t\ttitle=\"Dugnad p\u00e5 OSS Gjefsj\u00f8en juni 2018 - Foto Lars Bugge Aarset (10)\" \n\t\t\t\t\t\tdata-caption=\"\"\n\t\t\t\t\t\tdata-description=\"\" \n\t\t\titemprop=\"contentUrl\">\n\t\t\t<img loading=\"lazy\" decoding=\"async\" src=\"https:\/\/gjefsjo.no\/wp-content\/uploads\/2021\/08\/dugnad-pa-oss-gjefsjoen-juni-2018-foto-lars-bugge-aarset-10-300x300.jpg\" alt=\"\" data-no-lazy=\"1\" itemprop=\"thumbnail\" width=\"300\" height=\"300\" \/>\n\t\t\t<!-- Overlay Wrapper -->\n\t\t\t <!-- Overlay Wrapper Closed -->\n\t\t\t\t<\/a>\n\t\t\t\t\t\t\t<meta itemprop=\"width\" content=\"300\" \/>\n\t\t\t<meta itemprop=\"height\" content=\"300\" \/>\n\t\t\t\t<a\n\t\t\thref=\"https:\/\/gjefsjo.no\/wp-content\/uploads\/2021\/08\/forste-dugnad-pa-oss-gjefsjoen-april-2018-foto-lars-bugge-aarset-1-1024x498.jpg\"\n\t\t\t\t\t\tdata-fancybox=\"images\" \n\t\t\ttitle=\"F\u00f8rste dugnad p\u00e5 OSS Gjefsj\u00f8en april 2018 - foto Lars Bugge Aarset (1)\" \n\t\t\t\t\t\tdata-caption=\"\"\n\t\t\t\t\t\tdata-description=\"F\u00f8rste dugnad p\u00e5 OSS Gjefsj\u00f8en april 2018 - foto Lars Bugge Aarset \" \n\t\t\titemprop=\"contentUrl\">\n\t\t\t<img loading=\"lazy\" decoding=\"async\" src=\"https:\/\/gjefsjo.no\/wp-content\/uploads\/2021\/08\/forste-dugnad-pa-oss-gjefsjoen-april-2018-foto-lars-bugge-aarset-1-300x300.jpg\" alt=\"F\u00f8rste dugnad p\u00e5 OSS Gjefsj\u00f8en april 2018 - foto Lars Bugge Aarset\" data-no-lazy=\"1\" itemprop=\"thumbnail\" width=\"300\" height=\"300\" \/>\n\t\t\t<!-- Overlay Wrapper -->\n\t\t\t <!-- Overlay Wrapper Closed -->\n\t\t\t\t<\/a>\n\t\t\t\t\t\t\t<meta itemprop=\"width\" content=\"300\" \/>\n\t\t\t<meta itemprop=\"height\" content=\"300\" \/>\n\t\t\t\t<a\n\t\t\thref=\"https:\/\/gjefsjo.no\/wp-content\/uploads\/2021\/08\/forste-dugnad-pa-oss-gjefsjoen-april-2018-foto-lars-bugge-aarset-2-1024x498.jpg\"\n\t\t\t\t\t\tdata-fancybox=\"images\" \n\t\t\ttitle=\"F\u00f8rste dugnad p\u00e5 OSS Gjefsj\u00f8en april 2018 - foto Lars Bugge Aarset (2)\" \n\t\t\t\t\t\tdata-caption=\"\"\n\t\t\t\t\t\tdata-description=\"\" \n\t\t\titemprop=\"contentUrl\">\n\t\t\t<img loading=\"lazy\" decoding=\"async\" src=\"https:\/\/gjefsjo.no\/wp-content\/uploads\/2021\/08\/forste-dugnad-pa-oss-gjefsjoen-april-2018-foto-lars-bugge-aarset-2-300x300.jpg\" alt=\"\" data-no-lazy=\"1\" itemprop=\"thumbnail\" width=\"300\" height=\"300\" \/>\n\t\t\t<!-- Overlay Wrapper -->\n\t\t\t <!-- Overlay Wrapper Closed -->\n\t\t\t\t<\/a>\n\t\t\t\t\t\t\t<meta itemprop=\"width\" content=\"300\" \/>\n\t\t\t<meta itemprop=\"height\" content=\"300\" \/>\n\t\t\t\t<a\n\t\t\thref=\"https:\/\/gjefsjo.no\/wp-content\/uploads\/2021\/08\/forste-dugnad-pa-oss-gjefsjoen-april-2018-foto-lars-bugge-aarset-3-1024x498.jpg\"\n\t\t\t\t\t\tdata-fancybox=\"images\" \n\t\t\ttitle=\"F\u00f8rste dugnad p\u00e5 OSS Gjefsj\u00f8en april 2018 - foto Lars Bugge Aarset (3)\" \n\t\t\t\t\t\tdata-caption=\"\"\n\t\t\t\t\t\tdata-description=\"\" \n\t\t\titemprop=\"contentUrl\">\n\t\t\t<img loading=\"lazy\" decoding=\"async\" src=\"https:\/\/gjefsjo.no\/wp-content\/uploads\/2021\/08\/forste-dugnad-pa-oss-gjefsjoen-april-2018-foto-lars-bugge-aarset-3-300x300.jpg\" alt=\"\" data-no-lazy=\"1\" itemprop=\"thumbnail\" width=\"300\" height=\"300\" \/>\n\t\t\t<!-- Overlay Wrapper -->\n\t\t\t <!-- Overlay Wrapper Closed -->\n\t\t\t\t<\/a>\n\t\t\t\t\t\t\t<meta itemprop=\"width\" content=\"300\" \/>\n\t\t\t<meta itemprop=\"height\" content=\"300\" \/>\n\t\t\t\t<a\n\t\t\thref=\"https:\/\/gjefsjo.no\/wp-content\/uploads\/2021\/08\/forste-dugnad-pa-oss-gjefsjoen-april-2018-foto-lars-bugge-aarset-4-1024x498.jpg\"\n\t\t\t\t\t\tdata-fancybox=\"images\" \n\t\t\ttitle=\"F\u00f8rste dugnad p\u00e5 OSS Gjefsj\u00f8en april 2018 - foto Lars Bugge Aarset (4)\" \n\t\t\t\t\t\tdata-caption=\"\"\n\t\t\t\t\t\tdata-description=\"\" \n\t\t\titemprop=\"contentUrl\">\n\t\t\t<img loading=\"lazy\" decoding=\"async\" src=\"https:\/\/gjefsjo.no\/wp-content\/uploads\/2021\/08\/forste-dugnad-pa-oss-gjefsjoen-april-2018-foto-lars-bugge-aarset-4-300x300.jpg\" alt=\"\" data-no-lazy=\"1\" itemprop=\"thumbnail\" width=\"300\" height=\"300\" \/>\n\t\t\t<!-- Overlay Wrapper -->\n\t\t\t <!-- Overlay Wrapper Closed -->\n\t\t\t\t<\/a>\n\t\t\t\t\t\t\t<meta itemprop=\"width\" content=\"300\" \/>\n\t\t\t<meta itemprop=\"height\" content=\"300\" \/>\n\t\t\t\t<a\n\t\t\thref=\"https:\/\/gjefsjo.no\/wp-content\/uploads\/2021\/08\/forste-dugnad-pa-oss-gjefsjoen-april-2018-foto-lars-bugge-aarset-5-1024x498.jpg\"\n\t\t\t\t\t\tdata-fancybox=\"images\" \n\t\t\ttitle=\"F\u00f8rste dugnad p\u00e5 OSS Gjefsj\u00f8en april 2018 - foto Lars Bugge Aarset (5)\" \n\t\t\t\t\t\tdata-caption=\"\"\n\t\t\t\t\t\tdata-description=\"\" \n\t\t\titemprop=\"contentUrl\">\n\t\t\t<img loading=\"lazy\" decoding=\"async\" src=\"https:\/\/gjefsjo.no\/wp-content\/uploads\/2021\/08\/forste-dugnad-pa-oss-gjefsjoen-april-2018-foto-lars-bugge-aarset-5-300x300.jpg\" alt=\"\" data-no-lazy=\"1\" itemprop=\"thumbnail\" width=\"300\" height=\"300\" \/>\n\t\t\t<!-- Overlay Wrapper -->\n\t\t\t <!-- Overlay Wrapper Closed -->\n\t\t\t\t<\/a>\n\t\t\t\t\t\t\t<meta itemprop=\"width\" content=\"300\" \/>\n\t\t\t<meta itemprop=\"height\" content=\"300\" \/>\n\t\t\t\t<a\n\t\t\thref=\"https:\/\/gjefsjo.no\/wp-content\/uploads\/2021\/08\/forste-dugnad-pa-oss-gjefsjoen-april-2018-foto-lars-bugge-aarset-6-1024x498.jpg\"\n\t\t\t\t\t\tdata-fancybox=\"images\" \n\t\t\ttitle=\"F\u00f8rste dugnad p\u00e5 OSS Gjefsj\u00f8en april 2018 - foto Lars Bugge Aarset (6)\" \n\t\t\t\t\t\tdata-caption=\"\"\n\t\t\t\t\t\tdata-description=\"\" \n\t\t\titemprop=\"contentUrl\">\n\t\t\t<img loading=\"lazy\" decoding=\"async\" src=\"https:\/\/gjefsjo.no\/wp-content\/uploads\/2021\/08\/forste-dugnad-pa-oss-gjefsjoen-april-2018-foto-lars-bugge-aarset-6-300x300.jpg\" alt=\"\" data-no-lazy=\"1\" itemprop=\"thumbnail\" width=\"300\" height=\"300\" \/>\n\t\t\t<!-- Overlay Wrapper -->\n\t\t\t <!-- Overlay Wrapper Closed -->\n\t\t\t\t<\/a>\n\t\t\t\t\t\t\t<meta itemprop=\"width\" content=\"300\" \/>\n\t\t\t<meta itemprop=\"height\" content=\"300\" \/>\n\t\t\t\t<a\n\t\t\thref=\"https:\/\/gjefsjo.no\/wp-content\/uploads\/2021\/08\/forste-dugnad-pa-oss-gjefsjoen-april-2018-foto-lars-bugge-aarset-7-1024x498.jpg\"\n\t\t\t\t\t\tdata-fancybox=\"images\" \n\t\t\ttitle=\"F\u00f8rste dugnad p\u00e5 OSS Gjefsj\u00f8en april 2018 - foto Lars Bugge Aarset (7)\" \n\t\t\t\t\t\tdata-caption=\"\"\n\t\t\t\t\t\tdata-description=\"\" \n\t\t\titemprop=\"contentUrl\">\n\t\t\t<img loading=\"lazy\" decoding=\"async\" src=\"https:\/\/gjefsjo.no\/wp-content\/uploads\/2021\/08\/forste-dugnad-pa-oss-gjefsjoen-april-2018-foto-lars-bugge-aarset-7-300x300.jpg\" alt=\"\" data-no-lazy=\"1\" itemprop=\"thumbnail\" width=\"300\" height=\"300\" \/>\n\t\t\t<!-- Overlay Wrapper -->\n\t\t\t <!-- Overlay Wrapper Closed -->\n\t\t\t\t<\/a>\n\t\t\t\t\t\t\t<meta itemprop=\"width\" content=\"300\" \/>\n\t\t\t<meta itemprop=\"height\" content=\"300\" \/>\n\t\t\t\t<a\n\t\t\thref=\"https:\/\/gjefsjo.no\/wp-content\/uploads\/2021\/08\/forste-dugnad-pa-oss-gjefsjoen-april-2018-foto-lars-bugge-aarset-9-1024x498.jpg\"\n\t\t\t\t\t\tdata-fancybox=\"images\" \n\t\t\ttitle=\"F\u00f8rste dugnad p\u00e5 OSS Gjefsj\u00f8en april 2018 - foto Lars Bugge Aarset (9)\" \n\t\t\t\t\t\tdata-caption=\"\"\n\t\t\t\t\t\tdata-description=\"\" \n\t\t\titemprop=\"contentUrl\">\n\t\t\t<img loading=\"lazy\" decoding=\"async\" src=\"https:\/\/gjefsjo.no\/wp-content\/uploads\/2021\/08\/forste-dugnad-pa-oss-gjefsjoen-april-2018-foto-lars-bugge-aarset-9-300x300.jpg\" alt=\"\" data-no-lazy=\"1\" itemprop=\"thumbnail\" width=\"300\" height=\"300\" \/>\n\t\t\t<!-- Overlay Wrapper -->\n\t\t\t <!-- Overlay Wrapper Closed -->\n\t\t\t\t<\/a>\n\t\t\t\t\t\t\t<meta itemprop=\"width\" content=\"300\" \/>\n\t\t\t<meta itemprop=\"height\" content=\"300\" \/>\n\t\t\t\t<a\n\t\t\thref=\"https:\/\/gjefsjo.no\/wp-content\/uploads\/2021\/08\/forste-dugnad-pa-oss-gjefsjoen-april-2018-foto-lars-bugge-aarset-10-1024x498.jpg\"\n\t\t\t\t\t\tdata-fancybox=\"images\" \n\t\t\ttitle=\"F\u00f8rste dugnad p\u00e5 OSS Gjefsj\u00f8en april 2018 - foto Lars Bugge Aarset (10)\" \n\t\t\t\t\t\tdata-caption=\"\"\n\t\t\t\t\t\tdata-description=\"\" \n\t\t\titemprop=\"contentUrl\">\n\t\t\t<img loading=\"lazy\" decoding=\"async\" src=\"https:\/\/gjefsjo.no\/wp-content\/uploads\/2021\/08\/forste-dugnad-pa-oss-gjefsjoen-april-2018-foto-lars-bugge-aarset-10-300x300.jpg\" alt=\"\" data-no-lazy=\"1\" itemprop=\"thumbnail\" width=\"300\" height=\"300\" \/>\n\t\t\t<!-- Overlay Wrapper -->\n\t\t\t <!-- Overlay Wrapper Closed -->\n\t\t\t\t<\/a>\n\t\t\t\t\t\t\t<meta itemprop=\"width\" content=\"300\" \/>\n\t\t\t<meta itemprop=\"height\" content=\"300\" \/>\n\t\t\t\t<a\n\t\t\thref=\"https:\/\/gjefsjo.no\/wp-content\/uploads\/2021\/08\/forste-dugnad-pa-oss-gjefsjoen-april-2018-foto-lars-bugge-aarset-14-1024x498.jpg\"\n\t\t\t\t\t\tdata-fancybox=\"images\" \n\t\t\ttitle=\"F\u00f8rste dugnad p\u00e5 OSS Gjefsj\u00f8en april 2018 - foto Lars Bugge Aarset (14)\" \n\t\t\t\t\t\tdata-caption=\"\"\n\t\t\t\t\t\tdata-description=\"\" \n\t\t\titemprop=\"contentUrl\">\n\t\t\t<img loading=\"lazy\" decoding=\"async\" src=\"https:\/\/gjefsjo.no\/wp-content\/uploads\/2021\/08\/forste-dugnad-pa-oss-gjefsjoen-april-2018-foto-lars-bugge-aarset-14-300x300.jpg\" alt=\"\" data-no-lazy=\"1\" itemprop=\"thumbnail\" width=\"300\" height=\"300\" \/>\n\t\t\t<!-- Overlay Wrapper -->\n\t\t\t <!-- Overlay Wrapper Closed -->\n\t\t\t\t<\/a>\n\t\t\t\t\t\t\t<meta itemprop=\"width\" content=\"300\" \/>\n\t\t\t<meta itemprop=\"height\" content=\"300\" \/>\n\t\t\t\t<a\n\t\t\thref=\"https:\/\/gjefsjo.no\/wp-content\/uploads\/2021\/08\/forste-dugnad-pa-oss-gjefsjoen-april-2018-foto-lars-bugge-aarset-15-1024x498.jpg\"\n\t\t\t\t\t\tdata-fancybox=\"images\" \n\t\t\ttitle=\"F\u00f8rste dugnad p\u00e5 OSS Gjefsj\u00f8en april 2018 - foto Lars Bugge Aarset (15)\" \n\t\t\t\t\t\tdata-caption=\"\"\n\t\t\t\t\t\tdata-description=\"\" \n\t\t\titemprop=\"contentUrl\">\n\t\t\t<img loading=\"lazy\" decoding=\"async\" src=\"https:\/\/gjefsjo.no\/wp-content\/uploads\/2021\/08\/forste-dugnad-pa-oss-gjefsjoen-april-2018-foto-lars-bugge-aarset-15-300x300.jpg\" alt=\"\" data-no-lazy=\"1\" itemprop=\"thumbnail\" width=\"300\" height=\"300\" \/>\n\t\t\t<!-- Overlay Wrapper -->\n\t\t\t <!-- Overlay Wrapper Closed -->\n\t\t\t\t<\/a>\n\t\t\t\t\t\t\t<meta itemprop=\"width\" content=\"300\" \/>\n\t\t\t<meta itemprop=\"height\" content=\"300\" \/>\n\t\t\t\t<a\n\t\t\thref=\"https:\/\/gjefsjo.no\/wp-content\/uploads\/2021\/08\/forste-dugnad-pa-oss-gjefsjoen-april-2018-foto-lars-bugge-aarset-20-1024x498.jpg\"\n\t\t\t\t\t\tdata-fancybox=\"images\" \n\t\t\ttitle=\"F\u00f8rste dugnad p\u00e5 OSS Gjefsj\u00f8en april 2018 - foto Lars Bugge Aarset (20)\" \n\t\t\t\t\t\tdata-caption=\"\"\n\t\t\t\t\t\tdata-description=\"\" \n\t\t\titemprop=\"contentUrl\">\n\t\t\t<img loading=\"lazy\" decoding=\"async\" src=\"https:\/\/gjefsjo.no\/wp-content\/uploads\/2021\/08\/forste-dugnad-pa-oss-gjefsjoen-april-2018-foto-lars-bugge-aarset-20-300x300.jpg\" alt=\"\" data-no-lazy=\"1\" itemprop=\"thumbnail\" width=\"300\" height=\"300\" \/>\n\t\t\t<!-- Overlay Wrapper -->\n\t\t\t <!-- Overlay Wrapper Closed -->\n\t\t\t\t<\/a>\n\t\t\t\t\t\t\t<meta itemprop=\"width\" content=\"300\" \/>\n\t\t\t<meta itemprop=\"height\" content=\"300\" \/>\n\t\t\t\t<a\n\t\t\thref=\"https:\/\/gjefsjo.no\/wp-content\/uploads\/2021\/08\/forste-dugnad-pa-oss-gjefsjoen-april-2018-foto-lars-bugge-aarset-21-1024x498.jpg\"\n\t\t\t\t\t\tdata-fancybox=\"images\" \n\t\t\ttitle=\"F\u00f8rste dugnad p\u00e5 OSS Gjefsj\u00f8en april 2018 - foto Lars Bugge Aarset (21)\" \n\t\t\t\t\t\tdata-caption=\"\"\n\t\t\t\t\t\tdata-description=\"\" \n\t\t\titemprop=\"contentUrl\">\n\t\t\t<img loading=\"lazy\" decoding=\"async\" src=\"https:\/\/gjefsjo.no\/wp-content\/uploads\/2021\/08\/forste-dugnad-pa-oss-gjefsjoen-april-2018-foto-lars-bugge-aarset-21-300x300.jpg\" alt=\"\" data-no-lazy=\"1\" itemprop=\"thumbnail\" width=\"300\" height=\"300\" \/>\n\t\t\t<!-- Overlay Wrapper -->\n\t\t\t <!-- Overlay Wrapper Closed -->\n\t\t\t\t<\/a>\n\t\t\t\t\t\t\t<meta itemprop=\"width\" content=\"300\" \/>\n\t\t\t<meta itemprop=\"height\" content=\"300\" \/>\n\t\t\t\t<a\n\t\t\thref=\"https:\/\/gjefsjo.no\/wp-content\/uploads\/2021\/08\/forste-dugnad-pa-oss-gjefsjoen-april-2018-foto-lars-bugge-aarset-22-1024x498.jpg\"\n\t\t\t\t\t\tdata-fancybox=\"images\" \n\t\t\ttitle=\"F\u00f8rste dugnad p\u00e5 OSS Gjefsj\u00f8en april 2018 - foto Lars Bugge Aarset (22)\" \n\t\t\t\t\t\tdata-caption=\"\"\n\t\t\t\t\t\tdata-description=\"\" \n\t\t\titemprop=\"contentUrl\">\n\t\t\t<img loading=\"lazy\" decoding=\"async\" src=\"https:\/\/gjefsjo.no\/wp-content\/uploads\/2021\/08\/forste-dugnad-pa-oss-gjefsjoen-april-2018-foto-lars-bugge-aarset-22-300x300.jpg\" alt=\"\" data-no-lazy=\"1\" itemprop=\"thumbnail\" width=\"300\" height=\"300\" \/>\n\t\t\t<!-- Overlay Wrapper -->\n\t\t\t <!-- Overlay Wrapper Closed -->\n\t\t\t\t<\/a>\n\t\t\t\t\t\t\t<meta itemprop=\"width\" content=\"300\" \/>\n\t\t\t<meta itemprop=\"height\" content=\"300\" \/>\n\t\t\t\t<a\n\t\t\thref=\"https:\/\/gjefsjo.no\/wp-content\/uploads\/2021\/08\/forste-dugnad-pa-oss-gjefsjoen-april-2018-foto-lars-bugge-aarset-23-1024x498.jpg\"\n\t\t\t\t\t\tdata-fancybox=\"images\" \n\t\t\ttitle=\"F\u00f8rste dugnad p\u00e5 OSS Gjefsj\u00f8en april 2018 - foto Lars Bugge Aarset (23)\" \n\t\t\t\t\t\tdata-caption=\"\"\n\t\t\t\t\t\tdata-description=\"\" \n\t\t\titemprop=\"contentUrl\">\n\t\t\t<img loading=\"lazy\" decoding=\"async\" src=\"https:\/\/gjefsjo.no\/wp-content\/uploads\/2021\/08\/forste-dugnad-pa-oss-gjefsjoen-april-2018-foto-lars-bugge-aarset-23-300x300.jpg\" alt=\"\" data-no-lazy=\"1\" itemprop=\"thumbnail\" width=\"300\" height=\"300\" \/>\n\t\t\t<!-- Overlay Wrapper -->\n\t\t\t <!-- Overlay Wrapper Closed -->\n\t\t\t\t<\/a>\n\t\t\t\t\t\t\t<meta itemprop=\"width\" content=\"300\" \/>\n\t\t\t<meta itemprop=\"height\" content=\"300\" \/>\n\t\t\t\t<a\n\t\t\thref=\"https:\/\/gjefsjo.no\/wp-content\/uploads\/2021\/08\/forste-dugnad-pa-oss-gjefsjoen-april-2018-foto-lars-bugge-aarset-24-1024x498.jpg\"\n\t\t\t\t\t\tdata-fancybox=\"images\" \n\t\t\ttitle=\"F\u00f8rste dugnad p\u00e5 OSS Gjefsj\u00f8en april 2018 - foto Lars Bugge Aarset (24)\" \n\t\t\t\t\t\tdata-caption=\"\"\n\t\t\t\t\t\tdata-description=\"\" \n\t\t\titemprop=\"contentUrl\">\n\t\t\t<img loading=\"lazy\" decoding=\"async\" src=\"https:\/\/gjefsjo.no\/wp-content\/uploads\/2021\/08\/forste-dugnad-pa-oss-gjefsjoen-april-2018-foto-lars-bugge-aarset-24-300x300.jpg\" alt=\"\" data-no-lazy=\"1\" itemprop=\"thumbnail\" width=\"300\" height=\"300\" \/>\n\t\t\t<!-- Overlay Wrapper -->\n\t\t\t <!-- Overlay Wrapper Closed -->\n\t\t\t\t<\/a>\n\t\t\t\t\t\t\t<meta itemprop=\"width\" content=\"300\" \/>\n\t\t\t<meta itemprop=\"height\" content=\"300\" \/>\n\t\t\t\t<a\n\t\t\thref=\"https:\/\/gjefsjo.no\/wp-content\/uploads\/2021\/08\/forste-dugnad-pa-oss-gjefsjoen-april-2018-foto-lars-bugge-aarset-25-1024x498.jpg\"\n\t\t\t\t\t\tdata-fancybox=\"images\" \n\t\t\ttitle=\"F\u00f8rste dugnad p\u00e5 OSS Gjefsj\u00f8en april 2018 - foto Lars Bugge Aarset (25)\" \n\t\t\t\t\t\tdata-caption=\"\"\n\t\t\t\t\t\tdata-description=\"\" \n\t\t\titemprop=\"contentUrl\">\n\t\t\t<img loading=\"lazy\" decoding=\"async\" src=\"https:\/\/gjefsjo.no\/wp-content\/uploads\/2021\/08\/forste-dugnad-pa-oss-gjefsjoen-april-2018-foto-lars-bugge-aarset-25-300x300.jpg\" alt=\"\" data-no-lazy=\"1\" itemprop=\"thumbnail\" width=\"300\" height=\"300\" \/>\n\t\t\t<!-- Overlay Wrapper -->\n\t\t\t <!-- Overlay Wrapper Closed -->\n\t\t\t\t<\/a>\n\t\t\t\t\t\t\t<meta itemprop=\"width\" content=\"300\" \/>\n\t\t\t<meta itemprop=\"height\" content=\"300\" \/>\n\t\t\t\t<a\n\t\t\thref=\"https:\/\/gjefsjo.no\/wp-content\/uploads\/2021\/08\/forste-dugnad-pa-oss-gjefsjoen-april-2018-foto-lars-bugge-aarset-26-1024x498.jpg\"\n\t\t\t\t\t\tdata-fancybox=\"images\" \n\t\t\ttitle=\"F\u00f8rste dugnad p\u00e5 OSS Gjefsj\u00f8en april 2018 - foto Lars Bugge Aarset (26)\" \n\t\t\t\t\t\tdata-caption=\"\"\n\t\t\t\t\t\tdata-description=\"\" \n\t\t\titemprop=\"contentUrl\">\n\t\t\t<img loading=\"lazy\" decoding=\"async\" src=\"https:\/\/gjefsjo.no\/wp-content\/uploads\/2021\/08\/forste-dugnad-pa-oss-gjefsjoen-april-2018-foto-lars-bugge-aarset-26-300x300.jpg\" alt=\"\" data-no-lazy=\"1\" itemprop=\"thumbnail\" width=\"300\" height=\"300\" \/>\n\t\t\t<!-- Overlay Wrapper -->\n\t\t\t <!-- Overlay Wrapper Closed -->\n\t\t\t\t<\/a>\n\t\t\t\t\t\t\t<meta itemprop=\"width\" content=\"300\" \/>\n\t\t\t<meta itemprop=\"height\" content=\"300\" \/>\n\t\t\t\t<a\n\t\t\thref=\"https:\/\/gjefsjo.no\/wp-content\/uploads\/2021\/08\/forste-dugnad-pa-oss-gjefsjoen-april-2018-foto-lars-bugge-aarset-27-1024x498.jpg\"\n\t\t\t\t\t\tdata-fancybox=\"images\" \n\t\t\ttitle=\"F\u00f8rste dugnad p\u00e5 OSS Gjefsj\u00f8en april 2018 - foto Lars Bugge Aarset (27)\" \n\t\t\t\t\t\tdata-caption=\"\"\n\t\t\t\t\t\tdata-description=\"\" \n\t\t\titemprop=\"contentUrl\">\n\t\t\t<img loading=\"lazy\" decoding=\"async\" src=\"https:\/\/gjefsjo.no\/wp-content\/uploads\/2021\/08\/forste-dugnad-pa-oss-gjefsjoen-april-2018-foto-lars-bugge-aarset-27-300x300.jpg\" alt=\"\" data-no-lazy=\"1\" itemprop=\"thumbnail\" width=\"300\" height=\"300\" \/>\n\t\t\t<!-- Overlay Wrapper -->\n\t\t\t <!-- Overlay Wrapper Closed -->\n\t\t\t\t<\/a>\n\t\t\t\t\t\t\t<meta itemprop=\"width\" content=\"300\" \/>\n\t\t\t<meta itemprop=\"height\" content=\"300\" \/>\n\t\t\t\t<a\n\t\t\thref=\"https:\/\/gjefsjo.no\/wp-content\/uploads\/2021\/08\/forste-dugnad-pa-oss-gjefsjoen-april-2018-foto-lars-bugge-aarset-28-1024x498.jpg\"\n\t\t\t\t\t\tdata-fancybox=\"images\" \n\t\t\ttitle=\"F\u00f8rste dugnad p\u00e5 OSS Gjefsj\u00f8en april 2018 - foto Lars Bugge Aarset (28)\" \n\t\t\t\t\t\tdata-caption=\"\"\n\t\t\t\t\t\tdata-description=\"\" \n\t\t\titemprop=\"contentUrl\">\n\t\t\t<img loading=\"lazy\" decoding=\"async\" src=\"https:\/\/gjefsjo.no\/wp-content\/uploads\/2021\/08\/forste-dugnad-pa-oss-gjefsjoen-april-2018-foto-lars-bugge-aarset-28-300x300.jpg\" alt=\"\" data-no-lazy=\"1\" itemprop=\"thumbnail\" width=\"300\" height=\"300\" \/>\n\t\t\t<!-- Overlay Wrapper -->\n\t\t\t <!-- Overlay Wrapper Closed -->\n\t\t\t\t<\/a>\n\t\t\t\t\t\t\t<meta itemprop=\"width\" content=\"300\" \/>\n\t\t\t<meta itemprop=\"height\" content=\"300\" \/>\n\t\t\t\t<a\n\t\t\thref=\"https:\/\/gjefsjo.no\/wp-content\/uploads\/2021\/08\/forste-dugnad-pa-oss-gjefsjoen-april-2018-foto-lars-bugge-aarset-8-1024x498.jpg\"\n\t\t\t\t\t\tdata-fancybox=\"images\" \n\t\t\ttitle=\"F\u00f8rste dugnad p\u00e5 OSS Gjefsj\u00f8en april 2018 - foto Lars Bugge Aarset (8)\" \n\t\t\t\t\t\tdata-caption=\"\"\n\t\t\t\t\t\tdata-description=\"\" \n\t\t\titemprop=\"contentUrl\">\n\t\t\t<img loading=\"lazy\" decoding=\"async\" src=\"https:\/\/gjefsjo.no\/wp-content\/uploads\/2021\/08\/forste-dugnad-pa-oss-gjefsjoen-april-2018-foto-lars-bugge-aarset-8-300x300.jpg\" alt=\"\" data-no-lazy=\"1\" itemprop=\"thumbnail\" width=\"300\" height=\"300\" \/>\n\t\t\t<!-- Overlay Wrapper -->\n\t\t\t <!-- Overlay Wrapper Closed -->\n\t\t\t\t<\/a>\n\t\t\t\t\t\t\t<meta itemprop=\"width\" content=\"300\" \/>\n\t\t\t<meta itemprop=\"height\" content=\"300\" \/>\n\t\t\t\t<a\n\t\t\thref=\"https:\/\/gjefsjo.no\/wp-content\/uploads\/2021\/08\/forste-dugnad-pa-oss-gjefsjoen-april-2018-foto-lars-bugge-aarset-29-1024x498.jpg\"\n\t\t\t\t\t\tdata-fancybox=\"images\" \n\t\t\ttitle=\"F\u00f8rste dugnad p\u00e5 OSS Gjefsj\u00f8en april 2018 - foto Lars Bugge Aarset (29)\" \n\t\t\t\t\t\tdata-caption=\"\"\n\t\t\t\t\t\tdata-description=\"\" \n\t\t\titemprop=\"contentUrl\">\n\t\t\t<img loading=\"lazy\" decoding=\"async\" src=\"https:\/\/gjefsjo.no\/wp-content\/uploads\/2021\/08\/forste-dugnad-pa-oss-gjefsjoen-april-2018-foto-lars-bugge-aarset-29-300x300.jpg\" alt=\"\" data-no-lazy=\"1\" itemprop=\"thumbnail\" width=\"300\" height=\"300\" \/>\n\t\t\t<!-- Overlay Wrapper -->\n\t\t\t <!-- Overlay Wrapper Closed -->\n\t\t\t\t<\/a>\n\t\t\t\t\t\t\t<meta itemprop=\"width\" content=\"300\" \/>\n\t\t\t<meta itemprop=\"height\" content=\"300\" \/>\n\t\t\t\t<a\n\t\t\thref=\"https:\/\/gjefsjo.no\/wp-content\/uploads\/2021\/08\/forste-dugnad-pa-oss-gjefsjoen-april-2018-foto-lars-bugge-aarset-30-1024x498.jpg\"\n\t\t\t\t\t\tdata-fancybox=\"images\" \n\t\t\ttitle=\"F\u00f8rste dugnad p\u00e5 OSS Gjefsj\u00f8en april 2018 - foto Lars Bugge Aarset (30)\" \n\t\t\t\t\t\tdata-caption=\"\"\n\t\t\t\t\t\tdata-description=\"\" \n\t\t\titemprop=\"contentUrl\">\n\t\t\t<img loading=\"lazy\" decoding=\"async\" src=\"https:\/\/gjefsjo.no\/wp-content\/uploads\/2021\/08\/forste-dugnad-pa-oss-gjefsjoen-april-2018-foto-lars-bugge-aarset-30-300x300.jpg\" alt=\"\" data-no-lazy=\"1\" itemprop=\"thumbnail\" width=\"300\" height=\"300\" \/>\n\t\t\t<!-- Overlay Wrapper -->\n\t\t\t <!-- Overlay Wrapper Closed -->\n\t\t\t\t<\/a>\n\t\t\t\t\t\t\t<meta itemprop=\"width\" content=\"300\" \/>\n\t\t\t<meta itemprop=\"height\" content=\"300\" \/>\n\t\t\t\t<a\n\t\t\thref=\"https:\/\/gjefsjo.no\/wp-content\/uploads\/2021\/08\/forste-dugnad-pa-oss-gjefsjoen-april-2018-foto-lars-bugge-aarset-31-1024x498.jpg\"\n\t\t\t\t\t\tdata-fancybox=\"images\" \n\t\t\ttitle=\"F\u00f8rste dugnad p\u00e5 OSS Gjefsj\u00f8en april 2018 - foto Lars Bugge Aarset (31)\" \n\t\t\t\t\t\tdata-caption=\"\"\n\t\t\t\t\t\tdata-description=\"\" \n\t\t\titemprop=\"contentUrl\">\n\t\t\t<img loading=\"lazy\" decoding=\"async\" src=\"https:\/\/gjefsjo.no\/wp-content\/uploads\/2021\/08\/forste-dugnad-pa-oss-gjefsjoen-april-2018-foto-lars-bugge-aarset-31-300x300.jpg\" alt=\"\" data-no-lazy=\"1\" itemprop=\"thumbnail\" width=\"300\" height=\"300\" \/>\n\t\t\t<!-- Overlay Wrapper -->\n\t\t\t <!-- Overlay Wrapper Closed -->\n\t\t\t\t<\/a>\n\t\t\t\t\t\t\t<meta itemprop=\"width\" content=\"300\" \/>\n\t\t\t<meta itemprop=\"height\" content=\"300\" \/>\n\t\t\t\t<a\n\t\t\thref=\"https:\/\/gjefsjo.no\/wp-content\/uploads\/2021\/08\/forste-dugnad-pa-oss-gjefsjoen-april-2018-foto-lars-bugge-aarset-32-1024x498.jpg\"\n\t\t\t\t\t\tdata-fancybox=\"images\" \n\t\t\ttitle=\"F\u00f8rste dugnad p\u00e5 OSS Gjefsj\u00f8en april 2018 - foto Lars Bugge Aarset (32)\" \n\t\t\t\t\t\tdata-caption=\"\"\n\t\t\t\t\t\tdata-description=\"\" \n\t\t\titemprop=\"contentUrl\">\n\t\t\t<img loading=\"lazy\" decoding=\"async\" src=\"https:\/\/gjefsjo.no\/wp-content\/uploads\/2021\/08\/forste-dugnad-pa-oss-gjefsjoen-april-2018-foto-lars-bugge-aarset-32-300x300.jpg\" alt=\"\" data-no-lazy=\"1\" itemprop=\"thumbnail\" width=\"300\" height=\"300\" \/>\n\t\t\t<!-- Overlay Wrapper -->\n\t\t\t <!-- Overlay Wrapper Closed -->\n\t\t\t\t<\/a>\n\t\t\t\t\t\t\t<meta itemprop=\"width\" content=\"300\" \/>\n\t\t\t<meta itemprop=\"height\" content=\"300\" \/>\n\t\t\t\t<a\n\t\t\thref=\"https:\/\/gjefsjo.no\/wp-content\/uploads\/2021\/08\/forste-dugnad-pa-oss-gjefsjoen-april-2018-foto-lars-bugge-aarset-33-1024x498.jpg\"\n\t\t\t\t\t\tdata-fancybox=\"images\" \n\t\t\ttitle=\"F\u00f8rste dugnad p\u00e5 OSS Gjefsj\u00f8en april 2018 - foto Lars Bugge Aarset (33)\" \n\t\t\t\t\t\tdata-caption=\"\"\n\t\t\t\t\t\tdata-description=\"\" \n\t\t\titemprop=\"contentUrl\">\n\t\t\t<img loading=\"lazy\" decoding=\"async\" src=\"https:\/\/gjefsjo.no\/wp-content\/uploads\/2021\/08\/forste-dugnad-pa-oss-gjefsjoen-april-2018-foto-lars-bugge-aarset-33-300x300.jpg\" alt=\"\" data-no-lazy=\"1\" itemprop=\"thumbnail\" width=\"300\" height=\"300\" \/>\n\t\t\t<!-- Overlay Wrapper -->\n\t\t\t <!-- Overlay Wrapper Closed -->\n\t\t\t\t<\/a>\n\t\t\t\t\t\t\t<meta itemprop=\"width\" content=\"300\" \/>\n\t\t\t<meta itemprop=\"height\" content=\"300\" \/>\n\t\t\t\t<a\n\t\t\thref=\"https:\/\/gjefsjo.no\/wp-content\/uploads\/2021\/08\/forste-dugnad-pa-oss-gjefsjoen-april-2018-foto-lars-bugge-aarset-17-1024x498.jpg\"\n\t\t\t\t\t\tdata-fancybox=\"images\" \n\t\t\ttitle=\"F\u00f8rste dugnad p\u00e5 OSS Gjefsj\u00f8en april 2018 - foto Lars Bugge Aarset (17)\" \n\t\t\t\t\t\tdata-caption=\"\"\n\t\t\t\t\t\tdata-description=\"\" \n\t\t\titemprop=\"contentUrl\">\n\t\t\t<img loading=\"lazy\" decoding=\"async\" src=\"https:\/\/gjefsjo.no\/wp-content\/uploads\/2021\/08\/forste-dugnad-pa-oss-gjefsjoen-april-2018-foto-lars-bugge-aarset-17-300x300.jpg\" alt=\"\" data-no-lazy=\"1\" itemprop=\"thumbnail\" width=\"300\" height=\"300\" \/>\n\t\t\t<!-- Overlay Wrapper -->\n\t\t\t <!-- Overlay Wrapper Closed -->\n\t\t\t\t<\/a>\n\t\t\t\t\t\t\t<meta itemprop=\"width\" content=\"300\" \/>\n\t\t\t<meta itemprop=\"height\" content=\"300\" \/>\n\t\t\t\t<a\n\t\t\thref=\"https:\/\/gjefsjo.no\/wp-content\/uploads\/2021\/08\/forste-dugnad-pa-oss-gjefsjoen-april-2018-foto-lars-bugge-aarset-16-1024x498.jpg\"\n\t\t\t\t\t\tdata-fancybox=\"images\" \n\t\t\ttitle=\"F\u00f8rste dugnad p\u00e5 OSS Gjefsj\u00f8en april 2018 - foto Lars Bugge Aarset (16)\" \n\t\t\t\t\t\tdata-caption=\"\"\n\t\t\t\t\t\tdata-description=\"\" \n\t\t\titemprop=\"contentUrl\">\n\t\t\t<img loading=\"lazy\" decoding=\"async\" src=\"https:\/\/gjefsjo.no\/wp-content\/uploads\/2021\/08\/forste-dugnad-pa-oss-gjefsjoen-april-2018-foto-lars-bugge-aarset-16-300x300.jpg\" alt=\"\" data-no-lazy=\"1\" itemprop=\"thumbnail\" width=\"300\" height=\"300\" \/>\n\t\t\t<!-- Overlay Wrapper -->\n\t\t\t <!-- Overlay Wrapper Closed -->\n\t\t\t\t<\/a>\n\t\t\t\t\t\t\t<meta itemprop=\"width\" content=\"300\" \/>\n\t\t\t<meta itemprop=\"height\" content=\"300\" \/>\n\t\t\t\t<a\n\t\t\thref=\"https:\/\/gjefsjo.no\/wp-content\/uploads\/2021\/08\/forste-dugnad-pa-oss-gjefsjoen-april-2018-foto-lars-bugge-aarset-12-1024x498.jpg\"\n\t\t\t\t\t\tdata-fancybox=\"images\" \n\t\t\ttitle=\"F\u00f8rste dugnad p\u00e5 OSS Gjefsj\u00f8en april 2018 - foto Lars Bugge Aarset (12)\" \n\t\t\t\t\t\tdata-caption=\"\"\n\t\t\t\t\t\tdata-description=\"\" \n\t\t\titemprop=\"contentUrl\">\n\t\t\t<img loading=\"lazy\" decoding=\"async\" src=\"https:\/\/gjefsjo.no\/wp-content\/uploads\/2021\/08\/forste-dugnad-pa-oss-gjefsjoen-april-2018-foto-lars-bugge-aarset-12-300x300.jpg\" alt=\"\" data-no-lazy=\"1\" itemprop=\"thumbnail\" width=\"300\" height=\"300\" \/>\n\t\t\t<!-- Overlay Wrapper -->\n\t\t\t <!-- Overlay Wrapper Closed -->\n\t\t\t\t<\/a>\n\t\t\t\t\t\t\t<meta itemprop=\"width\" content=\"300\" \/>\n\t\t\t<meta itemprop=\"height\" content=\"300\" \/>\n\t\t\t\t<a\n\t\t\thref=\"https:\/\/gjefsjo.no\/wp-content\/uploads\/2021\/08\/forste-dugnad-pa-oss-gjefsjoen-april-2018-foto-lars-bugge-aarset-11-1024x498.jpg\"\n\t\t\t\t\t\tdata-fancybox=\"images\" \n\t\t\ttitle=\"F\u00f8rste dugnad p\u00e5 OSS Gjefsj\u00f8en april 2018 - foto Lars Bugge Aarset (11)\" \n\t\t\t\t\t\tdata-caption=\"\"\n\t\t\t\t\t\tdata-description=\"\" \n\t\t\titemprop=\"contentUrl\">\n\t\t\t<img loading=\"lazy\" decoding=\"async\" src=\"https:\/\/gjefsjo.no\/wp-content\/uploads\/2021\/08\/forste-dugnad-pa-oss-gjefsjoen-april-2018-foto-lars-bugge-aarset-11-300x300.jpg\" alt=\"\" data-no-lazy=\"1\" itemprop=\"thumbnail\" width=\"300\" height=\"300\" \/>\n\t\t\t<!-- Overlay Wrapper -->\n\t\t\t <!-- Overlay Wrapper Closed -->\n\t\t\t\t<\/a>\n\t\t\t\t\t\t\t<meta itemprop=\"width\" content=\"300\" \/>\n\t\t\t<meta itemprop=\"height\" content=\"300\" \/>\n\t\t\t\t<a\n\t\t\thref=\"https:\/\/gjefsjo.no\/wp-content\/uploads\/2021\/08\/forste-dugnad-pa-oss-gjefsjoen-april-2018-foto-lars-bugge-aarset-13-1024x498.jpg\"\n\t\t\t\t\t\tdata-fancybox=\"images\" \n\t\t\ttitle=\"F\u00f8rste dugnad p\u00e5 OSS Gjefsj\u00f8en april 2018 - foto Lars Bugge Aarset (13)\" \n\t\t\t\t\t\tdata-caption=\"\"\n\t\t\t\t\t\tdata-description=\"\" \n\t\t\titemprop=\"contentUrl\">\n\t\t\t<img loading=\"lazy\" decoding=\"async\" src=\"https:\/\/gjefsjo.no\/wp-content\/uploads\/2021\/08\/forste-dugnad-pa-oss-gjefsjoen-april-2018-foto-lars-bugge-aarset-13-300x300.jpg\" alt=\"\" data-no-lazy=\"1\" itemprop=\"thumbnail\" width=\"300\" height=\"300\" \/>\n\t\t\t<!-- Overlay Wrapper -->\n\t\t\t <!-- Overlay Wrapper Closed -->\n\t\t\t\t<\/a>\n\t\t\t\t\t\t\t<meta itemprop=\"width\" content=\"300\" \/>\n\t\t\t<meta itemprop=\"height\" content=\"300\" \/>\n\t\t\t\t<a\n\t\t\thref=\"https:\/\/gjefsjo.no\/wp-content\/uploads\/2021\/08\/forste-dugnad-pa-oss-gjefsjoen-april-2018-foto-lars-bugge-aarset-18-1024x498.jpg\"\n\t\t\t\t\t\tdata-fancybox=\"images\" \n\t\t\ttitle=\"F\u00f8rste dugnad p\u00e5 OSS Gjefsj\u00f8en april 2018 - foto Lars Bugge Aarset (18)\" \n\t\t\t\t\t\tdata-caption=\"\"\n\t\t\t\t\t\tdata-description=\"\" \n\t\t\titemprop=\"contentUrl\">\n\t\t\t<img loading=\"lazy\" decoding=\"async\" src=\"https:\/\/gjefsjo.no\/wp-content\/uploads\/2021\/08\/forste-dugnad-pa-oss-gjefsjoen-april-2018-foto-lars-bugge-aarset-18-300x300.jpg\" alt=\"\" data-no-lazy=\"1\" itemprop=\"thumbnail\" width=\"300\" height=\"300\" \/>\n\t\t\t<!-- Overlay Wrapper -->\n\t\t\t <!-- Overlay Wrapper Closed -->\n\t\t\t\t<\/a>\n\t\t\t\t\t\t\t<meta itemprop=\"width\" content=\"300\" \/>\n\t\t\t<meta itemprop=\"height\" content=\"300\" \/>\n\t\t\t\t<a\n\t\t\thref=\"https:\/\/gjefsjo.no\/wp-content\/uploads\/2021\/08\/forste-dugnad-pa-oss-gjefsjoen-april-2018-foto-lars-bugge-aarset-19-1024x498.jpg\"\n\t\t\t\t\t\tdata-fancybox=\"images\" \n\t\t\ttitle=\"F\u00f8rste dugnad p\u00e5 OSS Gjefsj\u00f8en april 2018 - foto Lars Bugge Aarset (19)\" \n\t\t\t\t\t\tdata-caption=\"\"\n\t\t\t\t\t\tdata-description=\"\" \n\t\t\titemprop=\"contentUrl\">\n\t\t\t<img loading=\"lazy\" decoding=\"async\" src=\"https:\/\/gjefsjo.no\/wp-content\/uploads\/2021\/08\/forste-dugnad-pa-oss-gjefsjoen-april-2018-foto-lars-bugge-aarset-19-300x300.jpg\" alt=\"\" data-no-lazy=\"1\" itemprop=\"thumbnail\" width=\"300\" height=\"300\" \/>\n\t\t\t<!-- Overlay Wrapper -->\n\t\t\t <!-- Overlay Wrapper Closed -->\n\t\t\t\t<\/a>\n\t\t\t\t\t\t\t<meta itemprop=\"width\" content=\"300\" \/>\n\t\t\t<meta itemprop=\"height\" content=\"300\" \/>\n\t\t\t\t<a\n\t\t\thref=\"https:\/\/gjefsjo.no\/wp-content\/uploads\/2020\/10\/gjefsjo3-1024x498.jpg\"\n\t\t\t\t\t\tdata-fancybox=\"images\" \n\t\t\ttitle=\"Gjefsj\u00f83\" \n\t\t\t\t\t\tdata-caption=\"Bygningen som var hovedkvarter for Operasjon Rype v\u00e5ren 1945. Bilde fra f\u00f8r restaureringen startet i april 2018. Foto: Lars Bugge Aarset\"\n\t\t\t\t\t\tdata-description=\"\" \n\t\t\titemprop=\"contentUrl\">\n\t\t\t<img loading=\"lazy\" decoding=\"async\" src=\"https:\/\/gjefsjo.no\/wp-content\/uploads\/2020\/10\/gjefsjo3-300x300.jpg\" alt=\"OSS Gjefsj\u00f8en f\u00f8r restaureringen starter\" data-no-lazy=\"1\" itemprop=\"thumbnail\" width=\"300\" height=\"300\" \/>\n\t\t\t<!-- Overlay Wrapper -->\n\t\t\t <!-- Overlay Wrapper Closed -->\n\t\t\t\t<\/a>\n\t\t\t\t\t\t\t<meta itemprop=\"width\" content=\"300\" \/>\n\t\t\t<meta itemprop=\"height\" content=\"300\" \/>\n\t\t\t\t<a\n\t\t\thref=\"https:\/\/gjefsjo.no\/wp-content\/uploads\/2020\/10\/rype.jpg\"\n\t\t\t\t\t\tdata-fancybox=\"images\" \n\t\t\ttitle=\"Fra Operasjon Rype p\u00e5 Gjefsj\u00f8en fjellg\u00e5rd\" \n\t\t\t\t\t\tdata-caption=\"Fra Operasjon Rype p\u00e5 Gjefsj\u00f8en fjellg\u00e5rd. Bilde fra Forsvarsmuseet Rustkammeret\"\n\t\t\t\t\t\tdata-description=\"\" \n\t\t\titemprop=\"contentUrl\">\n\t\t\t<img loading=\"lazy\" decoding=\"async\" src=\"https:\/\/gjefsjo.no\/wp-content\/uploads\/2020\/10\/rype-300x300.jpg\" alt=\"Fra Operasjon Rype p\u00e5 Gjefsj\u00f8en fjellg\u00e5rd\" data-no-lazy=\"1\" itemprop=\"thumbnail\" width=\"300\" height=\"300\" \/>\n\t\t\t<!-- Overlay Wrapper -->\n\t\t\t <!-- Overlay Wrapper Closed -->\n\t\t\t\t<\/a>\n\t\t\t\t\t\t\t<meta itemprop=\"width\" content=\"300\" \/>\n\t\t\t<meta itemprop=\"height\" content=\"300\" \/>\n\t\t\t\t<a\n\t\t\thref=\"https:\/\/gjefsjo.no\/wp-content\/uploads\/2020\/10\/rype8-1024x687.jpg\"\n\t\t\t\t\t\tdata-fancybox=\"images\" \n\t\t\ttitle=\"Fra Operasjon Rype p\u00e5 Gjefsj\u00f8en fjellg\u00e5rd\" \n\t\t\t\t\t\tdata-caption=\"Fra Operasjon Rype p\u00e5 Gjefsj\u00f8en fjellg\u00e5rd. Bilde fra Forsvarsmuseet Rustkammeret\"\n\t\t\t\t\t\tdata-description=\"\" \n\t\t\titemprop=\"contentUrl\">\n\t\t\t<img loading=\"lazy\" decoding=\"async\" src=\"https:\/\/gjefsjo.no\/wp-content\/uploads\/2020\/10\/rype8-300x300.jpg\" alt=\"Fra Operasjon Rype p\u00e5 Gjefsj\u00f8en fjellg\u00e5rd\" data-no-lazy=\"1\" itemprop=\"thumbnail\" width=\"300\" height=\"300\" \/>\n\t\t\t<!-- Overlay Wrapper -->\n\t\t\t <!-- Overlay Wrapper Closed -->\n\t\t\t\t<\/a>\n\t\t\t\t\t\t\t<meta itemprop=\"width\" content=\"300\" \/>\n\t\t\t<meta itemprop=\"height\" content=\"300\" \/>\n\t\t\t\t<a\n\t\t\thref=\"https:\/\/gjefsjo.no\/wp-content\/uploads\/2021\/09\/adressa-cia-sjefens-familie-ga-10-000-dollar-1.jpg\"\n\t\t\t\t\t\tdata-fancybox=\"images\" \n\t\t\ttitle=\"Adressa CIA-sjefens familie ga 10 000 dollar Foto Leif Arne Holme Adresseavisen\" \n\t\t\t\t\t\tdata-caption=\"\"\n\t\t\t\t\t\tdata-description=\"Foto Leif Arne Holme Adresseavisen\" \n\t\t\titemprop=\"contentUrl\">\n\t\t\t<img loading=\"lazy\" decoding=\"async\" src=\"https:\/\/gjefsjo.no\/wp-content\/uploads\/2021\/09\/adressa-cia-sjefens-familie-ga-10-000-dollar-1-300x300.jpg\" alt=\"Foto Leif Arne Holme Adresseavisen\" data-no-lazy=\"1\" itemprop=\"thumbnail\" width=\"300\" height=\"300\" \/>\n\t\t\t<!-- Overlay Wrapper -->\n\t\t\t <!-- Overlay Wrapper Closed -->\n\t\t\t\t<\/a>\n\t\t\t\t\t\t\t<meta itemprop=\"width\" content=\"300\" \/>\n\t\t\t<meta itemprop=\"height\" content=\"300\" \/>\n\t\t\t\t<a\n\t\t\thref=\"https:\/\/gjefsjo.no\/wp-content\/uploads\/2021\/09\/nrk-trondelag-apning-pa-gjefsjoen.jpg\"\n\t\t\t\t\t\tdata-fancybox=\"images\" \n\t\t\ttitle=\"NRK Tr\u00f8ndelag \u00e5pning p\u00e5 Gjefsj\u00f8en\" \n\t\t\t\t\t\tdata-caption=\"\"\n\t\t\t\t\t\tdata-description=\"NRK Tr\u00f8ndelag \u00e5pning p\u00e5 Gjefsj\u00f8en\" \n\t\t\titemprop=\"contentUrl\">\n\t\t\t<img loading=\"lazy\" decoding=\"async\" src=\"https:\/\/gjefsjo.no\/wp-content\/uploads\/2021\/09\/nrk-trondelag-apning-pa-gjefsjoen-300x300.jpg\" alt=\"NRK Tr\u00f8ndelag \u00e5pning p\u00e5 Gjefsj\u00f8en\" data-no-lazy=\"1\" itemprop=\"thumbnail\" width=\"300\" height=\"300\" \/>\n\t\t\t<!-- Overlay Wrapper -->\n\t\t\t <!-- Overlay Wrapper Closed -->\n\t\t\t\t<\/a>\n\t\t\t\t\t\t\t<meta itemprop=\"width\" content=\"300\" \/>\n\t\t\t<meta itemprop=\"height\" content=\"300\" \/>\n\t\t\t\t<a\n\t\t\thref=\"https:\/\/gjefsjo.no\/wp-content\/uploads\/2021\/09\/adressa-060921-apningen-av-rype-sitt-hovedkvarter-pa-gjefsjoen-1024x905.jpg\"\n\t\t\t\t\t\tdata-fancybox=\"images\" \n\t\t\ttitle=\"adressa-060921-apningen-av-rype-sitt-hovedkvarter-pa-gjefsjoen\" \n\t\t\t\t\t\tdata-caption=\"\"\n\t\t\t\t\t\tdata-description=\"Adresseavisen p\u00e5 trykk 060921 fra \u00e5pningen p\u00e5 Gjefsj\u00f8en\" \n\t\t\titemprop=\"contentUrl\">\n\t\t\t<img loading=\"lazy\" decoding=\"async\" src=\"https:\/\/gjefsjo.no\/wp-content\/uploads\/2021\/09\/adressa-060921-apningen-av-rype-sitt-hovedkvarter-pa-gjefsjoen-300x300.jpg\" alt=\"Adresseavisen p\u00e5 trykk 060921 fra \u00e5pningen p\u00e5 Gjefsj\u00f8en\" data-no-lazy=\"1\" itemprop=\"thumbnail\" width=\"300\" height=\"300\" \/>\n\t\t\t<!-- Overlay Wrapper -->\n\t\t\t <!-- Overlay Wrapper Closed -->\n\t\t\t\t<\/a>\n\t\t\t\t\t\t\t<meta itemprop=\"width\" content=\"300\" \/>\n\t\t\t<meta itemprop=\"height\" content=\"300\" \/>\n\t\t\t\t<a\n\t\t\thref=\"https:\/\/gjefsjo.no\/wp-content\/uploads\/2021\/09\/sjef-for-forsvarets-spesialstyrker-torgeir-gratrud-plasserer-gjefsjoakevitt-flaske-nr-1-i-muren-pa-oss-gjefsjoen-foto-leif-andre-holme-adresseavisen-1024x683.jpg\"\n\t\t\t\t\t\tdata-fancybox=\"images\" \n\t\t\ttitle=\"sjef-for-forsvarets-spesialstyrker-torgeir-gratrud-plasserer-gjefsjoakevitt-flaske-nr-1-i-muren-pa-oss-gjefsjoen-foto-leif-arne-holme-adresseavisen\" \n\t\t\t\t\t\tdata-caption=\"Foto: Leif Arne Holme Adresseavisen\"\n\t\t\t\t\t\tdata-description=\"Sjef for Forsvarets Spesialstyrker, Torgeir Gr\u00e5trud, plasserer Gjefsj\u00f8akevitt flaske nr. 1 i kjellermuren p\u00e5 hovedkvarteret til Operasjon Rype. Foto Leif Arnee Holme Adresseavisen\" \n\t\t\titemprop=\"contentUrl\">\n\t\t\t<img loading=\"lazy\" decoding=\"async\" src=\"https:\/\/gjefsjo.no\/wp-content\/uploads\/2021\/09\/sjef-for-forsvarets-spesialstyrker-torgeir-gratrud-plasserer-gjefsjoakevitt-flaske-nr-1-i-muren-pa-oss-gjefsjoen-foto-leif-andre-holme-adresseavisen-300x300.jpg\" alt=\"Sjef for Forsvarets Spesialstyrker, Torgeir Gr\u00e5trud, plasserer Gjefsj\u00f8akevitt flaske nr. 1 i kjellermuren p\u00e5 hovedkvarteret til Operasjon Rype. Foto Leif Arne Holme Adresseavisen\" data-no-lazy=\"1\" itemprop=\"thumbnail\" width=\"300\" height=\"300\" \/>\n\t\t\t<!-- Overlay Wrapper -->\n\t\t\t <!-- Overlay Wrapper Closed -->\n\t\t\t\t<\/a>\n\t\t\t\t\t\t\t<meta itemprop=\"width\" content=\"300\" \/>\n\t\t\t<meta itemprop=\"height\" content=\"300\" \/>\n\t\t\t\t<a\n\t\t\thref=\"https:\/\/gjefsjo.no\/wp-content\/uploads\/2021\/09\/adressa-cia-sjefens-familie-ga-10-000-dollar.jpg\"\n\t\t\t\t\t\tdata-fancybox=\"images\" \n\t\t\ttitle=\"adressa-cia-sjefens-familie-ga-10-000-dollar\" \n\t\t\t\t\t\tdata-caption=\"\"\n\t\t\t\t\t\tdata-description=\"Adresseavisens reportasje fra \u00e5pningen av OSS Gjefsj\u00f8en\" \n\t\t\titemprop=\"contentUrl\">\n\t\t\t<img loading=\"lazy\" decoding=\"async\" src=\"https:\/\/gjefsjo.no\/wp-content\/uploads\/2021\/09\/adressa-cia-sjefens-familie-ga-10-000-dollar-300x300.jpg\" alt=\"Adresseavisens reportasje fra \u00e5pningen av OSS Gjefsj\u00f8en\" data-no-lazy=\"1\" itemprop=\"thumbnail\" width=\"300\" height=\"300\" \/>\n\t\t\t<!-- Overlay Wrapper -->\n\t\t\t <!-- Overlay Wrapper Closed -->\n\t\t\t\t<\/a>\n\t\t\t\t\t\t\t<meta itemprop=\"width\" content=\"300\" \/>\n\t\t\t<meta itemprop=\"height\" content=\"300\" \/>\n\t\t\t\t<a\n\t\t\thref=\"https:\/\/gjefsjo.no\/wp-content\/uploads\/2021\/09\/apning-oss-gjefsjoen-030921-foto-lars-bugge-aarset-232-1024x768.jpg\"\n\t\t\t\t\t\tdata-fancybox=\"images\" \n\t\t\ttitle=\"apning-oss-gjefsjoen-030921-foto-lars-bugge-aarset-232\" \n\t\t\t\t\t\tdata-caption=\"\"\n\t\t\t\t\t\tdata-description=\"\" \n\t\t\titemprop=\"contentUrl\">\n\t\t\t<img loading=\"lazy\" decoding=\"async\" src=\"https:\/\/gjefsjo.no\/wp-content\/uploads\/2021\/09\/apning-oss-gjefsjoen-030921-foto-lars-bugge-aarset-232-300x300.jpg\" alt=\"\" data-no-lazy=\"1\" itemprop=\"thumbnail\" width=\"300\" height=\"300\" \/>\n\t\t\t<!-- Overlay Wrapper -->\n\t\t\t <!-- Overlay Wrapper Closed -->\n\t\t\t\t<\/a>\n\t\t\t\t\t\t\t<meta itemprop=\"width\" content=\"300\" \/>\n\t\t\t<meta itemprop=\"height\" content=\"300\" \/>\n\t\t\t\t<a\n\t\t\thref=\"https:\/\/gjefsjo.no\/wp-content\/uploads\/2021\/09\/apning-oss-gjefsjoen-030921-foto-lars-bugge-aarset-207-1024x800.jpg\"\n\t\t\t\t\t\tdata-fancybox=\"images\" \n\t\t\ttitle=\"apning-oss-gjefsjoen-030921-foto-lars-bugge-aarset-207\" \n\t\t\t\t\t\tdata-caption=\"\"\n\t\t\t\t\t\tdata-description=\"\" \n\t\t\titemprop=\"contentUrl\">\n\t\t\t<img loading=\"lazy\" decoding=\"async\" src=\"https:\/\/gjefsjo.no\/wp-content\/uploads\/2021\/09\/apning-oss-gjefsjoen-030921-foto-lars-bugge-aarset-207-300x300.jpg\" alt=\"\" data-no-lazy=\"1\" itemprop=\"thumbnail\" width=\"300\" height=\"300\" \/>\n\t\t\t<!-- Overlay Wrapper -->\n\t\t\t <!-- Overlay Wrapper Closed -->\n\t\t\t\t<\/a>\n\t\t\t\t\t\t\t<meta itemprop=\"width\" content=\"300\" \/>\n\t\t\t<meta itemprop=\"height\" content=\"300\" \/>\n\t\t\t\t<a\n\t\t\thref=\"https:\/\/gjefsjo.no\/wp-content\/uploads\/2021\/09\/apning-oss-gjefsjoen-030921-foto-lars-bugge-aarset-206-1024x768.jpg\"\n\t\t\t\t\t\tdata-fancybox=\"images\" \n\t\t\ttitle=\"apning-oss-gjefsjoen-030921-foto-lars-bugge-aarset-206\" \n\t\t\t\t\t\tdata-caption=\"\"\n\t\t\t\t\t\tdata-description=\"\" \n\t\t\titemprop=\"contentUrl\">\n\t\t\t<img loading=\"lazy\" decoding=\"async\" src=\"https:\/\/gjefsjo.no\/wp-content\/uploads\/2021\/09\/apning-oss-gjefsjoen-030921-foto-lars-bugge-aarset-206-300x300.jpg\" alt=\"\" data-no-lazy=\"1\" itemprop=\"thumbnail\" width=\"300\" height=\"300\" \/>\n\t\t\t<!-- Overlay Wrapper -->\n\t\t\t <!-- Overlay Wrapper Closed -->\n\t\t\t\t<\/a>\n\t\t\t\t\t\t\t<meta itemprop=\"width\" content=\"300\" \/>\n\t\t\t<meta itemprop=\"height\" content=\"300\" \/>\n\t\t\t\t<a\n\t\t\thref=\"https:\/\/gjefsjo.no\/wp-content\/uploads\/2021\/09\/apning-oss-gjefsjoen-030921-foto-lars-bugge-aarset-203-1024x768.jpg\"\n\t\t\t\t\t\tdata-fancybox=\"images\" \n\t\t\ttitle=\"apning-oss-gjefsjoen-030921-foto-lars-bugge-aarset-203\" \n\t\t\t\t\t\tdata-caption=\"\"\n\t\t\t\t\t\tdata-description=\"Kart fra Operasjon Rype\" \n\t\t\titemprop=\"contentUrl\">\n\t\t\t<img loading=\"lazy\" decoding=\"async\" src=\"https:\/\/gjefsjo.no\/wp-content\/uploads\/2021\/09\/apning-oss-gjefsjoen-030921-foto-lars-bugge-aarset-203-300x300.jpg\" alt=\"Kart fra Operasjon Rype\" data-no-lazy=\"1\" itemprop=\"thumbnail\" width=\"300\" height=\"300\" \/>\n\t\t\t<!-- Overlay Wrapper -->\n\t\t\t <!-- Overlay Wrapper Closed -->\n\t\t\t\t<\/a>\n\t\t\t\t\t\t\t<meta itemprop=\"width\" content=\"300\" \/>\n\t\t\t<meta itemprop=\"height\" content=\"300\" \/>\n\t\t\t\t<a\n\t\t\thref=\"https:\/\/gjefsjo.no\/wp-content\/uploads\/2021\/09\/apning-oss-gjefsjoen-030921-foto-lars-bugge-aarset-202-1024x768.jpg\"\n\t\t\t\t\t\tdata-fancybox=\"images\" \n\t\t\ttitle=\"Medaljer og diplomer etter LT Richard A. Bosch Foto Lars Bugge Aarset\" \n\t\t\t\t\t\tdata-caption=\"\"\n\t\t\t\t\t\tdata-description=\"Medaljer og diplomer etter LT Richard A. Bosch Foto Lars Bugge Aarset\" \n\t\t\titemprop=\"contentUrl\">\n\t\t\t<img loading=\"lazy\" decoding=\"async\" src=\"https:\/\/gjefsjo.no\/wp-content\/uploads\/2021\/09\/apning-oss-gjefsjoen-030921-foto-lars-bugge-aarset-202-300x300.jpg\" alt=\"Medaljer og diplomer etter LT Richard A. Bosch Foto Lars Bugge Aarset\" data-no-lazy=\"1\" itemprop=\"thumbnail\" width=\"300\" height=\"300\" \/>\n\t\t\t<!-- Overlay Wrapper -->\n\t\t\t <!-- Overlay Wrapper Closed -->\n\t\t\t\t<\/a>\n\t\t\t\t\t\t\t<meta itemprop=\"width\" content=\"300\" \/>\n\t\t\t<meta itemprop=\"height\" content=\"300\" \/>\n\t\t\t\t<a\n\t\t\thref=\"https:\/\/gjefsjo.no\/wp-content\/uploads\/2021\/09\/apning-oss-gjefsjoen-030921-foto-lars-bugge-aarset-200-1024x1365.jpg\"\n\t\t\t\t\t\tdata-fancybox=\"images\" \n\t\t\ttitle=\"apning-oss-gjefsjoen-030921-foto-lars-bugge-aarset-200\" \n\t\t\t\t\t\tdata-caption=\"\"\n\t\t\t\t\t\tdata-description=\"\" \n\t\t\titemprop=\"contentUrl\">\n\t\t\t<img loading=\"lazy\" decoding=\"async\" src=\"https:\/\/gjefsjo.no\/wp-content\/uploads\/2021\/09\/apning-oss-gjefsjoen-030921-foto-lars-bugge-aarset-200-300x300.jpg\" alt=\"\" data-no-lazy=\"1\" itemprop=\"thumbnail\" width=\"300\" height=\"300\" \/>\n\t\t\t<!-- Overlay Wrapper -->\n\t\t\t <!-- Overlay Wrapper Closed -->\n\t\t\t\t<\/a>\n\t\t\t\t\t\t\t<meta itemprop=\"width\" content=\"300\" \/>\n\t\t\t<meta itemprop=\"height\" content=\"300\" \/>\n\t\t\t\t<a\n\t\t\thref=\"https:\/\/gjefsjo.no\/wp-content\/uploads\/2021\/09\/apning-oss-gjefsjoen-030921-foto-lars-bugge-aarset-198-1024x768.jpg\"\n\t\t\t\t\t\tdata-fancybox=\"images\" \n\t\t\ttitle=\"apning-oss-gjefsjoen-030921-foto-lars-bugge-aarset-198\" \n\t\t\t\t\t\tdata-caption=\"\"\n\t\t\t\t\t\tdata-description=\"\" \n\t\t\titemprop=\"contentUrl\">\n\t\t\t<img loading=\"lazy\" decoding=\"async\" src=\"https:\/\/gjefsjo.no\/wp-content\/uploads\/2021\/09\/apning-oss-gjefsjoen-030921-foto-lars-bugge-aarset-198-300x300.jpg\" alt=\"\" data-no-lazy=\"1\" itemprop=\"thumbnail\" width=\"300\" height=\"300\" \/>\n\t\t\t<!-- Overlay Wrapper -->\n\t\t\t <!-- Overlay Wrapper Closed -->\n\t\t\t\t<\/a>\n\t\t\t\t\t\t\t<meta itemprop=\"width\" content=\"300\" \/>\n\t\t\t<meta itemprop=\"height\" content=\"300\" \/>\n\t\t\t\t<a\n\t\t\thref=\"https:\/\/gjefsjo.no\/wp-content\/uploads\/2021\/09\/apning-oss-gjefsjoen-030921-foto-lars-bugge-aarset-165-1024x768.jpg\"\n\t\t\t\t\t\tdata-fancybox=\"images\" \n\t\t\ttitle=\"apning-oss-gjefsjoen-030921-foto-lars-bugge-aarset-165\" \n\t\t\t\t\t\tdata-caption=\"\"\n\t\t\t\t\t\tdata-description=\"\" \n\t\t\titemprop=\"contentUrl\">\n\t\t\t<img loading=\"lazy\" decoding=\"async\" src=\"https:\/\/gjefsjo.no\/wp-content\/uploads\/2021\/09\/apning-oss-gjefsjoen-030921-foto-lars-bugge-aarset-165-300x300.jpg\" alt=\"\" data-no-lazy=\"1\" itemprop=\"thumbnail\" width=\"300\" height=\"300\" \/>\n\t\t\t<!-- Overlay Wrapper -->\n\t\t\t <!-- Overlay Wrapper Closed -->\n\t\t\t\t<\/a>\n\t\t\t\t\t\t\t<meta itemprop=\"width\" content=\"300\" \/>\n\t\t\t<meta itemprop=\"height\" content=\"300\" \/>\n\t\t\t\t<a\n\t\t\thref=\"https:\/\/gjefsjo.no\/wp-content\/uploads\/2021\/09\/apning-oss-gjefsjoen-030921-foto-lars-bugge-aarset-168-1024x768.jpg\"\n\t\t\t\t\t\tdata-fancybox=\"images\" \n\t\t\ttitle=\"apning-oss-gjefsjoen-030921-foto-lars-bugge-aarset-168\" \n\t\t\t\t\t\tdata-caption=\"\"\n\t\t\t\t\t\tdata-description=\"\" \n\t\t\titemprop=\"contentUrl\">\n\t\t\t<img loading=\"lazy\" decoding=\"async\" src=\"https:\/\/gjefsjo.no\/wp-content\/uploads\/2021\/09\/apning-oss-gjefsjoen-030921-foto-lars-bugge-aarset-168-300x300.jpg\" alt=\"\" data-no-lazy=\"1\" itemprop=\"thumbnail\" width=\"300\" height=\"300\" \/>\n\t\t\t<!-- Overlay Wrapper -->\n\t\t\t <!-- Overlay Wrapper Closed -->\n\t\t\t\t<\/a>\n\t\t\t\t\t\t\t<meta itemprop=\"width\" content=\"300\" \/>\n\t\t\t<meta itemprop=\"height\" content=\"300\" \/>\n\t\t\t\t<a\n\t\t\thref=\"https:\/\/gjefsjo.no\/wp-content\/uploads\/2021\/09\/apning-oss-gjefsjoen-030921-foto-lars-bugge-aarset-174-1024x768.jpg\"\n\t\t\t\t\t\tdata-fancybox=\"images\" \n\t\t\ttitle=\"apning-oss-gjefsjoen-030921-foto-lars-bugge-aarset-174\" \n\t\t\t\t\t\tdata-caption=\"\"\n\t\t\t\t\t\tdata-description=\"\" \n\t\t\titemprop=\"contentUrl\">\n\t\t\t<img loading=\"lazy\" decoding=\"async\" src=\"https:\/\/gjefsjo.no\/wp-content\/uploads\/2021\/09\/apning-oss-gjefsjoen-030921-foto-lars-bugge-aarset-174-300x300.jpg\" alt=\"\" data-no-lazy=\"1\" itemprop=\"thumbnail\" width=\"300\" height=\"300\" \/>\n\t\t\t<!-- Overlay Wrapper -->\n\t\t\t <!-- Overlay Wrapper Closed -->\n\t\t\t\t<\/a>\n\t\t\t\t\t\t\t<meta itemprop=\"width\" content=\"300\" \/>\n\t\t\t<meta itemprop=\"height\" content=\"300\" \/>\n\t\t\t\t<a\n\t\t\thref=\"https:\/\/gjefsjo.no\/wp-content\/uploads\/2021\/09\/apning-oss-gjefsjoen-030921-foto-lars-bugge-aarset-183-1024x768.jpg\"\n\t\t\t\t\t\tdata-fancybox=\"images\" \n\t\t\ttitle=\"apning-oss-gjefsjoen-030921-foto-lars-bugge-aarset-183\" \n\t\t\t\t\t\tdata-caption=\"\"\n\t\t\t\t\t\tdata-description=\"\" \n\t\t\titemprop=\"contentUrl\">\n\t\t\t<img loading=\"lazy\" decoding=\"async\" src=\"https:\/\/gjefsjo.no\/wp-content\/uploads\/2021\/09\/apning-oss-gjefsjoen-030921-foto-lars-bugge-aarset-183-300x300.jpg\" alt=\"\" data-no-lazy=\"1\" itemprop=\"thumbnail\" width=\"300\" height=\"300\" \/>\n\t\t\t<!-- Overlay Wrapper -->\n\t\t\t <!-- Overlay Wrapper Closed -->\n\t\t\t\t<\/a>\n\t\t\t\t\t\t\t<meta itemprop=\"width\" content=\"300\" \/>\n\t\t\t<meta itemprop=\"height\" content=\"300\" \/>\n\t\t\t\t<a\n\t\t\thref=\"https:\/\/gjefsjo.no\/wp-content\/uploads\/2021\/09\/apning-oss-gjefsjoen-030921-foto-lars-bugge-aarset-186-1024x768.jpg\"\n\t\t\t\t\t\tdata-fancybox=\"images\" \n\t\t\ttitle=\"apning-oss-gjefsjoen-030921-foto-lars-bugge-aarset-186\" \n\t\t\t\t\t\tdata-caption=\"\"\n\t\t\t\t\t\tdata-description=\"\" \n\t\t\titemprop=\"contentUrl\">\n\t\t\t<img loading=\"lazy\" decoding=\"async\" src=\"https:\/\/gjefsjo.no\/wp-content\/uploads\/2021\/09\/apning-oss-gjefsjoen-030921-foto-lars-bugge-aarset-186-300x300.jpg\" alt=\"\" data-no-lazy=\"1\" itemprop=\"thumbnail\" width=\"300\" height=\"300\" \/>\n\t\t\t<!-- Overlay Wrapper -->\n\t\t\t <!-- Overlay Wrapper Closed -->\n\t\t\t\t<\/a>\n\t\t\t\t\t\t\t<meta itemprop=\"width\" content=\"300\" \/>\n\t\t\t<meta itemprop=\"height\" content=\"300\" \/>\n\t\t\t\t<a\n\t\t\thref=\"https:\/\/gjefsjo.no\/wp-content\/uploads\/2021\/09\/apning-oss-gjefsjoen-030921-foto-lars-bugge-aarset-189-1024x768.jpg\"\n\t\t\t\t\t\tdata-fancybox=\"images\" \n\t\t\ttitle=\"apning-oss-gjefsjoen-030921-foto-lars-bugge-aarset-189\" \n\t\t\t\t\t\tdata-caption=\"\"\n\t\t\t\t\t\tdata-description=\"\" \n\t\t\titemprop=\"contentUrl\">\n\t\t\t<img loading=\"lazy\" decoding=\"async\" src=\"https:\/\/gjefsjo.no\/wp-content\/uploads\/2021\/09\/apning-oss-gjefsjoen-030921-foto-lars-bugge-aarset-189-300x300.jpg\" alt=\"\" data-no-lazy=\"1\" itemprop=\"thumbnail\" width=\"300\" height=\"300\" \/>\n\t\t\t<!-- Overlay Wrapper -->\n\t\t\t <!-- Overlay Wrapper Closed -->\n\t\t\t\t<\/a>\n\t\t\t\t\t\t\t<meta itemprop=\"width\" content=\"300\" \/>\n\t\t\t<meta itemprop=\"height\" content=\"300\" \/>\n\t\t\t\t<a\n\t\t\thref=\"https:\/\/gjefsjo.no\/wp-content\/uploads\/2021\/09\/apning-oss-gjefsjoen-030921-foto-lars-bugge-aarset-192-1024x768.jpg\"\n\t\t\t\t\t\tdata-fancybox=\"images\" \n\t\t\ttitle=\"apning-oss-gjefsjoen-030921-foto-lars-bugge-aarset-192\" \n\t\t\t\t\t\tdata-caption=\"\"\n\t\t\t\t\t\tdata-description=\"\" \n\t\t\titemprop=\"contentUrl\">\n\t\t\t<img loading=\"lazy\" decoding=\"async\" src=\"https:\/\/gjefsjo.no\/wp-content\/uploads\/2021\/09\/apning-oss-gjefsjoen-030921-foto-lars-bugge-aarset-192-300x300.jpg\" alt=\"\" data-no-lazy=\"1\" itemprop=\"thumbnail\" width=\"300\" height=\"300\" \/>\n\t\t\t<!-- Overlay Wrapper -->\n\t\t\t <!-- Overlay Wrapper Closed -->\n\t\t\t\t<\/a>\n\t\t\t\t\t\t\t<meta itemprop=\"width\" content=\"300\" \/>\n\t\t\t<meta itemprop=\"height\" content=\"300\" \/>\n\t\t\t\t<a\n\t\t\thref=\"https:\/\/gjefsjo.no\/wp-content\/uploads\/2021\/09\/apning-oss-gjefsjoen-030921-foto-lars-bugge-aarset-142-1024x768.jpg\"\n\t\t\t\t\t\tdata-fancybox=\"images\" \n\t\t\ttitle=\"apning-oss-gjefsjoen-030921-foto-lars-bugge-aarset-142\" \n\t\t\t\t\t\tdata-caption=\"\"\n\t\t\t\t\t\tdata-description=\"\" \n\t\t\titemprop=\"contentUrl\">\n\t\t\t<img loading=\"lazy\" decoding=\"async\" src=\"https:\/\/gjefsjo.no\/wp-content\/uploads\/2021\/09\/apning-oss-gjefsjoen-030921-foto-lars-bugge-aarset-142-300x300.jpg\" alt=\"\" data-no-lazy=\"1\" itemprop=\"thumbnail\" width=\"300\" height=\"300\" \/>\n\t\t\t<!-- Overlay Wrapper -->\n\t\t\t <!-- Overlay Wrapper Closed -->\n\t\t\t\t<\/a>\n\t\t\t\t\t\t\t<meta itemprop=\"width\" content=\"300\" \/>\n\t\t\t<meta itemprop=\"height\" content=\"300\" \/>\n\t\t\t\t<a\n\t\t\thref=\"https:\/\/gjefsjo.no\/wp-content\/uploads\/2021\/09\/apning-oss-gjefsjoen-030921-foto-lars-bugge-aarset-134-1024x768.jpg\"\n\t\t\t\t\t\tdata-fancybox=\"images\" \n\t\t\ttitle=\"apning-oss-gjefsjoen-030921-foto-lars-bugge-aarset-134\" \n\t\t\t\t\t\tdata-caption=\"\"\n\t\t\t\t\t\tdata-description=\"\" \n\t\t\titemprop=\"contentUrl\">\n\t\t\t<img loading=\"lazy\" decoding=\"async\" src=\"https:\/\/gjefsjo.no\/wp-content\/uploads\/2021\/09\/apning-oss-gjefsjoen-030921-foto-lars-bugge-aarset-134-300x300.jpg\" alt=\"\" data-no-lazy=\"1\" itemprop=\"thumbnail\" width=\"300\" height=\"300\" \/>\n\t\t\t<!-- Overlay Wrapper -->\n\t\t\t <!-- Overlay Wrapper Closed -->\n\t\t\t\t<\/a>\n\t\t\t\t\t\t\t<meta itemprop=\"width\" content=\"300\" \/>\n\t\t\t<meta itemprop=\"height\" content=\"300\" \/>\n\t\t\t\t<a\n\t\t\thref=\"https:\/\/gjefsjo.no\/wp-content\/uploads\/2021\/09\/apning-oss-gjefsjoen-030921-foto-lars-bugge-aarset-129-1024x768.jpg\"\n\t\t\t\t\t\tdata-fancybox=\"images\" \n\t\t\ttitle=\"apning-oss-gjefsjoen-030921-foto-lars-bugge-aarset-129\" \n\t\t\t\t\t\tdata-caption=\"\"\n\t\t\t\t\t\tdata-description=\"\" \n\t\t\titemprop=\"contentUrl\">\n\t\t\t<img loading=\"lazy\" decoding=\"async\" src=\"https:\/\/gjefsjo.no\/wp-content\/uploads\/2021\/09\/apning-oss-gjefsjoen-030921-foto-lars-bugge-aarset-129-300x300.jpg\" alt=\"\" data-no-lazy=\"1\" itemprop=\"thumbnail\" width=\"300\" height=\"300\" \/>\n\t\t\t<!-- Overlay Wrapper -->\n\t\t\t <!-- Overlay Wrapper Closed -->\n\t\t\t\t<\/a>\n\t\t\t\t\t\t\t<meta itemprop=\"width\" content=\"300\" \/>\n\t\t\t<meta itemprop=\"height\" content=\"300\" \/>\n\t\t\t\t<a\n\t\t\thref=\"https:\/\/gjefsjo.no\/wp-content\/uploads\/2021\/09\/apning-oss-gjefsjoen-030921-foto-lars-bugge-aarset-124-1024x768.jpg\"\n\t\t\t\t\t\tdata-fancybox=\"images\" \n\t\t\ttitle=\"apning-oss-gjefsjoen-030921-foto-lars-bugge-aarset-124\" \n\t\t\t\t\t\tdata-caption=\"\"\n\t\t\t\t\t\tdata-description=\"Ebbe Deraas under \u00e5pningen av OSS Gjefsj\u00f8en\" \n\t\t\titemprop=\"contentUrl\">\n\t\t\t<img loading=\"lazy\" decoding=\"async\" src=\"https:\/\/gjefsjo.no\/wp-content\/uploads\/2021\/09\/apning-oss-gjefsjoen-030921-foto-lars-bugge-aarset-124-300x300.jpg\" alt=\"Ebbe Deraas under \u00e5pningen av OSS Gjefsj\u00f8en\" data-no-lazy=\"1\" itemprop=\"thumbnail\" width=\"300\" height=\"300\" \/>\n\t\t\t<!-- Overlay Wrapper -->\n\t\t\t <!-- Overlay Wrapper Closed -->\n\t\t\t\t<\/a>\n\t\t\t\t\t\t\t<meta itemprop=\"width\" content=\"300\" \/>\n\t\t\t<meta itemprop=\"height\" content=\"300\" \/>\n\t\t\t\t<a\n\t\t\thref=\"https:\/\/gjefsjo.no\/wp-content\/uploads\/2021\/09\/apning-oss-gjefsjoen-030921-foto-lars-bugge-aarset-118-1024x768.jpg\"\n\t\t\t\t\t\tdata-fancybox=\"images\" \n\t\t\ttitle=\"apning-oss-gjefsjoen-030921-foto-lars-bugge-aarset-118\" \n\t\t\t\t\t\tdata-caption=\"\"\n\t\t\t\t\t\tdata-description=\"\" \n\t\t\titemprop=\"contentUrl\">\n\t\t\t<img loading=\"lazy\" decoding=\"async\" src=\"https:\/\/gjefsjo.no\/wp-content\/uploads\/2021\/09\/apning-oss-gjefsjoen-030921-foto-lars-bugge-aarset-118-300x300.jpg\" alt=\"\" data-no-lazy=\"1\" itemprop=\"thumbnail\" width=\"300\" height=\"300\" \/>\n\t\t\t<!-- Overlay Wrapper -->\n\t\t\t <!-- Overlay Wrapper Closed -->\n\t\t\t\t<\/a>\n\t\t\t\t\t\t\t<meta itemprop=\"width\" content=\"300\" \/>\n\t\t\t<meta itemprop=\"height\" content=\"300\" \/>\n\t\t\t\t<a\n\t\t\thref=\"https:\/\/gjefsjo.no\/wp-content\/uploads\/2021\/09\/apning-oss-gjefsjoen-030921-foto-lars-bugge-aarset-115-1024x768.jpg\"\n\t\t\t\t\t\tdata-fancybox=\"images\" \n\t\t\ttitle=\"apning-oss-gjefsjoen-030921-foto-lars-bugge-aarset-115\" \n\t\t\t\t\t\tdata-caption=\"\"\n\t\t\t\t\t\tdata-description=\"\" \n\t\t\titemprop=\"contentUrl\">\n\t\t\t<img loading=\"lazy\" decoding=\"async\" src=\"https:\/\/gjefsjo.no\/wp-content\/uploads\/2021\/09\/apning-oss-gjefsjoen-030921-foto-lars-bugge-aarset-115-300x300.jpg\" alt=\"\" data-no-lazy=\"1\" itemprop=\"thumbnail\" width=\"300\" height=\"300\" \/>\n\t\t\t<!-- Overlay Wrapper -->\n\t\t\t <!-- Overlay Wrapper Closed -->\n\t\t\t\t<\/a>\n\t\t\t\t\t\t\t<meta itemprop=\"width\" content=\"300\" \/>\n\t\t\t<meta itemprop=\"height\" content=\"300\" \/>\n\t\t\t\t<a\n\t\t\thref=\"https:\/\/gjefsjo.no\/wp-content\/uploads\/2021\/09\/apning-oss-gjefsjoen-030921-foto-lars-bugge-aarset-110-1024x768.jpg\"\n\t\t\t\t\t\tdata-fancybox=\"images\" \n\t\t\ttitle=\"apning-oss-gjefsjoen-030921-foto-lars-bugge-aarset-110\" \n\t\t\t\t\t\tdata-caption=\"\"\n\t\t\t\t\t\tdata-description=\"\" \n\t\t\titemprop=\"contentUrl\">\n\t\t\t<img loading=\"lazy\" decoding=\"async\" src=\"https:\/\/gjefsjo.no\/wp-content\/uploads\/2021\/09\/apning-oss-gjefsjoen-030921-foto-lars-bugge-aarset-110-300x300.jpg\" alt=\"\" data-no-lazy=\"1\" itemprop=\"thumbnail\" width=\"300\" height=\"300\" \/>\n\t\t\t<!-- Overlay Wrapper -->\n\t\t\t <!-- Overlay Wrapper Closed -->\n\t\t\t\t<\/a>\n\t\t\t\t\t\t\t<meta itemprop=\"width\" content=\"300\" \/>\n\t\t\t<meta itemprop=\"height\" content=\"300\" \/>\n\t\t\t\t<a\n\t\t\thref=\"https:\/\/gjefsjo.no\/wp-content\/uploads\/2021\/09\/apning-oss-gjefsjoen-030921-foto-lars-bugge-aarset-107-1024x768.jpg\"\n\t\t\t\t\t\tdata-fancybox=\"images\" \n\t\t\ttitle=\"apning-oss-gjefsjoen-030921-foto-lars-bugge-aarset-107\" \n\t\t\t\t\t\tdata-caption=\"\"\n\t\t\t\t\t\tdata-description=\"\" \n\t\t\titemprop=\"contentUrl\">\n\t\t\t<img loading=\"lazy\" decoding=\"async\" src=\"https:\/\/gjefsjo.no\/wp-content\/uploads\/2021\/09\/apning-oss-gjefsjoen-030921-foto-lars-bugge-aarset-107-300x300.jpg\" alt=\"\" data-no-lazy=\"1\" itemprop=\"thumbnail\" width=\"300\" height=\"300\" \/>\n\t\t\t<!-- Overlay Wrapper -->\n\t\t\t <!-- Overlay Wrapper Closed -->\n\t\t\t\t<\/a>\n\t\t\t\t\t\t\t<meta itemprop=\"width\" content=\"300\" \/>\n\t\t\t<meta itemprop=\"height\" content=\"300\" \/>\n\t\t\t\t<a\n\t\t\thref=\"https:\/\/gjefsjo.no\/wp-content\/uploads\/2021\/09\/apning-oss-gjefsjoen-030921-foto-lars-bugge-aarset-91-1024x768.jpg\"\n\t\t\t\t\t\tdata-fancybox=\"images\" \n\t\t\ttitle=\"apning-oss-gjefsjoen-030921-foto-lars-bugge-aarset-91\" \n\t\t\t\t\t\tdata-caption=\"\"\n\t\t\t\t\t\tdata-description=\"\" \n\t\t\titemprop=\"contentUrl\">\n\t\t\t<img loading=\"lazy\" decoding=\"async\" src=\"https:\/\/gjefsjo.no\/wp-content\/uploads\/2021\/09\/apning-oss-gjefsjoen-030921-foto-lars-bugge-aarset-91-300x300.jpg\" alt=\"\" data-no-lazy=\"1\" itemprop=\"thumbnail\" width=\"300\" height=\"300\" \/>\n\t\t\t<!-- Overlay Wrapper -->\n\t\t\t <!-- Overlay Wrapper Closed -->\n\t\t\t\t<\/a>\n\t\t\t\t\t\t\t<meta itemprop=\"width\" content=\"300\" \/>\n\t\t\t<meta itemprop=\"height\" content=\"300\" \/>\n\t\t\t\t<a\n\t\t\thref=\"https:\/\/gjefsjo.no\/wp-content\/uploads\/2021\/09\/apning-oss-gjefsjoen-030921-foto-lars-bugge-aarset-82-1024x768.jpg\"\n\t\t\t\t\t\tdata-fancybox=\"images\" \n\t\t\ttitle=\"apning-oss-gjefsjoen-030921-foto-lars-bugge-aarset-82\" \n\t\t\t\t\t\tdata-caption=\"\"\n\t\t\t\t\t\tdata-description=\"\" \n\t\t\titemprop=\"contentUrl\">\n\t\t\t<img loading=\"lazy\" decoding=\"async\" src=\"https:\/\/gjefsjo.no\/wp-content\/uploads\/2021\/09\/apning-oss-gjefsjoen-030921-foto-lars-bugge-aarset-82-300x300.jpg\" alt=\"\" data-no-lazy=\"1\" itemprop=\"thumbnail\" width=\"300\" height=\"300\" \/>\n\t\t\t<!-- Overlay Wrapper -->\n\t\t\t <!-- Overlay Wrapper Closed -->\n\t\t\t\t<\/a>\n\t\t\t\t\t\t\t<meta itemprop=\"width\" content=\"300\" \/>\n\t\t\t<meta itemprop=\"height\" content=\"300\" \/>\n\t\t\t\t<a\n\t\t\thref=\"https:\/\/gjefsjo.no\/wp-content\/uploads\/2021\/09\/apning-oss-gjefsjoen-030921-foto-lars-bugge-aarset-81-1024x768.jpg\"\n\t\t\t\t\t\tdata-fancybox=\"images\" \n\t\t\ttitle=\"apning-oss-gjefsjoen-030921-foto-lars-bugge-aarset-81\" \n\t\t\t\t\t\tdata-caption=\"\"\n\t\t\t\t\t\tdata-description=\"\" \n\t\t\titemprop=\"contentUrl\">\n\t\t\t<img loading=\"lazy\" decoding=\"async\" src=\"https:\/\/gjefsjo.no\/wp-content\/uploads\/2021\/09\/apning-oss-gjefsjoen-030921-foto-lars-bugge-aarset-81-300x300.jpg\" alt=\"\" data-no-lazy=\"1\" itemprop=\"thumbnail\" width=\"300\" height=\"300\" \/>\n\t\t\t<!-- Overlay Wrapper -->\n\t\t\t <!-- Overlay Wrapper Closed -->\n\t\t\t\t<\/a>\n\t\t\t\t\t\t\t<meta itemprop=\"width\" content=\"300\" \/>\n\t\t\t<meta itemprop=\"height\" content=\"300\" \/>\n\t\t\t\t<a\n\t\t\thref=\"https:\/\/gjefsjo.no\/wp-content\/uploads\/2021\/09\/apning-oss-gjefsjoen-030921-foto-lars-bugge-aarset-78-1024x768.jpg\"\n\t\t\t\t\t\tdata-fancybox=\"images\" \n\t\t\ttitle=\"apning-oss-gjefsjoen-030921-foto-lars-bugge-aarset-78\" \n\t\t\t\t\t\tdata-caption=\"\"\n\t\t\t\t\t\tdata-description=\"\" \n\t\t\titemprop=\"contentUrl\">\n\t\t\t<img loading=\"lazy\" decoding=\"async\" src=\"https:\/\/gjefsjo.no\/wp-content\/uploads\/2021\/09\/apning-oss-gjefsjoen-030921-foto-lars-bugge-aarset-78-300x300.jpg\" alt=\"\" data-no-lazy=\"1\" itemprop=\"thumbnail\" width=\"300\" height=\"300\" \/>\n\t\t\t<!-- Overlay Wrapper -->\n\t\t\t <!-- Overlay Wrapper Closed -->\n\t\t\t\t<\/a>\n\t\t\t\t\t\t\t<meta itemprop=\"width\" content=\"300\" \/>\n\t\t\t<meta itemprop=\"height\" content=\"300\" \/>\n\t\t\t\t<a\n\t\t\thref=\"https:\/\/gjefsjo.no\/wp-content\/uploads\/2021\/09\/apning-oss-gjefsjoen-030921-foto-lars-bugge-aarset-72-1024x768.jpg\"\n\t\t\t\t\t\tdata-fancybox=\"images\" \n\t\t\ttitle=\"apning-oss-gjefsjoen-030921-foto-lars-bugge-aarset-72\" \n\t\t\t\t\t\tdata-caption=\"\"\n\t\t\t\t\t\tdata-description=\"\" \n\t\t\titemprop=\"contentUrl\">\n\t\t\t<img loading=\"lazy\" decoding=\"async\" src=\"https:\/\/gjefsjo.no\/wp-content\/uploads\/2021\/09\/apning-oss-gjefsjoen-030921-foto-lars-bugge-aarset-72-300x300.jpg\" alt=\"\" data-no-lazy=\"1\" itemprop=\"thumbnail\" width=\"300\" height=\"300\" \/>\n\t\t\t<!-- Overlay Wrapper -->\n\t\t\t <!-- Overlay Wrapper Closed -->\n\t\t\t\t<\/a>\n\t\t\t\t\t\t\t<meta itemprop=\"width\" content=\"300\" \/>\n\t\t\t<meta itemprop=\"height\" content=\"300\" \/>\n\t\t\t\t<a\n\t\t\thref=\"https:\/\/gjefsjo.no\/wp-content\/uploads\/2021\/09\/apning-oss-gjefsjoen-030921-foto-lars-bugge-aarset-59-1024x768.jpg\"\n\t\t\t\t\t\tdata-fancybox=\"images\" \n\t\t\ttitle=\"apning-oss-gjefsjoen-030921-foto-lars-bugge-aarset-59\" \n\t\t\t\t\t\tdata-caption=\"\"\n\t\t\t\t\t\tdata-description=\"William Langenheim\" \n\t\t\titemprop=\"contentUrl\">\n\t\t\t<img loading=\"lazy\" decoding=\"async\" src=\"https:\/\/gjefsjo.no\/wp-content\/uploads\/2021\/09\/apning-oss-gjefsjoen-030921-foto-lars-bugge-aarset-59-300x300.jpg\" alt=\"William Langenheim - USAs ambassade\" data-no-lazy=\"1\" itemprop=\"thumbnail\" width=\"300\" height=\"300\" \/>\n\t\t\t<!-- Overlay Wrapper -->\n\t\t\t <!-- Overlay Wrapper Closed -->\n\t\t\t\t<\/a>\n\t\t\t\t\t\t\t<meta itemprop=\"width\" content=\"300\" \/>\n\t\t\t<meta itemprop=\"height\" content=\"300\" \/>\n\t\t\t\t<a\n\t\t\thref=\"https:\/\/gjefsjo.no\/wp-content\/uploads\/2021\/09\/apning-oss-gjefsjoen-030921-foto-lars-bugge-aarset-49-1024x768.jpg\"\n\t\t\t\t\t\tdata-fancybox=\"images\" \n\t\t\ttitle=\"apning-oss-gjefsjoen-030921-foto-lars-bugge-aarset-49\" \n\t\t\t\t\t\tdata-caption=\"\"\n\t\t\t\t\t\tdata-description=\"\" \n\t\t\titemprop=\"contentUrl\">\n\t\t\t<img loading=\"lazy\" decoding=\"async\" src=\"https:\/\/gjefsjo.no\/wp-content\/uploads\/2021\/09\/apning-oss-gjefsjoen-030921-foto-lars-bugge-aarset-49-300x300.jpg\" alt=\"\" data-no-lazy=\"1\" itemprop=\"thumbnail\" width=\"300\" height=\"300\" \/>\n\t\t\t<!-- Overlay Wrapper -->\n\t\t\t <!-- Overlay Wrapper Closed -->\n\t\t\t\t<\/a>\n\t\t\t\t\t\t\t<meta itemprop=\"width\" content=\"300\" \/>\n\t\t\t<meta itemprop=\"height\" content=\"300\" \/>\n\t\t\t\t<a\n\t\t\thref=\"https:\/\/gjefsjo.no\/wp-content\/uploads\/2021\/09\/apning-oss-gjefsjoen-030921-foto-lars-bugge-aarset-43-1024x768.jpg\"\n\t\t\t\t\t\tdata-fancybox=\"images\" \n\t\t\ttitle=\"apning-oss-gjefsjoen-030921-foto-lars-bugge-aarset-43\" \n\t\t\t\t\t\tdata-caption=\"\"\n\t\t\t\t\t\tdata-description=\"\" \n\t\t\titemprop=\"contentUrl\">\n\t\t\t<img loading=\"lazy\" decoding=\"async\" src=\"https:\/\/gjefsjo.no\/wp-content\/uploads\/2021\/09\/apning-oss-gjefsjoen-030921-foto-lars-bugge-aarset-43-300x300.jpg\" alt=\"\" data-no-lazy=\"1\" itemprop=\"thumbnail\" width=\"300\" height=\"300\" \/>\n\t\t\t<!-- Overlay Wrapper -->\n\t\t\t <!-- Overlay Wrapper Closed -->\n\t\t\t\t<\/a>\n\t\t\t\t\t\t\t<meta itemprop=\"width\" content=\"300\" \/>\n\t\t\t<meta itemprop=\"height\" content=\"300\" \/>\n\t\t\t\t<a\n\t\t\thref=\"https:\/\/gjefsjo.no\/wp-content\/uploads\/2021\/09\/apning-oss-gjefsjoen-030921-foto-lars-bugge-aarset-29-1024x768.jpg\"\n\t\t\t\t\t\tdata-fancybox=\"images\" \n\t\t\ttitle=\"apning-oss-gjefsjoen-030921-foto-lars-bugge-aarset-29\" \n\t\t\t\t\t\tdata-caption=\"\"\n\t\t\t\t\t\tdata-description=\"\" \n\t\t\titemprop=\"contentUrl\">\n\t\t\t<img loading=\"lazy\" decoding=\"async\" src=\"https:\/\/gjefsjo.no\/wp-content\/uploads\/2021\/09\/apning-oss-gjefsjoen-030921-foto-lars-bugge-aarset-29-300x300.jpg\" alt=\"\" data-no-lazy=\"1\" itemprop=\"thumbnail\" width=\"300\" height=\"300\" \/>\n\t\t\t<!-- Overlay Wrapper -->\n\t\t\t <!-- Overlay Wrapper Closed -->\n\t\t\t\t<\/a>\n\t\t\t\t\t\t\t<meta itemprop=\"width\" content=\"300\" \/>\n\t\t\t<meta itemprop=\"height\" content=\"300\" \/>\n\t\t\t\t<a\n\t\t\thref=\"https:\/\/gjefsjo.no\/wp-content\/uploads\/2021\/09\/apning-oss-gjefsjoen-030921-foto-lars-bugge-aarset-27-1024x768.jpg\"\n\t\t\t\t\t\tdata-fancybox=\"images\" \n\t\t\ttitle=\"apning-oss-gjefsjoen-030921-foto-lars-bugge-aarset-27\" \n\t\t\t\t\t\tdata-caption=\"\"\n\t\t\t\t\t\tdata-description=\"\" \n\t\t\titemprop=\"contentUrl\">\n\t\t\t<img loading=\"lazy\" decoding=\"async\" src=\"https:\/\/gjefsjo.no\/wp-content\/uploads\/2021\/09\/apning-oss-gjefsjoen-030921-foto-lars-bugge-aarset-27-300x300.jpg\" alt=\"\" data-no-lazy=\"1\" itemprop=\"thumbnail\" width=\"300\" height=\"300\" \/>\n\t\t\t<!-- Overlay Wrapper -->\n\t\t\t <!-- Overlay Wrapper Closed -->\n\t\t\t\t<\/a>\n\t\t\t\t\t\t\t<meta itemprop=\"width\" content=\"300\" \/>\n\t\t\t<meta itemprop=\"height\" content=\"300\" \/>\n\t\t\t\t<a\n\t\t\thref=\"https:\/\/gjefsjo.no\/wp-content\/uploads\/2021\/09\/apning-oss-gjefsjoen-030921-foto-lars-bugge-aarset-25-1024x768.jpg\"\n\t\t\t\t\t\tdata-fancybox=\"images\" \n\t\t\ttitle=\"apning-oss-gjefsjoen-030921-foto-lars-bugge-aarset-25\" \n\t\t\t\t\t\tdata-caption=\"\"\n\t\t\t\t\t\tdata-description=\"\" \n\t\t\titemprop=\"contentUrl\">\n\t\t\t<img loading=\"lazy\" decoding=\"async\" src=\"https:\/\/gjefsjo.no\/wp-content\/uploads\/2021\/09\/apning-oss-gjefsjoen-030921-foto-lars-bugge-aarset-25-300x300.jpg\" alt=\"\" data-no-lazy=\"1\" itemprop=\"thumbnail\" width=\"300\" height=\"300\" \/>\n\t\t\t<!-- Overlay Wrapper -->\n\t\t\t <!-- Overlay Wrapper Closed -->\n\t\t\t\t<\/a>\n\t\t\t\t\t\t\t<meta itemprop=\"width\" content=\"300\" \/>\n\t\t\t<meta itemprop=\"height\" content=\"300\" \/>\n\t\t\t\t<a\n\t\t\thref=\"https:\/\/gjefsjo.no\/wp-content\/uploads\/2021\/09\/apning-oss-gjefsjoen-030921-foto-lars-bugge-aarset-18-1024x768.jpg\"\n\t\t\t\t\t\tdata-fancybox=\"images\" \n\t\t\ttitle=\"apning-oss-gjefsjoen-030921-foto-lars-bugge-aarset-18\" \n\t\t\t\t\t\tdata-caption=\"\"\n\t\t\t\t\t\tdata-description=\"\" \n\t\t\titemprop=\"contentUrl\">\n\t\t\t<img loading=\"lazy\" decoding=\"async\" src=\"https:\/\/gjefsjo.no\/wp-content\/uploads\/2021\/09\/apning-oss-gjefsjoen-030921-foto-lars-bugge-aarset-18-300x300.jpg\" alt=\"Herbert Helgesen sin lommelerked som var med fyet som styrtet p\u00e5 Plukkutj\u00f8nngjellet\" data-no-lazy=\"1\" itemprop=\"thumbnail\" width=\"300\" height=\"300\" \/>\n\t\t\t<!-- Overlay Wrapper -->\n\t\t\t <!-- Overlay Wrapper Closed -->\n\t\t\t\t<\/a>\n\t\t\t\t\t\t\t<meta itemprop=\"width\" content=\"300\" \/>\n\t\t\t<meta itemprop=\"height\" content=\"300\" \/>\n\t\t\t\t<a\n\t\t\thref=\"https:\/\/gjefsjo.no\/wp-content\/uploads\/2021\/09\/apning-oss-gjefsjoen-030921-foto-lars-bugge-aarset-16-1024x768.jpg\"\n\t\t\t\t\t\tdata-fancybox=\"images\" \n\t\t\ttitle=\"apning-oss-gjefsjoen-030921-foto-lars-bugge-aarset-16\" \n\t\t\t\t\t\tdata-caption=\"\"\n\t\t\t\t\t\tdata-description=\"\" \n\t\t\titemprop=\"contentUrl\">\n\t\t\t<img loading=\"lazy\" decoding=\"async\" src=\"https:\/\/gjefsjo.no\/wp-content\/uploads\/2021\/09\/apning-oss-gjefsjoen-030921-foto-lars-bugge-aarset-16-300x300.jpg\" alt=\"\" data-no-lazy=\"1\" itemprop=\"thumbnail\" width=\"300\" height=\"300\" \/>\n\t\t\t<!-- Overlay Wrapper -->\n\t\t\t <!-- Overlay Wrapper Closed -->\n\t\t\t\t<\/a>\n\t\t\t\t\t\t\t<meta itemprop=\"width\" content=\"300\" \/>\n\t\t\t<meta itemprop=\"height\" content=\"300\" \/>\n\t\t\t\t<a\n\t\t\thref=\"https:\/\/gjefsjo.no\/wp-content\/uploads\/2021\/09\/apning-oss-gjefsjoen-030921-foto-lars-bugge-aarset-13-1024x768.jpg\"\n\t\t\t\t\t\tdata-fancybox=\"images\" \n\t\t\ttitle=\"apning-oss-gjefsjoen-030921-foto-lars-bugge-aarset-13\" \n\t\t\t\t\t\tdata-caption=\"\"\n\t\t\t\t\t\tdata-description=\"\" \n\t\t\titemprop=\"contentUrl\">\n\t\t\t<img loading=\"lazy\" decoding=\"async\" src=\"https:\/\/gjefsjo.no\/wp-content\/uploads\/2021\/09\/apning-oss-gjefsjoen-030921-foto-lars-bugge-aarset-13-300x300.jpg\" alt=\"\" data-no-lazy=\"1\" itemprop=\"thumbnail\" width=\"300\" height=\"300\" \/>\n\t\t\t<!-- Overlay Wrapper -->\n\t\t\t <!-- Overlay Wrapper Closed -->\n\t\t\t\t<\/a>\n\t\t\t\t\t\t\t<meta itemprop=\"width\" content=\"300\" \/>\n\t\t\t<meta itemprop=\"height\" content=\"300\" \/>\n\t\t\t\t<a\n\t\t\thref=\"https:\/\/gjefsjo.no\/wp-content\/uploads\/2021\/09\/apning-oss-gjefsjoen-030921-foto-lars-bugge-aarset-1-1024x768.jpg\"\n\t\t\t\t\t\tdata-fancybox=\"images\" \n\t\t\ttitle=\"apning-oss-gjefsjoen-030921-foto-lars-bugge-aarset-1\" \n\t\t\t\t\t\tdata-caption=\"\"\n\t\t\t\t\t\tdata-description=\"\" \n\t\t\titemprop=\"contentUrl\">\n\t\t\t<img loading=\"lazy\" decoding=\"async\" src=\"https:\/\/gjefsjo.no\/wp-content\/uploads\/2021\/09\/apning-oss-gjefsjoen-030921-foto-lars-bugge-aarset-1-300x300.jpg\" alt=\"\" data-no-lazy=\"1\" itemprop=\"thumbnail\" width=\"300\" height=\"300\" \/>\n\t\t\t<!-- Overlay Wrapper -->\n\t\t\t <!-- Overlay Wrapper Closed -->\n\t\t\t\t<\/a>\n\t\t\t\t\t\t\t<meta itemprop=\"width\" content=\"300\" \/>\n\t\t\t<meta itemprop=\"height\" content=\"300\" \/>\n\t\t\t\t<a\n\t\t\thref=\"https:\/\/gjefsjo.no\/wp-content\/uploads\/2021\/09\/apning-oss-gjefsjoen-foto-kristian-kapelrud-heimevernet-1024x682.jpg\"\n\t\t\t\t\t\tdata-fancybox=\"images\" \n\t\t\ttitle=\"apning-oss-gjefsjoen-foto-kristian-kapelrud-heimevernet\" \n\t\t\t\t\t\tdata-caption=\"Foto: Kristian Kapelrud, Heimevernet\"\n\t\t\t\t\t\tdata-description=\"\u00c5pning av Rypes hovedkvarter p\u00e5 Gjefsj\u00f8en Fjellg\u00e5rdFoto: Kristian Kapelrud, Heimevernet\" \n\t\t\titemprop=\"contentUrl\">\n\t\t\t<img loading=\"lazy\" decoding=\"async\" src=\"https:\/\/gjefsjo.no\/wp-content\/uploads\/2021\/09\/apning-oss-gjefsjoen-foto-kristian-kapelrud-heimevernet-300x300.jpg\" alt=\"\u00c5pning av Rypes hovedkvarter p\u00e5 Gjefsj\u00f8en Fjellg\u00e5rdFoto: Kristian Kapelrud, Heimevernet\" data-no-lazy=\"1\" itemprop=\"thumbnail\" width=\"300\" height=\"300\" \/>\n\t\t\t<!-- Overlay Wrapper -->\n\t\t\t <!-- Overlay Wrapper Closed -->\n\t\t\t\t<\/a>\n\t\t\t\t\t\t\t<meta itemprop=\"width\" content=\"300\" \/>\n\t\t\t<meta itemprop=\"height\" content=\"300\" \/>\n\t\t\t\t<a\n\t\t\thref=\"https:\/\/gjefsjo.no\/wp-content\/uploads\/2021\/09\/20210903_162635-1024x498.jpg\"\n\t\t\t\t\t\tdata-fancybox=\"images\" \n\t\t\ttitle=\"20210903_162635\" \n\t\t\t\t\t\tdata-caption=\"\"\n\t\t\t\t\t\tdata-description=\"\" \n\t\t\titemprop=\"contentUrl\">\n\t\t\t<img loading=\"lazy\" decoding=\"async\" src=\"https:\/\/gjefsjo.no\/wp-content\/uploads\/2021\/09\/20210903_162635-300x300.jpg\" alt=\"\" data-no-lazy=\"1\" itemprop=\"thumbnail\" width=\"300\" height=\"300\" \/>\n\t\t\t<!-- Overlay Wrapper -->\n\t\t\t <!-- Overlay Wrapper Closed -->\n\t\t\t\t<\/a>\n\t\t\t\t\t\t\t<meta itemprop=\"width\" content=\"300\" \/>\n\t\t\t<meta itemprop=\"height\" content=\"300\" \/>\n\t\t\t\t<a\n\t\t\thref=\"https:\/\/gjefsjo.no\/wp-content\/uploads\/2021\/09\/20210903_141817-1024x498.jpg\"\n\t\t\t\t\t\tdata-fancybox=\"images\" \n\t\t\ttitle=\"20210903_141817\" \n\t\t\t\t\t\tdata-caption=\"\"\n\t\t\t\t\t\tdata-description=\"\" \n\t\t\titemprop=\"contentUrl\">\n\t\t\t<img loading=\"lazy\" decoding=\"async\" src=\"https:\/\/gjefsjo.no\/wp-content\/uploads\/2021\/09\/20210903_141817-300x300.jpg\" alt=\"\" data-no-lazy=\"1\" itemprop=\"thumbnail\" width=\"300\" height=\"300\" \/>\n\t\t\t<!-- Overlay Wrapper -->\n\t\t\t <!-- Overlay Wrapper Closed -->\n\t\t\t\t<\/a>\n\t\t\t\t\t\t\t<meta itemprop=\"width\" content=\"300\" \/>\n\t\t\t<meta itemprop=\"height\" content=\"300\" \/>\n\t\t\t\t<a\n\t\t\thref=\"https:\/\/gjefsjo.no\/wp-content\/uploads\/2021\/09\/20210903_141742-1024x314.jpg\"\n\t\t\t\t\t\tdata-fancybox=\"images\" \n\t\t\ttitle=\"20210903_141742\" \n\t\t\t\t\t\tdata-caption=\"\"\n\t\t\t\t\t\tdata-description=\"\" \n\t\t\titemprop=\"contentUrl\">\n\t\t\t<img loading=\"lazy\" decoding=\"async\" src=\"https:\/\/gjefsjo.no\/wp-content\/uploads\/2021\/09\/20210903_141742-300x300.jpg\" alt=\"\" data-no-lazy=\"1\" itemprop=\"thumbnail\" width=\"300\" height=\"300\" \/>\n\t\t\t<!-- Overlay Wrapper -->\n\t\t\t <!-- Overlay Wrapper Closed -->\n\t\t\t\t<\/a>\n\t\t\t\t\t\t\t<meta itemprop=\"width\" content=\"300\" \/>\n\t\t\t<meta itemprop=\"height\" content=\"300\" \/>\n\t\t\t\t<a\n\t\t\thref=\"https:\/\/gjefsjo.no\/wp-content\/uploads\/2021\/09\/20210903_134509-1024x498.jpg\"\n\t\t\t\t\t\tdata-fancybox=\"images\" \n\t\t\ttitle=\"20210903_134509\" \n\t\t\t\t\t\tdata-caption=\"\"\n\t\t\t\t\t\tdata-description=\"\" \n\t\t\titemprop=\"contentUrl\">\n\t\t\t<img loading=\"lazy\" decoding=\"async\" src=\"https:\/\/gjefsjo.no\/wp-content\/uploads\/2021\/09\/20210903_134509-300x300.jpg\" alt=\"\" data-no-lazy=\"1\" itemprop=\"thumbnail\" width=\"300\" height=\"300\" \/>\n\t\t\t<!-- Overlay Wrapper -->\n\t\t\t <!-- Overlay Wrapper Closed -->\n\t\t\t\t<\/a>\n\t\t\t\t\t\t\t<meta itemprop=\"width\" content=\"300\" \/>\n\t\t\t<meta itemprop=\"height\" content=\"300\" \/>\n\t\t\t\t<a\n\t\t\thref=\"https:\/\/gjefsjo.no\/wp-content\/uploads\/2021\/09\/heimevernsbladet-2-2021-2-1024x676.jpg\"\n\t\t\t\t\t\tdata-fancybox=\"images\" \n\t\t\ttitle=\"Heimevernsbladet 2 2021 (2)\" \n\t\t\t\t\t\tdata-caption=\"\"\n\t\t\t\t\t\tdata-description=\"\" \n\t\t\titemprop=\"contentUrl\">\n\t\t\t<img loading=\"lazy\" decoding=\"async\" src=\"https:\/\/gjefsjo.no\/wp-content\/uploads\/2021\/09\/heimevernsbladet-2-2021-2-300x300.jpg\" alt=\"Hedrer Operasjon Rype - Heimevernsbladet nr 2 - 2021\" data-no-lazy=\"1\" itemprop=\"thumbnail\" width=\"300\" height=\"300\" \/>\n\t\t\t<!-- Overlay Wrapper -->\n\t\t\t <!-- Overlay Wrapper Closed -->\n\t\t\t\t<\/a>\n\t\t\t\t\t\t\t<meta itemprop=\"width\" content=\"300\" \/>\n\t\t\t<meta itemprop=\"height\" content=\"300\" \/>\n\t\t\t\t<a\n\t\t\thref=\"https:\/\/gjefsjo.no\/wp-content\/uploads\/2021\/09\/heimevernsbladet-2-2021-1-1024x682.jpg\"\n\t\t\t\t\t\tdata-fancybox=\"images\" \n\t\t\ttitle=\"Heimevernsbladet 2 2021 (1)\" \n\t\t\t\t\t\tdata-caption=\"\"\n\t\t\t\t\t\tdata-description=\"Hedrer Operasjon Rype -Heimevernsbladet nr 2 2021\" \n\t\t\titemprop=\"contentUrl\">\n\t\t\t<img loading=\"lazy\" decoding=\"async\" src=\"https:\/\/gjefsjo.no\/wp-content\/uploads\/2021\/09\/heimevernsbladet-2-2021-1-300x300.jpg\" alt=\"Hedrer Operasjon Rype -Heimevernsbladet nr 2 2021\" data-no-lazy=\"1\" itemprop=\"thumbnail\" width=\"300\" height=\"300\" \/>\n\t\t\t<!-- Overlay Wrapper -->\n\t\t\t <!-- Overlay Wrapper Closed -->\n\t\t\t\t<\/a>\n\t\t\t\t\t\t\t<meta itemprop=\"width\" content=\"300\" \/>\n\t\t\t<meta itemprop=\"height\" content=\"300\" \/>\n\t\t\t\t<a\n\t\t\thref=\"https:\/\/gjefsjo.no\/wp-content\/uploads\/2021\/07\/20210721_155633-1024x1024.jpg\"\n\t\t\t\t\t\tdata-fancybox=\"images\" \n\t\t\ttitle=\"20210721_155633\" \n\t\t\t\t\t\tdata-caption=\"\"\n\t\t\t\t\t\tdata-description=\"Mj\u00f8durtsanking til Gjefsj\u00f8akevitt p\u00e5 Gjefsj\u00f8en fjellg\u00e5rd\" \n\t\t\titemprop=\"contentUrl\">\n\t\t\t<img loading=\"lazy\" decoding=\"async\" src=\"https:\/\/gjefsjo.no\/wp-content\/uploads\/2021\/07\/20210721_155633-300x300.jpg\" alt=\"Mj\u00f8durtsanking til Gjefsj\u00f8akevitt p\u00e5 Gjefsj\u00f8en fjellg\u00e5rd\" data-no-lazy=\"1\" itemprop=\"thumbnail\" width=\"300\" height=\"300\" \/>\n\t\t\t<!-- Overlay Wrapper -->\n\t\t\t <!-- Overlay Wrapper Closed -->\n\t\t\t\t<\/a>\n\t\t\t\t\t\t\t<meta itemprop=\"width\" content=\"300\" \/>\n\t\t\t<meta itemprop=\"height\" content=\"300\" \/>\n\t\t\t\t<a\n\t\t\thref=\"https:\/\/gjefsjo.no\/wp-content\/uploads\/2021\/07\/20210721_153451-1024x498.jpg\"\n\t\t\t\t\t\tdata-fancybox=\"images\" \n\t\t\ttitle=\"20210721_153451\" \n\t\t\t\t\t\tdata-caption=\"\"\n\t\t\t\t\t\tdata-description=\"Mj\u00f8durtsanking til Gjefsj\u00f8akevitt p\u00e5 Gjefsj\u00f8en fjellg\u00e5rd\" \n\t\t\titemprop=\"contentUrl\">\n\t\t\t<img loading=\"lazy\" decoding=\"async\" src=\"https:\/\/gjefsjo.no\/wp-content\/uploads\/2021\/07\/20210721_153451-300x300.jpg\" alt=\"Mj\u00f8durtsanking til Gjefsj\u00f8akevitt p\u00e5 Gjefsj\u00f8en fjellg\u00e5rd\" data-no-lazy=\"1\" itemprop=\"thumbnail\" width=\"300\" height=\"300\" \/>\n\t\t\t<!-- Overlay Wrapper -->\n\t\t\t <!-- Overlay Wrapper Closed -->\n\t\t\t\t<\/a>\n\t\t\t\t\t\t\t<meta itemprop=\"width\" content=\"300\" \/>\n\t\t\t<meta itemprop=\"height\" content=\"300\" \/>\n\t\t\t\t<a\n\t\t\thref=\"https:\/\/gjefsjo.no\/wp-content\/uploads\/2021\/08\/dugnad-med-hv-ungdommen-pa-oss-gjefsjoen-august-2021-6-1024x768.jpg\"\n\t\t\t\t\t\tdata-fancybox=\"images\" \n\t\t\ttitle=\"dugnad-med-hv-ungdommen-pa-oss-gjefsjoen-august-2021-6\" \n\t\t\t\t\t\tdata-caption=\"\"\n\t\t\t\t\t\tdata-description=\"\" \n\t\t\titemprop=\"contentUrl\">\n\t\t\t<img loading=\"lazy\" decoding=\"async\" src=\"https:\/\/gjefsjo.no\/wp-content\/uploads\/2021\/08\/dugnad-med-hv-ungdommen-pa-oss-gjefsjoen-august-2021-6-300x300.jpg\" alt=\"\" data-no-lazy=\"1\" itemprop=\"thumbnail\" width=\"300\" height=\"300\" \/>\n\t\t\t<!-- Overlay Wrapper -->\n\t\t\t <!-- Overlay Wrapper Closed -->\n\t\t\t\t<\/a>\n\t\t\t\t\t\t\t<meta itemprop=\"width\" content=\"300\" \/>\n\t\t\t<meta itemprop=\"height\" content=\"300\" \/>\n\t<p>WW2 sabotage<\/p>\n<h2>\n\t\tOperasjon rype\n\t<\/h2>\n\t<p>In the last months of the war during spring 1945. Gjefsj\u00f8en Mountain Farm was a central location as part of the sabotage operation &#8220;Operasjon Rype&#8221;. The saboteurs had their headquarter at the farm. Operasjon Rype&#8217;s mission was to sabotage the railroad through Tr\u00f8ndelag and Sn\u00e5sa. Today Home Guard&#8217;s task force &#8220;Rype&#8221; is named after the operation.<\/p>\n\t\t\t<a href=\"https:\/\/gjefsjo.no\/en\/operasjon-rype-en\/\" target=\"_self\" role=\"button\" rel=\"noopener\">\n\t\t\t\t\t\t\tRead more about operasjon rype\n\t\t\t\t\t<\/a>\n\t<p>laget p\u00e5 lokale urter og planter fra Gjefsj\u00f8en<\/p>\n<h2>\n\t\tGjefsj\u00f8&shy;akevitt\n\t<\/h2>\n\t<p>Akevitten er destillert p\u00e5 vann, lokale urter og planter fra Gjefsj\u00f8en. Det er laget som en hyllest til \u00e6re for Operasjon Rype som opererte med base\u00a0 p\u00e5 Gjefsj\u00f8en g\u00e5rd i fjellene p\u00e5 Sn\u00e5sa i slutten av andre verdenskrig. Akevitten destilleres eksklusivt p\u00e5 Inder\u00f8y Brenneri.<\/p>\n\t\t\t<a href=\"https:\/\/gjefsjo.no\/en\/aquavit\/\" target=\"_self\" role=\"button\" rel=\"noopener\">\n\t\t\t\t\t\t\tLes mer om akevitten\n\t\t\t\t\t<\/a>\n\n","protected":false},"excerpt":{"rendered":"<p>Operasjon Rype 1945 Restoration of the headquarter The building which was headquarter for Operation Rype was in bad shape after standing empty for years. OSS Gjefsj\u00f8en has restored the building. The association OSS Gjefsj\u00f8en will convey the story of Operasjon Rype which in the final phase of World War II operated from its base on&hellip;<\/p>\n","protected":false},"author":6,"featured_media":6075,"parent":0,"menu_order":21,"comment_status":"closed","ping_status":"closed","template":"","meta":{"_acf_changed":false,"_analytify_skip_tracking":false,"footnotes":""},"class_list":["post-3804","page","type-page","status-publish","has-post-thumbnail","hentry"],"acf":[],"yoast_head":"<!-- This site is optimized with the Yoast SEO plugin v27.2 - https:\/\/yoast.com\/product\/yoast-seo-wordpress\/ -->\n<title>OSS Gjefsj\u00f8en - Gjefsj\u00f8en Fjellg\u00e5rd | Operasjon Rype headquarter<\/title>\n<meta name=\"description\" content=\"The organisation OSS Gjefsj\u00f8en has restored the building which was headquarter for Operasjon Rype at Gjefsj\u00f8en Fjellg\u00e5rd in Sn\u00e5sa during spring 1945.\" \/>\n<meta name=\"robots\" content=\"index, follow, max-snippet:-1, max-image-preview:large, max-video-preview:-1\" \/>\n<link rel=\"canonical\" href=\"https:\/\/gjefsjo.no\/en\/oss-gjefsjoen-en\/\" \/>\n<meta property=\"og:locale\" content=\"en_US\" \/>\n<meta property=\"og:type\" content=\"article\" \/>\n<meta property=\"og:title\" content=\"OSS Gjefsj\u00f8en - Gjefsj\u00f8en Fjellg\u00e5rd | Operasjon Rype headquarter\" \/>\n<meta property=\"og:description\" content=\"The organisation OSS Gjefsj\u00f8en has restored the building which was headquarter for Operasjon Rype at Gjefsj\u00f8en Fjellg\u00e5rd in Sn\u00e5sa during spring 1945.\" \/>\n<meta property=\"og:url\" content=\"https:\/\/gjefsjo.no\/en\/oss-gjefsjoen-en\/\" \/>\n<meta property=\"og:site_name\" content=\"Gjefsj\u00f8en Fjellg\u00e5rd\" \/>\n<meta property=\"article:publisher\" content=\"https:\/\/facebook.com\/gjefsjoenfjellgard\" \/>\n<meta property=\"article:modified_time\" content=\"2024-04-14T13:47:23+00:00\" \/>\n<meta property=\"og:image\" content=\"http:\/\/gjefsjo.no\/wp-content\/uploads\/2021\/01\/gjefsjo5_3.jpg\" \/>\n\t<meta property=\"og:image:width\" content=\"2000\" \/>\n\t<meta property=\"og:image:height\" content=\"779\" \/>\n\t<meta property=\"og:image:type\" content=\"image\/jpeg\" \/>\n<meta name=\"twitter:card\" content=\"summary_large_image\" \/>\n<meta name=\"twitter:label1\" content=\"Est. reading time\" \/>\n\t<meta name=\"twitter:data1\" content=\"51 minutes\" \/>\n<script type=\"application\/ld+json\" class=\"yoast-schema-graph\">{\"@context\":\"https:\/\/schema.org\",\"@graph\":[{\"@type\":\"WebPage\",\"@id\":\"https:\/\/gjefsjo.no\/en\/oss-gjefsjoen-en\/\",\"url\":\"https:\/\/gjefsjo.no\/en\/oss-gjefsjoen-en\/\",\"name\":\"OSS Gjefsj\u00f8en - Gjefsj\u00f8en Fjellg\u00e5rd | Operasjon Rype headquarter\",\"isPartOf\":{\"@id\":\"https:\/\/gjefsjo.no\/#website\"},\"primaryImageOfPage\":{\"@id\":\"https:\/\/gjefsjo.no\/en\/oss-gjefsjoen-en\/#primaryimage\"},\"image\":{\"@id\":\"https:\/\/gjefsjo.no\/en\/oss-gjefsjoen-en\/#primaryimage\"},\"thumbnailUrl\":\"https:\/\/gjefsjo.no\/wp-content\/uploads\/2021\/09\/apning-oss-gjefsjoen-foto-kristian-kapelrud-heimevernet.jpg\",\"datePublished\":\"2020-10-12T11:11:47+00:00\",\"dateModified\":\"2024-04-14T13:47:23+00:00\",\"description\":\"The organisation OSS Gjefsj\u00f8en has restored the building which was headquarter for Operasjon Rype at Gjefsj\u00f8en Fjellg\u00e5rd in Sn\u00e5sa during spring 1945.\",\"breadcrumb\":{\"@id\":\"https:\/\/gjefsjo.no\/en\/oss-gjefsjoen-en\/#breadcrumb\"},\"inLanguage\":\"en-US\",\"potentialAction\":[{\"@type\":\"ReadAction\",\"target\":[\"https:\/\/gjefsjo.no\/en\/oss-gjefsjoen-en\/\"]}]},{\"@type\":\"ImageObject\",\"inLanguage\":\"en-US\",\"@id\":\"https:\/\/gjefsjo.no\/en\/oss-gjefsjoen-en\/#primaryimage\",\"url\":\"https:\/\/gjefsjo.no\/wp-content\/uploads\/2021\/09\/apning-oss-gjefsjoen-foto-kristian-kapelrud-heimevernet.jpg\",\"contentUrl\":\"https:\/\/gjefsjo.no\/wp-content\/uploads\/2021\/09\/apning-oss-gjefsjoen-foto-kristian-kapelrud-heimevernet.jpg\",\"width\":2000,\"height\":1333,\"caption\":\"Foto: Kristian Kapelrud, Heimevernet\"},{\"@type\":\"BreadcrumbList\",\"@id\":\"https:\/\/gjefsjo.no\/en\/oss-gjefsjoen-en\/#breadcrumb\",\"itemListElement\":[{\"@type\":\"ListItem\",\"position\":1,\"name\":\"Hjem\",\"item\":\"https:\/\/gjefsjo.no\/en\/\"},{\"@type\":\"ListItem\",\"position\":2,\"name\":\"OSS Gjefsj\u00f8en\"}]},{\"@type\":\"WebSite\",\"@id\":\"https:\/\/gjefsjo.no\/#website\",\"url\":\"https:\/\/gjefsjo.no\/\",\"name\":\"Gjefsj\u00f8en Fjellg\u00e5rd\",\"description\":\"Fjellg\u00e5rd ved idylliske Gjefsj\u00f8en\",\"publisher\":{\"@id\":\"https:\/\/gjefsjo.no\/#organization\"},\"potentialAction\":[{\"@type\":\"SearchAction\",\"target\":{\"@type\":\"EntryPoint\",\"urlTemplate\":\"https:\/\/gjefsjo.no\/?s={search_term_string}\"},\"query-input\":{\"@type\":\"PropertyValueSpecification\",\"valueRequired\":true,\"valueName\":\"search_term_string\"}}],\"inLanguage\":\"en-US\"},{\"@type\":\"Organization\",\"@id\":\"https:\/\/gjefsjo.no\/#organization\",\"name\":\"Gjefsj\u00f8en Fjellg\u00e5rd\",\"url\":\"https:\/\/gjefsjo.no\/\",\"logo\":{\"@type\":\"ImageObject\",\"inLanguage\":\"en-US\",\"@id\":\"https:\/\/gjefsjo.no\/#\/schema\/logo\/image\/\",\"url\":\"\",\"contentUrl\":\"\",\"caption\":\"Gjefsj\u00f8en Fjellg\u00e5rd\"},\"image\":{\"@id\":\"https:\/\/gjefsjo.no\/#\/schema\/logo\/image\/\"},\"sameAs\":[\"https:\/\/facebook.com\/gjefsjoenfjellgard\",\"https:\/\/www.instagram.com\/gjefsjoenfjellgard\",\"https:\/\/www.linkedin.com\/in\/gjefsjo\/\",\"https:\/\/www.youtube.com\/channel\/UCOC8u2CHZHUEl20KkbPnKsA\",\"https:\/\/no.wikipedia.org\/wiki\/Gjefsjen_Fjellgrd\"]}]}<\/script>\n<!-- \/ Yoast SEO plugin. -->","yoast_head_json":{"title":"OSS Gjefsj\u00f8en - Gjefsj\u00f8en Fjellg\u00e5rd | Operasjon Rype headquarter","description":"The organisation OSS Gjefsj\u00f8en has restored the building which was headquarter for Operasjon Rype at Gjefsj\u00f8en Fjellg\u00e5rd in Sn\u00e5sa during spring 1945.","robots":{"index":"index","follow":"follow","max-snippet":"max-snippet:-1","max-image-preview":"max-image-preview:large","max-video-preview":"max-video-preview:-1"},"canonical":"https:\/\/gjefsjo.no\/en\/oss-gjefsjoen-en\/","og_locale":"en_US","og_type":"article","og_title":"OSS Gjefsj\u00f8en - Gjefsj\u00f8en Fjellg\u00e5rd | Operasjon Rype headquarter","og_description":"The organisation OSS Gjefsj\u00f8en has restored the building which was headquarter for Operasjon Rype at Gjefsj\u00f8en Fjellg\u00e5rd in Sn\u00e5sa during spring 1945.","og_url":"https:\/\/gjefsjo.no\/en\/oss-gjefsjoen-en\/","og_site_name":"Gjefsj\u00f8en Fjellg\u00e5rd","article_publisher":"https:\/\/facebook.com\/gjefsjoenfjellgard","article_modified_time":"2024-04-14T13:47:23+00:00","og_image":[{"width":2000,"height":779,"url":"http:\/\/gjefsjo.no\/wp-content\/uploads\/2021\/01\/gjefsjo5_3.jpg","type":"image\/jpeg"}],"twitter_card":"summary_large_image","twitter_misc":{"Est. reading time":"51 minutes"},"schema":{"@context":"https:\/\/schema.org","@graph":[{"@type":"WebPage","@id":"https:\/\/gjefsjo.no\/en\/oss-gjefsjoen-en\/","url":"https:\/\/gjefsjo.no\/en\/oss-gjefsjoen-en\/","name":"OSS Gjefsj\u00f8en - Gjefsj\u00f8en Fjellg\u00e5rd | Operasjon Rype headquarter","isPartOf":{"@id":"https:\/\/gjefsjo.no\/#website"},"primaryImageOfPage":{"@id":"https:\/\/gjefsjo.no\/en\/oss-gjefsjoen-en\/#primaryimage"},"image":{"@id":"https:\/\/gjefsjo.no\/en\/oss-gjefsjoen-en\/#primaryimage"},"thumbnailUrl":"https:\/\/gjefsjo.no\/wp-content\/uploads\/2021\/09\/apning-oss-gjefsjoen-foto-kristian-kapelrud-heimevernet.jpg","datePublished":"2020-10-12T11:11:47+00:00","dateModified":"2024-04-14T13:47:23+00:00","description":"The organisation OSS Gjefsj\u00f8en has restored the building which was headquarter for Operasjon Rype at Gjefsj\u00f8en Fjellg\u00e5rd in Sn\u00e5sa during spring 1945.","breadcrumb":{"@id":"https:\/\/gjefsjo.no\/en\/oss-gjefsjoen-en\/#breadcrumb"},"inLanguage":"en-US","potentialAction":[{"@type":"ReadAction","target":["https:\/\/gjefsjo.no\/en\/oss-gjefsjoen-en\/"]}]},{"@type":"ImageObject","inLanguage":"en-US","@id":"https:\/\/gjefsjo.no\/en\/oss-gjefsjoen-en\/#primaryimage","url":"https:\/\/gjefsjo.no\/wp-content\/uploads\/2021\/09\/apning-oss-gjefsjoen-foto-kristian-kapelrud-heimevernet.jpg","contentUrl":"https:\/\/gjefsjo.no\/wp-content\/uploads\/2021\/09\/apning-oss-gjefsjoen-foto-kristian-kapelrud-heimevernet.jpg","width":2000,"height":1333,"caption":"Foto: Kristian Kapelrud, Heimevernet"},{"@type":"BreadcrumbList","@id":"https:\/\/gjefsjo.no\/en\/oss-gjefsjoen-en\/#breadcrumb","itemListElement":[{"@type":"ListItem","position":1,"name":"Hjem","item":"https:\/\/gjefsjo.no\/en\/"},{"@type":"ListItem","position":2,"name":"OSS Gjefsj\u00f8en"}]},{"@type":"WebSite","@id":"https:\/\/gjefsjo.no\/#website","url":"https:\/\/gjefsjo.no\/","name":"Gjefsj\u00f8en Fjellg\u00e5rd","description":"Fjellg\u00e5rd ved idylliske Gjefsj\u00f8en","publisher":{"@id":"https:\/\/gjefsjo.no\/#organization"},"potentialAction":[{"@type":"SearchAction","target":{"@type":"EntryPoint","urlTemplate":"https:\/\/gjefsjo.no\/?s={search_term_string}"},"query-input":{"@type":"PropertyValueSpecification","valueRequired":true,"valueName":"search_term_string"}}],"inLanguage":"en-US"},{"@type":"Organization","@id":"https:\/\/gjefsjo.no\/#organization","name":"Gjefsj\u00f8en Fjellg\u00e5rd","url":"https:\/\/gjefsjo.no\/","logo":{"@type":"ImageObject","inLanguage":"en-US","@id":"https:\/\/gjefsjo.no\/#\/schema\/logo\/image\/","url":"","contentUrl":"","caption":"Gjefsj\u00f8en Fjellg\u00e5rd"},"image":{"@id":"https:\/\/gjefsjo.no\/#\/schema\/logo\/image\/"},"sameAs":["https:\/\/facebook.com\/gjefsjoenfjellgard","https:\/\/www.instagram.com\/gjefsjoenfjellgard","https:\/\/www.linkedin.com\/in\/gjefsjo\/","https:\/\/www.youtube.com\/channel\/UCOC8u2CHZHUEl20KkbPnKsA","https:\/\/no.wikipedia.org\/wiki\/Gjefsjen_Fjellgrd"]}]}},"_links":{"self":[{"href":"https:\/\/gjefsjo.no\/en\/wp-json\/wp\/v2\/pages\/3804","targetHints":{"allow":["GET"]}}],"collection":[{"href":"https:\/\/gjefsjo.no\/en\/wp-json\/wp\/v2\/pages"}],"about":[{"href":"https:\/\/gjefsjo.no\/en\/wp-json\/wp\/v2\/types\/page"}],"author":[{"embeddable":true,"href":"https:\/\/gjefsjo.no\/en\/wp-json\/wp\/v2\/users\/6"}],"replies":[{"embeddable":true,"href":"https:\/\/gjefsjo.no\/en\/wp-json\/wp\/v2\/comments?post=3804"}],"version-history":[{"count":0,"href":"https:\/\/gjefsjo.no\/en\/wp-json\/wp\/v2\/pages\/3804\/revisions"}],"wp:featuredmedia":[{"embeddable":true,"href":"https:\/\/gjefsjo.no\/en\/wp-json\/wp\/v2\/media\/6075"}],"wp:attachment":[{"href":"https:\/\/gjefsjo.no\/en\/wp-json\/wp\/v2\/media?parent=3804"}],"curies":[{"name":"wp","href":"https:\/\/api.w.org\/{rel}","templated":true}]}}